{"id":250939,"date":"2025-01-08T10:30:00","date_gmt":"2025-01-08T13:30:00","guid":{"rendered":"https:\/\/www.fundaciontierraaustral.cl\/nueva\/?post_type=project&#038;p=250939"},"modified":"2025-04-23T12:18:53","modified_gmt":"2025-04-23T16:18:53","slug":"reserva-natural-san-jorge","status":"publish","type":"project","link":"https:\/\/www.fundaciontierraaustral.cl\/eng\/proyectos\/reserva-natural-san-jorge\/","title":{"rendered":"Reserva Natural San Jorge"},"content":{"rendered":"<p>[et_pb_section fb_built=\u00bb1&#8243; fullwidth=\u00bbon\u00bb _builder_version=\u00bb4.27.4&#8243; _module_preset=\u00bbdefault\u00bb da_disable_devices=\u00bboff|off|off\u00bb global_colors_info=\u00bb{}\u00bb da_is_popup=\u00bboff\u00bb da_exit_intent=\u00bboff\u00bb da_has_close=\u00bbon\u00bb da_alt_close=\u00bboff\u00bb da_dark_close=\u00bboff\u00bb da_not_modal=\u00bbon\u00bb da_is_singular=\u00bboff\u00bb da_with_loader=\u00bboff\u00bb da_has_shadow=\u00bbon\u00bb][et_pb_fullwidth_slider use_bg_overlay=\u00bboff\u00bb _builder_version=\u00bb4.27.4&#8243; _module_preset=\u00bbdefault\u00bb header_font=\u00bbABC Arizona Regular||||||||\u00bb min_height=\u00bb50vh\u00bb custom_padding=\u00bb||||false|false\u00bb auto=\u00bbon\u00bb auto_speed=\u00bb5000&#8243; global_colors_info=\u00bb{}\u00bb][et_pb_slide heading=\u00bb@ET-DC@eyJkeW5hbWljIjp0cnVlLCJjb250ZW50IjoicG9zdF90aXRsZSIsInNldHRpbmdzIjp7ImJlZm9yZSI6IiIsImFmdGVyIjoiIn19@\u00bb use_bg_overlay=\u00bboff\u00bb _builder_version=\u00bb4.27.4&#8243; _dynamic_attributes=\u00bbheading\u00bb _module_preset=\u00bbdefault\u00bb background_enable_color=\u00bboff\u00bb background_image=\u00bbhttps:\/\/www.fundaciontierraaustral.cl\/nueva\/wp-content\/uploads\/2025\/03\/Portada-10.jpg\u00bb background_enable_image=\u00bbon\u00bb parallax=\u00bbon\u00bb global_colors_info=\u00bb{}\u00bb sticky_transition=\u00bbon\u00bb][\/et_pb_slide][\/et_pb_fullwidth_slider][\/et_pb_section][et_pb_section fb_built=\u00bb1&#8243; _builder_version=\u00bb4.27.4&#8243; _module_preset=\u00bbdefault\u00bb background_color=\u00bb#fdfbf5&#8243; custom_padding=\u00bb0px||0px||false|false\u00bb da_disable_devices=\u00bboff|off|off\u00bb global_colors_info=\u00bb{}\u00bb da_is_popup=\u00bboff\u00bb da_exit_intent=\u00bboff\u00bb da_has_close=\u00bbon\u00bb da_alt_close=\u00bboff\u00bb da_dark_close=\u00bboff\u00bb da_not_modal=\u00bbon\u00bb da_is_singular=\u00bboff\u00bb da_with_loader=\u00bboff\u00bb da_has_shadow=\u00bbon\u00bb][et_pb_row _builder_version=\u00bb4.27.4&#8243; _module_preset=\u00bbdefault\u00bb custom_padding=\u00bb25px||0px||false|false\u00bb global_colors_info=\u00bb{}\u00bb][et_pb_column type=\u00bb4_4&#8243; _builder_version=\u00bb4.27.4&#8243; _module_preset=\u00bbdefault\u00bb global_colors_info=\u00bb{}\u00bb][et_pb_text _builder_version=\u00bb4.27.4&#8243; _module_preset=\u00bbdefault\u00bb text_font=\u00bb&#8211;et_global_body_font||||||||\u00bb text_text_color=\u00bb#233428&#8243; text_font_size=\u00bb13px\u00bb text_orientation=\u00bbcenter\u00bb global_colors_info=\u00bb{}\u00bb]<\/p>\n<p><strong>UBICACI\u00d3N:<\/strong> Quilpu\u00e9, Regi\u00f3n de Valpara\u00edso \u00a0 \u00a0 <strong>SUPERFICIE PROTEGIDA:<\/strong> 76 ha<\/p>\n<p>[\/et_pb_text][et_pb_text _builder_version=\u00bb4.27.4&#8243; _dynamic_attributes=\u00bbcontent\u00bb _module_preset=\u00bbdefault\u00bb text_font=\u00bb&#8211;et_global_body_font|||on|||||\u00bb text_text_color=\u00bb#233428&#8243; text_font_size=\u00bb13px\u00bb link_font=\u00bb&#8211;et_global_body_font||||||||\u00bb link_text_color=\u00bb#000000&#8243; text_orientation=\u00bbcenter\u00bb link_font_last_edited=\u00bboff|desktop\u00bb custom_css_free_form=\u00bbselector a:hover { text-decoration:underline; text-underline-offset:3px;}\u00bb global_colors_info=\u00bb{}\u00bb]@ET-DC@eyJkeW5hbWljIjp0cnVlLCJjb250ZW50IjoicG9zdF90aXRsZSIsInNldHRpbmdzIjp7ImJlZm9yZSI6IjxhIGhyZWY9XCIvbnVldmEvdGllcnJhcy1wcm90ZWdpZGFzL1wiPlRpZXJyYXMgcHJvdGVnaWRhczwvYT4gLyAiLCJhZnRlciI6IiJ9fQ==@[\/et_pb_text][\/et_pb_column][\/et_pb_row][et_pb_row use_custom_gutter=\u00bbon\u00bb gutter_width=\u00bb2&#8243; _builder_version=\u00bb4.27.4&#8243; _module_preset=\u00bbdefault\u00bb global_colors_info=\u00bb{}\u00bb][et_pb_column type=\u00bb4_4&#8243; _builder_version=\u00bb4.27.4&#8243; _module_preset=\u00bbdefault\u00bb global_colors_info=\u00bb{}\u00bb][et_pb_text _builder_version=\u00bb4.27.4&#8243; _module_preset=\u00bbdefault\u00bb header_2_font=\u00bb&#8211;et_global_heading_font||||||||\u00bb header_2_text_align=\u00bbcenter\u00bb header_2_text_color=\u00bb#233428&#8243; header_2_font_size=\u00bb36px\u00bb header_2_line_height=\u00bb1.2em\u00bb max_width=\u00bb870px\u00bb module_alignment=\u00bbcenter\u00bb custom_margin=\u00bb||||false|false\u00bb global_colors_info=\u00bb{}\u00bb]<\/p>\n<h2>Se trata de un territorio de 76 hect\u00e1reas, en la Regi\u00f3n de Valpara\u00edso, que ser\u00e1 protegido para siempre y ayudar\u00e1 a conservar parte del ecosistema mediterr\u00e1neo de Chile Central.<\/h2>\n<p>[\/et_pb_text][et_pb_text _builder_version=\u00bb4.27.4&#8243; _module_preset=\u00bbdefault\u00bb text_text_color=\u00bb#161616&#8243; text_font_size=\u00bb15px\u00bb text_orientation=\u00bbcenter\u00bb max_width=\u00bb760px\u00bb module_alignment=\u00bbcenter\u00bb global_colors_info=\u00bb{}\u00bb]<\/p>\n<p>Firmamos un nuevo acuerdo de Derecho Real de Conservaci\u00f3n (DRC) en Quilpu\u00e9, en la Regi\u00f3n de Valpara\u00edso. Se trata de un territorio de 76 hect\u00e1reas que ser\u00e1 protegido para siempre y ayudar\u00e1 a conservar parte del ecosistema mediterr\u00e1neo de Chile Central. Con un alto valor ecol\u00f3gico, en esta zona se pueden encontrar distintas especies nativas y end\u00e9micas; la gran mayor\u00eda en riesgo o amenazadas por la actividad humana. Esta iniciativa forma parte del proyecto Boldo Cantillana.<\/p>\n<p>[\/et_pb_text][et_pb_button button_text=\u00bbVisita la web del proyecto\u00bb button_alignment=\u00bbcenter\u00bb _builder_version=\u00bb4.27.4&#8243; _module_preset=\u00bbdefault\u00bb custom_button=\u00bbon\u00bb button_text_size=\u00bb15px\u00bb button_text_color=\u00bb#FFFFFF\u00bb button_bg_color=\u00bb#00541d\u00bb button_border_width=\u00bb0px\u00bb button_border_radius=\u00bb10px\u00bb button_letter_spacing=\u00bb1px\u00bb hover_enabled=\u00bb0&#8243; global_colors_info=\u00bb{}\u00bb theme_builder_area=\u00bbpost_content\u00bb custom_margin=\u00bb25px||||false|false\u00bb button_url=\u00bbhttps:\/\/www.fundacionreservasanjorge.cl\/\u00bb url_new_window=\u00bbon\u00bb sticky_enabled=\u00bb0&#8243;][\/et_pb_button][\/et_pb_column][\/et_pb_row][et_pb_row column_structure=\u00bb1_3,1_3,1_3&#8243; use_custom_gutter=\u00bbon\u00bb gutter_width=\u00bb2&#8243; make_equal=\u00bbon\u00bb _builder_version=\u00bb4.27.4&#8243; _module_preset=\u00bbdefault\u00bb custom_margin=\u00bb||||false|false\u00bb custom_padding=\u00bb||||false|false\u00bb global_colors_info=\u00bb{}\u00bb][et_pb_column type=\u00bb1_3&#8243; _builder_version=\u00bb4.27.4&#8243; _module_preset=\u00bbdefault\u00bb global_colors_info=\u00bb{}\u00bb][et_pb_number_counter title=\u00bbHect\u00e1reas\u00bb number=\u00bb142&#8243; percent_sign=\u00bboff\u00bb _builder_version=\u00bb4.27.4&#8243; _module_preset=\u00bbdefault\u00bb title_text_color=\u00bb#000000&#8243; number_font=\u00bbMontserrat|300|||||||\u00bb number_text_color=\u00bb#00541d\u00bb background_color=\u00bb#f1f0ea\u00bb min_height=\u00bb240px\u00bb custom_padding=\u00bb50px|50px|50px|50px|false|false\u00bb custom_css_number_counter_title=\u00bbmax-width:170px;||margin:0 auto;\u00bb border_radii=\u00bbon|15px|15px|15px|15px\u00bb global_colors_info=\u00bb{}\u00bb][\/et_pb_number_counter][\/et_pb_column][et_pb_column type=\u00bb1_3&#8243; _builder_version=\u00bb4.27.4&#8243; _module_preset=\u00bbdefault\u00bb global_colors_info=\u00bb{}\u00bb][et_pb_number_counter title=\u00bbProtegido\u00bb number=\u00bb53&#8243; _builder_version=\u00bb4.27.4&#8243; _module_preset=\u00bbdefault\u00bb title_text_color=\u00bb#000000&#8243; number_font=\u00bbMontserrat|300|||||||\u00bb number_text_color=\u00bb#00541d\u00bb background_color=\u00bb#f1f0ea\u00bb min_height=\u00bb240px\u00bb custom_padding=\u00bb50px|50px|50px|50px|false|false\u00bb custom_css_number_counter_title=\u00bbmax-width:170px;||margin:0 auto;\u00bb border_radii=\u00bbon|15px|15px|15px|15px\u00bb global_colors_info=\u00bb{}\u00bb][\/et_pb_number_counter][\/et_pb_column][et_pb_column type=\u00bb1_3&#8243; _builder_version=\u00bb4.27.4&#8243; _module_preset=\u00bbdefault\u00bb global_colors_info=\u00bb{}\u00bb][et_pb_number_counter title=\u00bbEspecies en categor\u00eda de conservaci\u00f3n\u00bb number=\u00bb18&#8243; percent_sign=\u00bboff\u00bb _builder_version=\u00bb4.27.4&#8243; _module_preset=\u00bbdefault\u00bb title_text_color=\u00bb#000000&#8243; number_font=\u00bbMontserrat|300|||||||\u00bb number_text_color=\u00bb#00541d\u00bb background_color=\u00bb#f1f0ea\u00bb min_height=\u00bb240px\u00bb custom_padding=\u00bb50px|50px|50px|50px|false|false\u00bb custom_css_number_counter_title=\u00bbmax-width:170px;||margin:0 auto;\u00bb border_radii=\u00bbon|15px|15px|15px|15px\u00bb global_colors_info=\u00bb{}\u00bb][\/et_pb_number_counter][\/et_pb_column][\/et_pb_row][et_pb_row use_custom_gutter=\u00bbon\u00bb gutter_width=\u00bb1&#8243; _builder_version=\u00bb4.27.4&#8243; _module_preset=\u00bbdefault\u00bb width=\u00bb100%\u00bb max_width=\u00bb100%\u00bb custom_padding=\u00bb||0px||false|false\u00bb global_colors_info=\u00bb{}\u00bb][et_pb_column type=\u00bb4_4&#8243; _builder_version=\u00bb4.27.4&#8243; _module_preset=\u00bbdefault\u00bb global_colors_info=\u00bb{}\u00bb][et_pb_gallery gallery_ids=\u00bb252329,252337,252336,252335,252334,252333,252332,252330&#8243; posts_number=\u00bb24&#8243; show_title_and_caption=\u00bboff\u00bb zoom_icon_color=\u00bbrgba(255,255,255,0)\u00bb hover_overlay_color=\u00bbrgba(0,0,0,0.1)\u00bb _builder_version=\u00bb4.27.4&#8243; _module_preset=\u00bbdefault\u00bb custom_css_gallery_item=\u00bbmargin-top:-1px;\u00bb global_colors_info=\u00bb{}\u00bb][\/et_pb_gallery][\/et_pb_column][\/et_pb_row][\/et_pb_section]<\/p>\n","protected":false},"excerpt":{"rendered":"<p><span class=\"title-extract\">Location<\/span>Quilpu\u00e9, Valpara\u00edso Region.<\/p>","protected":false},"author":1,"featured_media":252326,"comment_status":"closed","ping_status":"closed","template":"","meta":{"_et_pb_use_builder":"on","_et_pb_old_content":"<!-- wp:divi\/placeholder \/-->","_et_gb_content_width":"","inline_featured_image":false,"footnotes":""},"project_category":[9],"project_tag":[],"class_list":["post-250939","project","type-project","status-publish","has-post-thumbnail","hentry","project_category-chile-central"],"_links":{"self":[{"href":"https:\/\/www.fundaciontierraaustral.cl\/eng\/wp-json\/wp\/v2\/project\/250939","targetHints":{"allow":["GET"]}}],"collection":[{"href":"https:\/\/www.fundaciontierraaustral.cl\/eng\/wp-json\/wp\/v2\/project"}],"about":[{"href":"https:\/\/www.fundaciontierraaustral.cl\/eng\/wp-json\/wp\/v2\/types\/project"}],"author":[{"embeddable":true,"href":"https:\/\/www.fundaciontierraaustral.cl\/eng\/wp-json\/wp\/v2\/users\/1"}],"replies":[{"embeddable":true,"href":"https:\/\/www.fundaciontierraaustral.cl\/eng\/wp-json\/wp\/v2\/comments?post=250939"}],"version-history":[{"count":17,"href":"https:\/\/www.fundaciontierraaustral.cl\/eng\/wp-json\/wp\/v2\/project\/250939\/revisions"}],"predecessor-version":[{"id":253759,"href":"https:\/\/www.fundaciontierraaustral.cl\/eng\/wp-json\/wp\/v2\/project\/250939\/revisions\/253759"}],"wp:featuredmedia":[{"embeddable":true,"href":"https:\/\/www.fundaciontierraaustral.cl\/eng\/wp-json\/wp\/v2\/media\/252326"}],"wp:attachment":[{"href":"https:\/\/www.fundaciontierraaustral.cl\/eng\/wp-json\/wp\/v2\/media?parent=250939"}],"wp:term":[{"taxonomy":"project_category","embeddable":true,"href":"https:\/\/www.fundaciontierraaustral.cl\/eng\/wp-json\/wp\/v2\/project_category?post=250939"},{"taxonomy":"project_tag","embeddable":true,"href":"https:\/\/www.fundaciontierraaustral.cl\/eng\/wp-json\/wp\/v2\/project_tag?post=250939"}],"curies":[{"name":"wp","href":"https:\/\/api.w.org\/{rel}","templated":true}]}}