{"id":250511,"date":"2025-02-27T10:11:55","date_gmt":"2025-02-27T13:11:55","guid":{"rendered":"https:\/\/www.fundaciontierraaustral.cl\/nueva\/?post_type=project&#038;p=250511"},"modified":"2025-04-22T17:12:28","modified_gmt":"2025-04-22T21:12:28","slug":"rio-chico","status":"publish","type":"project","link":"https:\/\/www.fundaciontierraaustral.cl\/eng\/proyectos\/rio-chico\/","title":{"rendered":"R\u00edo Chico"},"content":{"rendered":"<p>[et_pb_section fb_built=\u00bb1&#8243; fullwidth=\u00bbon\u00bb _builder_version=\u00bb4.27.4&#8243; _module_preset=\u00bbdefault\u00bb da_disable_devices=\u00bboff|off|off\u00bb global_colors_info=\u00bb{}\u00bb da_is_popup=\u00bboff\u00bb da_exit_intent=\u00bboff\u00bb da_has_close=\u00bbon\u00bb da_alt_close=\u00bboff\u00bb da_dark_close=\u00bboff\u00bb da_not_modal=\u00bbon\u00bb da_is_singular=\u00bboff\u00bb da_with_loader=\u00bboff\u00bb da_has_shadow=\u00bbon\u00bb][et_pb_fullwidth_slider use_bg_overlay=\u00bbon\u00bb bg_overlay_color=\u00bb#000000&#8243; _builder_version=\u00bb4.27.4&#8243; _module_preset=\u00bbdefault\u00bb header_font=\u00bbABC Arizona Regular||||||||\u00bb min_height=\u00bb50vh\u00bb custom_padding=\u00bb||||false|false\u00bb auto=\u00bbon\u00bb auto_speed=\u00bb5000&#8243; global_colors_info=\u00bb{}\u00bb][et_pb_slide heading=\u00bb@ET-DC@eyJkeW5hbWljIjp0cnVlLCJjb250ZW50IjoicG9zdF90aXRsZSIsInNldHRpbmdzIjp7ImJlZm9yZSI6IiIsImFmdGVyIjoiIn19@\u00bb use_bg_overlay=\u00bboff\u00bb _builder_version=\u00bb4.27.4&#8243; _dynamic_attributes=\u00bbheading\u00bb _module_preset=\u00bbdefault\u00bb background_enable_color=\u00bboff\u00bb background_image=\u00bbhttps:\/\/www.fundaciontierraaustral.cl\/nueva\/wp-content\/uploads\/2025\/02\/Portada-2.jpg\u00bb background_enable_image=\u00bbon\u00bb parallax=\u00bbon\u00bb max_width=\u00bb550px\u00bb global_colors_info=\u00bb{}\u00bb sticky_transition=\u00bbon\u00bb][\/et_pb_slide][\/et_pb_fullwidth_slider][\/et_pb_section][et_pb_section fb_built=\u00bb1&#8243; _builder_version=\u00bb4.27.4&#8243; _module_preset=\u00bbdefault\u00bb background_color=\u00bb#fdfbf5&#8243; custom_padding=\u00bb0px||0px||false|false\u00bb da_disable_devices=\u00bboff|off|off\u00bb global_colors_info=\u00bb{}\u00bb da_is_popup=\u00bboff\u00bb da_exit_intent=\u00bboff\u00bb da_has_close=\u00bbon\u00bb da_alt_close=\u00bboff\u00bb da_dark_close=\u00bboff\u00bb da_not_modal=\u00bbon\u00bb da_is_singular=\u00bboff\u00bb da_with_loader=\u00bboff\u00bb da_has_shadow=\u00bbon\u00bb][et_pb_row _builder_version=\u00bb4.27.4&#8243; _module_preset=\u00bbdefault\u00bb custom_padding=\u00bb25px||0px||false|false\u00bb global_colors_info=\u00bb{}\u00bb][et_pb_column type=\u00bb4_4&#8243; _builder_version=\u00bb4.27.4&#8243; _module_preset=\u00bbdefault\u00bb global_colors_info=\u00bb{}\u00bb][et_pb_text _builder_version=\u00bb4.27.4&#8243; _module_preset=\u00bbdefault\u00bb text_font=\u00bb&#8211;et_global_body_font||||||||\u00bb text_text_color=\u00bb#233428&#8243; text_font_size=\u00bb13px\u00bb text_orientation=\u00bbcenter\u00bb global_colors_info=\u00bb{}\u00bb]<\/p>\n<p><strong>UBICACI\u00d3N:<\/strong> Futaleuf\u00fa, Regi\u00f3n de Los Lagos \u00a0 \u00a0 <strong>SUPERFICIE PROTEGIDA:<\/strong> 1 ha<\/p>\n<p>[\/et_pb_text][et_pb_text _builder_version=\u00bb4.27.4&#8243; _dynamic_attributes=\u00bbcontent\u00bb _module_preset=\u00bbdefault\u00bb text_font=\u00bb&#8211;et_global_body_font|||on|||||\u00bb text_text_color=\u00bb#233428&#8243; text_font_size=\u00bb13px\u00bb link_font=\u00bb&#8211;et_global_body_font||||||||\u00bb link_text_color=\u00bb#000000&#8243; text_orientation=\u00bbcenter\u00bb hover_enabled=\u00bb0&#8243; link_font_last_edited=\u00bboff|desktop\u00bb custom_css_free_form=\u00bbselector a:hover { text-decoration:underline; text-underline-offset:3px;}\u00bb global_colors_info=\u00bb{}\u00bb sticky_enabled=\u00bb0&#8243;]@ET-DC@eyJkeW5hbWljIjp0cnVlLCJjb250ZW50IjoicG9zdF90aXRsZSIsInNldHRpbmdzIjp7ImJlZm9yZSI6IjxhIGhyZWY9XCIvbnVldmEvdGllcnJhcy1wcm90ZWdpZGFzL1wiPlRpZXJyYXMgcHJvdGVnaWRhczwvYT4gLyAiLCJhZnRlciI6IiJ9fQ==@[\/et_pb_text][\/et_pb_column][\/et_pb_row][et_pb_row use_custom_gutter=\u00bbon\u00bb gutter_width=\u00bb2&#8243; _builder_version=\u00bb4.27.4&#8243; _module_preset=\u00bbdefault\u00bb global_colors_info=\u00bb{}\u00bb][et_pb_column type=\u00bb4_4&#8243; _builder_version=\u00bb4.27.4&#8243; _module_preset=\u00bbdefault\u00bb global_colors_info=\u00bb{}\u00bb][et_pb_text _builder_version=\u00bb4.27.4&#8243; _module_preset=\u00bbdefault\u00bb header_2_font=\u00bb&#8211;et_global_heading_font||||||||\u00bb header_2_text_align=\u00bbcenter\u00bb header_2_text_color=\u00bb#233428&#8243; header_2_font_size=\u00bb36px\u00bb header_2_line_height=\u00bb1.2em\u00bb max_width=\u00bb870px\u00bb module_alignment=\u00bbcenter\u00bb custom_margin=\u00bb||||false|false\u00bb global_colors_info=\u00bb{}\u00bb]<\/p>\n<h2>Esta iniciativa de conservaci\u00f3n forma parte de los esfuerzos para proteger las riberas de Futaleuf\u00fa a trav\u00e9s de acuerdos de Derecho Real de Conservaci\u00f3n (DRC). El proyecto se lleva a cabo en colaboraci\u00f3n con la organizaci\u00f3n Futaleuf\u00fa Riverkeeper.<\/h2>\n<p>[\/et_pb_text][et_pb_text _builder_version=\u00bb4.27.4&#8243; _module_preset=\u00bbdefault\u00bb text_text_color=\u00bb#161616&#8243; text_font_size=\u00bb15px\u00bb link_text_color=\u00bb#000000&#8243; text_orientation=\u00bbcenter\u00bb max_width=\u00bb760px\u00bb module_alignment=\u00bbcenter\u00bb global_colors_info=\u00bb{}\u00bb]<\/p>\n<p>Este trabajo es el inicio de una conservaci\u00f3n a escala de paisaje que busca proteger la flora, fauna y el valor paisaj\u00edstico del R\u00edo Futaleuf\u00fa y sus afluentes. La zona forma parte de la Reserva de la Biosfera \u201cBosques Templados Lluviosos de los Andes Australes\u201d, declarada por UNESCO y es una Zona de Inter\u00e9s Tur\u00edstico (ZOIT). En esta \u00e1rea se destacan especies como el coig\u00fce (<em>Nothofagus dombeyi<\/em>), el puma (<em>Puma concolor<\/em>), la g\u00fci\u00f1a (<em>Leopardus guigna<\/em>) y el huemul (<em>Hippocamelus bisulcus<\/em>).<\/p>\n<p>Este proyecto es un trabajo en conjunto entre Fundaci\u00f3n Tierra Austral y <a href=\"https:\/\/futaleufuriverkeeper.org\/\" target=\"_blank;\">Futaleuf\u00fa Riverkeeper<\/a>, organizaci\u00f3n sin fines de lucro miembro de la Alianza Waterkeeper, red internacional que trabaja para proteger los cursos de agua de nuestro planeta.<\/p>\n<p>[\/et_pb_text][\/et_pb_column][\/et_pb_row][et_pb_row column_structure=\u00bb1_3,1_3,1_3&#8243; use_custom_gutter=\u00bbon\u00bb gutter_width=\u00bb2&#8243; make_equal=\u00bbon\u00bb _builder_version=\u00bb4.27.4&#8243; _module_preset=\u00bbdefault\u00bb custom_margin=\u00bb||||false|false\u00bb custom_padding=\u00bb||||false|false\u00bb global_colors_info=\u00bb{}\u00bb][et_pb_column type=\u00bb1_3&#8243; _builder_version=\u00bb4.27.4&#8243; _module_preset=\u00bbdefault\u00bb global_colors_info=\u00bb{}\u00bb][et_pb_number_counter title=\u00bbHect\u00e1reas\u00bb number=\u00bb1&#8243; percent_sign=\u00bboff\u00bb _builder_version=\u00bb4.27.4&#8243; _module_preset=\u00bbdefault\u00bb title_text_color=\u00bb#000000&#8243; number_font=\u00bbMontserrat|300|||||||\u00bb number_text_color=\u00bb#00541d\u00bb background_color=\u00bb#f1f0ea\u00bb min_height=\u00bb240px\u00bb custom_padding=\u00bb50px|50px|50px|50px|false|false\u00bb custom_css_number_counter_title=\u00bbmax-width:170px;||margin:0 auto;\u00bb border_radii=\u00bbon|15px|15px|15px|15px\u00bb global_colors_info=\u00bb{}\u00bb][\/et_pb_number_counter][\/et_pb_column][et_pb_column type=\u00bb1_3&#8243; _builder_version=\u00bb4.27.4&#8243; _module_preset=\u00bbdefault\u00bb global_colors_info=\u00bb{}\u00bb][et_pb_number_counter title=\u00bbProtegido\u00bb number=\u00bb100&#8243; _builder_version=\u00bb4.27.4&#8243; _module_preset=\u00bbdefault\u00bb title_text_color=\u00bb#000000&#8243; number_font=\u00bbMontserrat|300|||||||\u00bb number_text_color=\u00bb#00541d\u00bb background_color=\u00bb#f1f0ea\u00bb min_height=\u00bb240px\u00bb custom_padding=\u00bb50px|50px|50px|50px|false|false\u00bb custom_css_number_counter_title=\u00bbmax-width:170px;||margin:0 auto;\u00bb border_radii=\u00bbon|15px|15px|15px|15px\u00bb global_colors_info=\u00bb{}\u00bb][\/et_pb_number_counter][\/et_pb_column][et_pb_column type=\u00bb1_3&#8243; _builder_version=\u00bb4.27.4&#8243; _module_preset=\u00bbdefault\u00bb global_colors_info=\u00bb{}\u00bb][et_pb_number_counter title=\u00bbEspecies en categor\u00eda de conservaci\u00f3n\u00bb number=\u00bb4&#8243; percent_sign=\u00bboff\u00bb _builder_version=\u00bb4.27.4&#8243; _module_preset=\u00bbdefault\u00bb title_text_color=\u00bb#000000&#8243; number_font=\u00bbMontserrat|300|||||||\u00bb number_text_color=\u00bb#00541d\u00bb background_color=\u00bb#f1f0ea\u00bb min_height=\u00bb240px\u00bb custom_padding=\u00bb50px|50px|50px|50px|false|false\u00bb custom_css_number_counter_title=\u00bbmax-width:170px;||margin:0 auto;\u00bb border_radii=\u00bbon|15px|15px|15px|15px\u00bb global_colors_info=\u00bb{}\u00bb][\/et_pb_number_counter][\/et_pb_column][\/et_pb_row][et_pb_row use_custom_gutter=\u00bbon\u00bb gutter_width=\u00bb1&#8243; _builder_version=\u00bb4.27.4&#8243; _module_preset=\u00bbdefault\u00bb width=\u00bb100%\u00bb max_width=\u00bb100%\u00bb custom_padding=\u00bb||0px||false|false\u00bb global_colors_info=\u00bb{}\u00bb][et_pb_column type=\u00bb4_4&#8243; _builder_version=\u00bb4.27.4&#8243; _module_preset=\u00bbdefault\u00bb global_colors_info=\u00bb{}\u00bb][et_pb_gallery gallery_ids=\u00bb252260,252267,252266,252265,252264,252263,252262,252261&#8243; posts_number=\u00bb24&#8243; show_title_and_caption=\u00bboff\u00bb zoom_icon_color=\u00bbrgba(255,255,255,0)\u00bb hover_overlay_color=\u00bbrgba(0,0,0,0.1)\u00bb _builder_version=\u00bb4.27.4&#8243; _module_preset=\u00bbdefault\u00bb custom_css_gallery_item=\u00bbmargin-top:-1px;\u00bb global_colors_info=\u00bb{}\u00bb][\/et_pb_gallery][\/et_pb_column][\/et_pb_row][\/et_pb_section]<\/p>\n","protected":false},"excerpt":{"rendered":"<p><span class=\"title-extract\">Location<\/span>Futaleuf\u00fa, Los Lagos Region<\/p>","protected":false},"author":1,"featured_media":252269,"comment_status":"closed","ping_status":"closed","template":"","meta":{"_et_pb_use_builder":"on","_et_pb_old_content":"<!-- wp:divi\/placeholder \/-->","_et_gb_content_width":"","inline_featured_image":false,"footnotes":""},"project_category":[10],"project_tag":[],"class_list":["post-250511","project","type-project","status-publish","has-post-thumbnail","hentry","project_category-zona-sur-y-patagonia"],"_links":{"self":[{"href":"https:\/\/www.fundaciontierraaustral.cl\/eng\/wp-json\/wp\/v2\/project\/250511","targetHints":{"allow":["GET"]}}],"collection":[{"href":"https:\/\/www.fundaciontierraaustral.cl\/eng\/wp-json\/wp\/v2\/project"}],"about":[{"href":"https:\/\/www.fundaciontierraaustral.cl\/eng\/wp-json\/wp\/v2\/types\/project"}],"author":[{"embeddable":true,"href":"https:\/\/www.fundaciontierraaustral.cl\/eng\/wp-json\/wp\/v2\/users\/1"}],"replies":[{"embeddable":true,"href":"https:\/\/www.fundaciontierraaustral.cl\/eng\/wp-json\/wp\/v2\/comments?post=250511"}],"version-history":[{"count":20,"href":"https:\/\/www.fundaciontierraaustral.cl\/eng\/wp-json\/wp\/v2\/project\/250511\/revisions"}],"predecessor-version":[{"id":253707,"href":"https:\/\/www.fundaciontierraaustral.cl\/eng\/wp-json\/wp\/v2\/project\/250511\/revisions\/253707"}],"wp:featuredmedia":[{"embeddable":true,"href":"https:\/\/www.fundaciontierraaustral.cl\/eng\/wp-json\/wp\/v2\/media\/252269"}],"wp:attachment":[{"href":"https:\/\/www.fundaciontierraaustral.cl\/eng\/wp-json\/wp\/v2\/media?parent=250511"}],"wp:term":[{"taxonomy":"project_category","embeddable":true,"href":"https:\/\/www.fundaciontierraaustral.cl\/eng\/wp-json\/wp\/v2\/project_category?post=250511"},{"taxonomy":"project_tag","embeddable":true,"href":"https:\/\/www.fundaciontierraaustral.cl\/eng\/wp-json\/wp\/v2\/project_tag?post=250511"}],"curies":[{"name":"wp","href":"https:\/\/api.w.org\/{rel}","templated":true}]}}