{"id":250212,"date":"2025-02-25T15:14:52","date_gmt":"2025-02-25T18:14:52","guid":{"rendered":"https:\/\/www.fundaciontierraaustral.cl\/nueva\/?page_id=250212"},"modified":"2025-05-02T15:17:51","modified_gmt":"2025-05-02T19:17:51","slug":"tierras-protegidas","status":"publish","type":"page","link":"https:\/\/www.fundaciontierraaustral.cl\/eng\/tierras-protegidas\/","title":{"rendered":"Protected Areas"},"content":{"rendered":"<p>[et_pb_section fb_built=\u00bb1&#8243; admin_label=\u00bbSection\u00bb _builder_version=\u00bb4.27.4&#8243; _module_preset=\u00bbdefault\u00bb background_color=\u00bb#f1f0ea\u00bb da_disable_devices=\u00bboff|off|off\u00bb global_module=\u00bb250210&#8243; saved_tabs=\u00bball\u00bb global_colors_info=\u00bb{}\u00bb da_is_popup=\u00bboff\u00bb da_exit_intent=\u00bboff\u00bb da_has_close=\u00bbon\u00bb da_alt_close=\u00bboff\u00bb da_dark_close=\u00bboff\u00bb da_not_modal=\u00bbon\u00bb da_is_singular=\u00bboff\u00bb da_with_loader=\u00bboff\u00bb da_has_shadow=\u00bbon\u00bb][et_pb_row column_structure=\u00bb3_4,1_4&#8243; use_custom_gutter=\u00bbon\u00bb gutter_width=\u00bb2&#8243; make_equal=\u00bbon\u00bb custom_padding_last_edited=\u00bbon|phone\u00bb _builder_version=\u00bb4.27.4&#8243; _module_preset=\u00bbdefault\u00bb background_enable_color=\u00bboff\u00bb width_tablet=\u00bb\u00bb width_phone=\u00bb100%\u00bb width_last_edited=\u00bbon|phone\u00bb module_alignment=\u00bbcenter\u00bb custom_margin=\u00bb|||100px|false|false\u00bb custom_padding=\u00bb0px|25px|25px|25px|false|false\u00bb custom_padding_tablet=\u00bb\u00bb custom_padding_phone=\u00bb0px|25px||25px|false|false\u00bb animation_direction=\u00bbleft\u00bb sticky_limit_top=\u00bbbody\u00bb sticky_limit_bottom=\u00bbbody\u00bb border_radii=\u00bbon|20px|20px|20px|20px\u00bb global_colors_info=\u00bb{}\u00bb][et_pb_column type=\u00bb3_4&#8243; _builder_version=\u00bb4.27.4&#8243; _module_preset=\u00bbdefault\u00bb custom_padding=\u00bb||||false|false\u00bb sticky_limit_top=\u00bbrow\u00bb sticky_limit_bottom=\u00bbrow\u00bb motion_trigger_start=\u00bbtop\u00bb global_colors_info=\u00bb{}\u00bb][et_pb_text _builder_version=\u00bb4.27.4&#8243; _module_preset=\u00bbdefault\u00bb text_font=\u00bb&#8211;et_global_body_font|600|||on|||#233428|\u00bb text_text_color=\u00bb#233428&#8243; custom_margin=\u00bb100px||5px||false|false\u00bb custom_margin_tablet=\u00bb\u00bb custom_margin_phone=\u00bb0px||5px||false|false\u00bb custom_margin_last_edited=\u00bbon|phone\u00bb custom_padding=\u00bb||||false|false\u00bb custom_css_main_element=\u00bbtext-underline-offset:5px;\u00bb global_colors_info=\u00bb{}\u00bb]<\/p>\n<p>Mapa Interactivo<\/p>\n<p>[\/et_pb_text][et_pb_text _builder_version=\u00bb4.27.4&#8243; _module_preset=\u00bbdefault\u00bb header_2_font=\u00bb&#8211;et_global_heading_font||||||||\u00bb header_2_text_color=\u00bb#233428&#8243; header_2_font_size=\u00bb36px\u00bb header_2_line_height=\u00bb1.2em\u00bb max_width=\u00bb560px\u00bb custom_margin=\u00bb||||false|false\u00bb custom_margin_tablet=\u00bb\u00bb custom_margin_phone=\u00bb||0px||false|false\u00bb custom_margin_last_edited=\u00bbon|phone\u00bb custom_padding_tablet=\u00bb\u00bb custom_padding_phone=\u00bb||0px||false|false\u00bb custom_padding_last_edited=\u00bbon|phone\u00bb header_2_font_size_phone=\u00bb32px\u00bb header_2_font_size_last_edited=\u00bboff|phone\u00bb global_colors_info=\u00bb{}\u00bb]<\/p>\n<h2>Explora nuestros proyectos de conservaci\u00f3n en el mapa<\/h2>\n<p>[\/et_pb_text][et_pb_blurb title=\u00bbParque La Giganta\u00bb url=\u00bb@ET-DC@eyJkeW5hbWljIjp0cnVlLCJjb250ZW50IjoicG9zdF9saW5rX3VybF9wcm9qZWN0Iiwic2V0dGluZ3MiOnsicG9zdF9pZCI6IjI1MDYyMiJ9fQ==@\u00bb image=\u00bbhttps:\/\/www.fundaciontierraaustral.cl\/nueva\/wp-content\/uploads\/2025\/03\/portada2.jpg\u00bb icon_placement=\u00bbleft\u00bb image_icon_width=\u00bb300px\u00bb content_max_width=\u00bb100%\u00bb icon_placement_tablet=\u00bb\u00bb icon_placement_phone=\u00bbtop\u00bb icon_placement_last_edited=\u00bbon|phone\u00bb image_icon_width_tablet=\u00bb\u00bb image_icon_width_phone=\u00bb100%\u00bb image_icon_width_last_edited=\u00bbon|phone\u00bb admin_label=\u00bbParque La Giganta\u00bb module_id=\u00bb3b458a5e-7e83-4832-87c2-eea0fda2e1b3&#8243; module_class=\u00bbproyectos-home active\u00bb _builder_version=\u00bb4.27.4&#8243; _dynamic_attributes=\u00bburl,link_option_url\u00bb _module_preset=\u00bbdefault\u00bb header_text_color=\u00bb#f1f0ea\u00bb header_font_size=\u00bb26px\u00bb body_text_color=\u00bb#f1f0ea\u00bb body_link_font=\u00bb||||||||\u00bb body_link_text_color=\u00bb#FFFFFF\u00bb background_color=\u00bb#324237&#8243; image_icon_custom_margin=\u00bb|25px|||false|false\u00bb max_width=\u00bb700px\u00bb custom_margin=\u00bb|||100px|false|false\u00bb custom_margin_tablet=\u00bb\u00bb custom_margin_phone=\u00bb|||0px|false|false\u00bb custom_margin_last_edited=\u00bbon|phone\u00bb custom_padding=\u00bb25px|25px|25px|25px|false|false\u00bb animation_style=\u00bbslide\u00bb animation_direction=\u00bbleft\u00bb animation_intensity_slide=\u00bb25%\u00bb link_option_url=\u00bb@ET-DC@eyJkeW5hbWljIjp0cnVlLCJjb250ZW50IjoicG9zdF9saW5rX3VybF9wcm9qZWN0Iiwic2V0dGluZ3MiOnsicG9zdF9pZCI6IjI1MDYyMiJ9fQ==@\u00bb sticky_limit_top=\u00bbcolumn\u00bb sticky_limit_bottom=\u00bbrow\u00bb custom_css_blurb_title=\u00bbmargin-bottom:0;||padding-bottom:5px;\u00bb border_radii=\u00bbon|20px|20px|20px|20px\u00bb border_radii_image=\u00bbon|10px|10px|10px|10px\u00bb global_colors_info=\u00bb{}\u00bb]<\/p>\n<p>Panquehue, Regi\u00f3n de Valpara\u00edso<\/p>\n<p><strong>SUPERFICIE PROTEGIDA:<\/strong> 228 ha<br \/><strong>A\u00d1O:<\/strong> 2021<\/p>\n<p>Cerro La Giganta est\u00e1 ubicado en la comuna de Panquehue, Regi\u00f3n de Valpara\u00edso. Inserto en el ecosistema mediterr\u00e1neo de Chile central, la zona cuenta con una importante presencia de especies arb\u00f3reas, arbustivas y de flora nativa y end\u00e9mica. El predio tiene una superficie aproximada de 240 hect\u00e1reas y, a trav\u00e9s de la implementaci\u00f3n de un acuerdo de Derecho Real de Conservaci\u00f3n (DRC), el 94% de la propiedad (228 hect\u00e1reas) ser\u00e1 protegido a perpetuidad.<\/p>\n<p><a href=\"https:\/\/www.fundaciontierraaustral.cl\/proyectos\/cerro-la-giganta\/\">VER M\u00c1S<\/a><\/p>\n<p>[\/et_pb_blurb][et_pb_blurb title=\u00bbReserva Natural Los Molles\u00bb url=\u00bb@ET-DC@eyJkeW5hbWljIjp0cnVlLCJjb250ZW50IjoicG9zdF9saW5rX3VybF9wcm9qZWN0Iiwic2V0dGluZ3MiOnsicG9zdF9pZCI6IjI1MDkzNCJ9fQ==@\u00bb image=\u00bbhttps:\/\/www.fundaciontierraaustral.cl\/nueva\/wp-content\/uploads\/2025\/01\/portada2-3.jpg\u00bb icon_placement=\u00bbleft\u00bb image_icon_width=\u00bb300px\u00bb content_max_width=\u00bb100%\u00bb admin_label=\u00bbReserva Natural Los Molles\u00bb module_id=\u00bbb4760506-2c4d-4c5e-a544-bde8a7b209a9&#8243; module_class=\u00bbproyectos-home\u00bb _builder_version=\u00bb4.27.4&#8243; _dynamic_attributes=\u00bburl,link_option_url\u00bb _module_preset=\u00bbdefault\u00bb header_text_color=\u00bb#f1f0ea\u00bb header_font_size=\u00bb26px\u00bb body_text_color=\u00bb#f1f0ea\u00bb body_link_font=\u00bb||||||||\u00bb body_link_text_color=\u00bb#FFFFFF\u00bb background_color=\u00bb#324237&#8243; image_icon_custom_margin=\u00bb|25px|||false|false\u00bb max_width=\u00bb700px\u00bb custom_margin=\u00bb|||100px|false|false\u00bb custom_padding=\u00bb25px|25px|25px|25px|false|false\u00bb animation_style=\u00bbslide\u00bb animation_direction=\u00bbleft\u00bb animation_intensity_slide=\u00bb25%\u00bb link_option_url=\u00bb@ET-DC@eyJkeW5hbWljIjp0cnVlLCJjb250ZW50IjoicG9zdF9saW5rX3VybF9wcm9qZWN0Iiwic2V0dGluZ3MiOnsicG9zdF9pZCI6IjI1MDkzNCJ9fQ==@\u00bb custom_css_blurb_title=\u00bbmargin-bottom:0;||padding-bottom:5px;\u00bb border_radii=\u00bbon|20px|20px|20px|20px\u00bb border_radii_image=\u00bbon|10px|10px|10px|10px\u00bb global_colors_info=\u00bb{}\u00bb]<\/p>\n<p>Quilpu\u00e9, Regi\u00f3n de Valpara\u00edso<\/p>\n<p><strong>SUPERFICIE PROTEGIDA:<\/strong> <span> 375 ha<\/span><br \/><strong>A\u00d1O:<\/strong> 2023<\/p>\n<p>ULa Reserva Natural Los Molles es un \u00e1rea de poco m\u00e1s de 375 hect\u00e1reas situada dentro del corredor biol\u00f3gico Pe\u00f1uelas &#8211; La Campana y forma parte de la reserva de la biosfera reconocida por la UNESCO. Este espacio ser\u00e1 conservado para siempre a trav\u00e9s de la implementaci\u00f3n de un acuerdo de Derecho Real de Conservaci\u00f3n (DRC).<\/p>\n<p><a href=\"https:\/\/www.fundaciontierraaustral.cl\/proyectos\/reserva-natural-los-molles\/\">VER M\u00c1S<\/a><\/p>\n<p>[\/et_pb_blurb][et_pb_blurb title=\u00bbReserva Natural San Jorge\u00bb url=\u00bb@ET-DC@eyJkeW5hbWljIjp0cnVlLCJjb250ZW50IjoicG9zdF9saW5rX3VybF9wcm9qZWN0Iiwic2V0dGluZ3MiOnsicG9zdF9pZCI6IjI1MDkzOSJ9fQ==@\u00bb image=\u00bbhttps:\/\/www.fundaciontierraaustral.cl\/nueva\/wp-content\/uploads\/2025\/01\/portada2-2.jpg\u00bb icon_placement=\u00bbleft\u00bb image_icon_width=\u00bb300px\u00bb content_max_width=\u00bb100%\u00bb title_last_edited=\u00bboff|desktop\u00bb admin_label=\u00bbReserva Natural San Jorge\u00bb module_id=\u00bb0e58b356-4931-4d8b-b584-3c44c05f1ae5&#8243; module_class=\u00bbproyectos-home\u00bb _builder_version=\u00bb4.27.4&#8243; _dynamic_attributes=\u00bburl,link_option_url\u00bb _module_preset=\u00bbdefault\u00bb header_text_color=\u00bb#f1f0ea\u00bb header_font_size=\u00bb26px\u00bb body_text_color=\u00bb#f1f0ea\u00bb body_link_font=\u00bb||||||||\u00bb body_link_text_color=\u00bb#FFFFFF\u00bb background_color=\u00bb#324237&#8243; image_icon_custom_margin=\u00bb|25px|||false|false\u00bb max_width=\u00bb700px\u00bb custom_margin=\u00bb|||100px|false|false\u00bb custom_padding=\u00bb25px|25px|25px|25px|false|false\u00bb animation_style=\u00bbslide\u00bb animation_direction=\u00bbleft\u00bb animation_intensity_slide=\u00bb25%\u00bb link_option_url=\u00bb@ET-DC@eyJkeW5hbWljIjp0cnVlLCJjb250ZW50IjoicG9zdF9saW5rX3VybF9wcm9qZWN0Iiwic2V0dGluZ3MiOnsicG9zdF9pZCI6IjI1MDkzOSJ9fQ==@\u00bb custom_css_blurb_title=\u00bbmargin-bottom:0;||padding-bottom:5px;\u00bb border_radii=\u00bbon|20px|20px|20px|20px\u00bb border_radii_image=\u00bbon|10px|10px|10px|10px\u00bb global_colors_info=\u00bb{}\u00bb title__hover_enabled=\u00bboff|desktop\u00bb]<\/p>\n<p>Quilpu\u00e9, Regi\u00f3n de Valpara\u00edso<\/p>\n<p><strong>SUPERFICIE PROTEGIDA:<\/strong> 76 ha<br \/><strong>A\u00d1O:<\/strong> 2022<\/p>\n<p>\u00c1rea 76 hect\u00e1reas de alto valor ecol\u00f3gico que ser\u00e1 protegida para siempre gracias a la implementaci\u00f3n de un acuerdo de Derecho Real de Conservaci\u00f3n (DRC). La protecci\u00f3n de estos ecosistemas cr\u00edticos contribuye a la conservaci\u00f3n del h\u00e1bitat de distintas especies nativas y end\u00e9micas; la gran mayor\u00eda en riesgo o amenazadas por la actividad humana.<\/p>\n<p><a href=\"https:\/\/www.fundaciontierraaustral.cl\/proyectos\/reserva-natural-san-jorge\/\">VER M\u00c1S<\/a><\/p>\n<p>[\/et_pb_blurb][et_pb_blurb title=\u00bb\u00c1guila Sur\u00bb url=\u00bb@ET-DC@eyJkeW5hbWljIjp0cnVlLCJjb250ZW50IjoicG9zdF9saW5rX3VybF9wcm9qZWN0Iiwic2V0dGluZ3MiOnsicG9zdF9pZCI6IjI1MDkzOSJ9fQ==@\u00bb image=\u00bbhttps:\/\/www.fundaciontierraaustral.cl\/nueva\/wp-content\/uploads\/2025\/02\/aguila-sur.jpg\u00bb icon_placement=\u00bbleft\u00bb image_icon_width=\u00bb300px\u00bb content_max_width=\u00bb100%\u00bb title_last_edited=\u00bboff|desktop\u00bb admin_label=\u00bb\u00c1guila Sur\u00bb module_id=\u00bb7927c22a-bfdd-457b-bfe6-a2a2312c66d1&#8243; module_class=\u00bbproyectos-home\u00bb _builder_version=\u00bb4.27.4&#8243; _dynamic_attributes=\u00bburl\u00bb _module_preset=\u00bbdefault\u00bb header_text_color=\u00bb#f1f0ea\u00bb header_font_size=\u00bb26px\u00bb body_text_color=\u00bb#f1f0ea\u00bb body_link_font=\u00bb||||||||\u00bb body_link_text_color=\u00bb#FFFFFF\u00bb background_color=\u00bb#324237&#8243; image_icon_custom_margin=\u00bb|25px|||false|false\u00bb max_width=\u00bb700px\u00bb custom_margin=\u00bb|||100px|false|false\u00bb custom_padding=\u00bb25px|25px|25px|25px|false|false\u00bb animation_style=\u00bbslide\u00bb animation_direction=\u00bbleft\u00bb animation_intensity_slide=\u00bb25%\u00bb custom_css_blurb_title=\u00bbmargin-bottom:0;||padding-bottom:5px;\u00bb border_radii=\u00bbon|20px|20px|20px|20px\u00bb border_radii_image=\u00bbon|10px|10px|10px|10px\u00bb global_colors_info=\u00bb{}\u00bb title__hover_enabled=\u00bboff|desktop\u00bb]<\/p>\n<p>Paine, Regi\u00f3n Metropolitana<\/p>\n<p><strong>SUPERFICIE PROTEGIDA:<\/strong> 393 ha<br \/><strong>A\u00d1O:<\/strong> 2021<\/p>\n<p>\u00c1rea de 393 hect\u00e1reas que forma parte del Cord\u00f3n de Cantillana, una zona especialmente relevante para la resiliencia frente a los impactos del cambio clim\u00e1tico, por lo que su protecci\u00f3n y conservaci\u00f3n es fundamental. As\u00ed, mediante la implementaci\u00f3n de un acuerdo de Derecho Real de Conservaci\u00f3n (DRC), m\u00e1s del 60% del predio ser\u00e1 protegido a perpetuidad, resguardando la diversidad biol\u00f3gica propia del ecosistema mediterr\u00e1neo de Chile Central.<\/p>\n<p><a href=\"https:\/\/www.fundaciontierraaustral.cl\/proyectos\/aguila-sur\/\">VER M\u00c1S<\/a><\/p>\n<p>[\/et_pb_blurb][et_pb_blurb title=\u00bbSantuario de la Naturaleza Cerro Poqui\u00bb url=\u00bb@ET-DC@eyJkeW5hbWljIjp0cnVlLCJjb250ZW50IjoicG9zdF9saW5rX3VybF9wcm9qZWN0Iiwic2V0dGluZ3MiOnsicG9zdF9pZCI6IjI1MDk0NCJ9fQ==@\u00bb image=\u00bbhttps:\/\/www.fundaciontierraaustral.cl\/nueva\/wp-content\/uploads\/2025\/03\/cerro-poqui-portada-1.jpg\u00bb icon_placement=\u00bbleft\u00bb image_icon_width=\u00bb300px\u00bb content_max_width=\u00bb100%\u00bb title_last_edited=\u00bboff|desktop\u00bb admin_label=\u00bbSantuario de la Naturaleza Cerro Poqui\u00bb module_id=\u00bb54963dbe-7cec-4d16-83fc-fa3375055559&#8243; module_class=\u00bbproyectos-home\u00bb _builder_version=\u00bb4.27.4&#8243; _dynamic_attributes=\u00bburl,link_option_url\u00bb _module_preset=\u00bbdefault\u00bb header_text_color=\u00bb#f1f0ea\u00bb header_font_size=\u00bb26px\u00bb body_text_color=\u00bb#f1f0ea\u00bb body_link_font=\u00bb||||||||\u00bb body_link_text_color=\u00bb#FFFFFF\u00bb background_color=\u00bb#324237&#8243; image_icon_custom_margin=\u00bb|25px|||false|false\u00bb max_width=\u00bb700px\u00bb custom_margin=\u00bb|||100px|false|false\u00bb custom_padding=\u00bb25px|25px|25px|25px|false|false\u00bb animation_style=\u00bbslide\u00bb animation_direction=\u00bbleft\u00bb animation_intensity_slide=\u00bb25%\u00bb link_option_url=\u00bb@ET-DC@eyJkeW5hbWljIjp0cnVlLCJjb250ZW50IjoicG9zdF9saW5rX3VybF9wcm9qZWN0Iiwic2V0dGluZ3MiOnsicG9zdF9pZCI6IjI1MDkzOSJ9fQ==@\u00bb custom_css_blurb_title=\u00bbmargin-bottom:0;||padding-bottom:5px;\u00bb border_radii=\u00bbon|20px|20px|20px|20px\u00bb border_radii_image=\u00bbon|10px|10px|10px|10px\u00bb global_colors_info=\u00bb{}\u00bb title__hover_enabled=\u00bboff|desktop\u00bb]<\/p>\n<p>Coltauco, Regi\u00f3n de O\u2019Higgins<\/p>\n<p><strong>SUPERFICIE PROTEGIDA:<\/strong> 1.095 ha<br \/><strong>A\u00d1O:<\/strong> 2021<\/p>\n<p>El Santuario de la Naturaleza Cerro Poqui es un \u00e1rea de 1.095 hect\u00e1reas, donde en casi toda su extensi\u00f3n se han declarado dos figuras de conservaci\u00f3n: Santuario de la Naturaleza y un Derecho Real de Conservaci\u00f3n (DRC). La decisi\u00f3n de complementar la categor\u00eda de Santuario de la Naturaleza con un acuerdo de DRC surge de la necesidad de contar con un aliado adicional.<\/p>\n<p><a href=\"https:\/\/www.fundaciontierraaustral.cl\/proyectos\/santuario-de-la-naturaleza-cerro-poqui\/\">VER M\u00c1S<\/a><\/p>\n<p>[\/et_pb_blurb][et_pb_blurb title=\u00bbBosques del Tinguiririca\u00bb image=\u00bbhttps:\/\/www.fundaciontierraaustral.cl\/nueva\/wp-content\/uploads\/2025\/02\/portada2.jpg\u00bb icon_placement=\u00bbleft\u00bb image_icon_width=\u00bb300px\u00bb content_max_width=\u00bb100%\u00bb admin_label=\u00bbBosques del Tinguiririca\u00bb module_id=\u00bb88b1ae1f-aaa3-4597-b5d5-e62f179abdfe\u00bb module_class=\u00bbproyectos-home\u00bb _builder_version=\u00bb4.27.4&#8243; _module_preset=\u00bbdefault\u00bb header_text_color=\u00bb#f1f0ea\u00bb header_font_size=\u00bb26px\u00bb body_text_color=\u00bb#f1f0ea\u00bb body_link_font=\u00bb||||||||\u00bb body_link_text_color=\u00bb#FFFFFF\u00bb background_color=\u00bb#324237&#8243; image_icon_custom_margin=\u00bb|25px|||false|false\u00bb max_width=\u00bb700px\u00bb custom_margin=\u00bb|||100px|false|false\u00bb custom_padding=\u00bb25px|25px|25px|25px|false|false\u00bb animation_style=\u00bbslide\u00bb animation_direction=\u00bbleft\u00bb animation_intensity_slide=\u00bb25%\u00bb custom_css_blurb_title=\u00bbmargin-bottom:0;||padding-bottom:5px;\u00bb border_radii=\u00bbon|20px|20px|20px|20px\u00bb border_radii_image=\u00bbon|10px|10px|10px|10px\u00bb global_colors_info=\u00bb{}\u00bb]<\/p>\n<p>San Fernando, Regi\u00f3n de O&#8217;Higgins<\/p>\n<p><strong>SUPERFICIE PROTEGIDA:<\/strong> 2.500 ha<br \/><strong>A\u00d1O:<\/strong> 2023<\/p>\n<p>Esta \u00e1rea privada protegida tiene una superficie de 2.500 hect\u00e1reas. De ellas, m\u00e1s del 85% est\u00e1 dedicado a la conservaci\u00f3n gracias a la implementaci\u00f3n de un acuerdo de Derecho Real de Conservaci\u00f3n (DRC). El objetivo es recuperar y proteger el bosque escler\u00f3filo y biodiversidad del sector, especialmente los relictos boreales del cipr\u00e9s de la Cordillera. Se busca tambi\u00e9n generar investigaci\u00f3n cient\u00edfica y promover la educaci\u00f3n ambiental.<\/p>\n<p><a href=\"https:\/\/www.fundaciontierraaustral.cl\/proyectos\/bosques-del-tinguiririca\/\">VER M\u00c1S<\/a><\/p>\n<p>[\/et_pb_blurb][et_pb_blurb title=\u00bbRobler\u00edas\u00bb image=\u00bbhttps:\/\/www.fundaciontierraaustral.cl\/nueva\/wp-content\/uploads\/2025\/01\/portada2-1.jpg\u00bb icon_placement=\u00bbleft\u00bb image_icon_width=\u00bb300px\u00bb content_max_width=\u00bb100%\u00bb admin_label=\u00bbRobler\u00edas\u00bb module_id=\u00bb30abf28f-2c57-4dcd-9de8-75246f31cc62&#8243; module_class=\u00bbproyectos-home\u00bb _builder_version=\u00bb4.27.4&#8243; _module_preset=\u00bbdefault\u00bb header_text_color=\u00bb#f1f0ea\u00bb header_font_size=\u00bb26px\u00bb body_text_color=\u00bb#f1f0ea\u00bb body_link_font=\u00bb||||||||\u00bb body_link_text_color=\u00bb#FFFFFF\u00bb background_color=\u00bb#324237&#8243; image_icon_custom_margin=\u00bb|25px|||false|false\u00bb max_width=\u00bb700px\u00bb custom_margin=\u00bb|||100px|false|false\u00bb custom_padding=\u00bb25px|25px|25px|25px|false|false\u00bb animation_style=\u00bbslide\u00bb animation_direction=\u00bbleft\u00bb animation_intensity_slide=\u00bb25%\u00bb custom_css_blurb_title=\u00bbmargin-bottom:0;||padding-bottom:5px;\u00bb border_radii=\u00bbon|20px|20px|20px|20px\u00bb border_radii_image=\u00bbon|10px|10px|10px|10px\u00bb global_colors_info=\u00bb{}\u00bb]<\/p>\n<p>Teno, Regi\u00f3n del Maule<\/p>\n<p><strong>SUPERFICIE PROTEGIDA:<\/strong> 403 ha<br \/><strong>A\u00d1O:<\/strong> 2023<\/p>\n<p>De un territorio de poco m\u00e1s de 403 hect\u00e1reas, casi un 70% del terreno se proteger\u00e1 para siempre a trav\u00e9s de la implementaci\u00f3n de un acuerdo de Derecho Real de Conservaci\u00f3n (DRC). Por la importancia ecol\u00f3gica del lugar, preocupan algunas de las amenazas a las que est\u00e1 expuesto, como, por ejemplo, los incendios forestales, el cambio clim\u00e1tico y la agricultura intensiva no sustentable, entre otras cosas.<\/p>\n<p><a href=\"https:\/\/www.fundaciontierraaustral.cl\/proyectos\/roblerias\/\">VER M\u00c1S<\/a><\/p>\n<p>[\/et_pb_blurb][et_pb_blurb title=\u00bbParque Cuenca Andina\u00bb image=\u00bbhttps:\/\/www.fundaciontierraaustral.cl\/nueva\/wp-content\/uploads\/2025\/03\/portada-2.jpg\u00bb icon_placement=\u00bbleft\u00bb image_icon_width=\u00bb300px\u00bb content_max_width=\u00bb100%\u00bb admin_label=\u00bbParque Cuenca Andina\u00bb module_id=\u00bbe15dab6f-264f-4ef5-b6aa-6341c7244d24&#8243; module_class=\u00bbproyectos-home\u00bb _builder_version=\u00bb4.27.4&#8243; _module_preset=\u00bbdefault\u00bb header_text_color=\u00bb#f1f0ea\u00bb header_font_size=\u00bb26px\u00bb body_text_color=\u00bb#f1f0ea\u00bb body_link_font=\u00bb||||||||\u00bb body_link_text_color=\u00bb#FFFFFF\u00bb background_color=\u00bb#324237&#8243; image_icon_custom_margin=\u00bb|25px|||false|false\u00bb max_width=\u00bb700px\u00bb custom_margin=\u00bb|||100px|false|false\u00bb custom_padding=\u00bb25px|25px|25px|25px|false|false\u00bb animation_style=\u00bbslide\u00bb animation_direction=\u00bbleft\u00bb animation_intensity_slide=\u00bb25%\u00bb custom_css_blurb_title=\u00bbmargin-bottom:0;||padding-bottom:5px;\u00bb border_radii=\u00bbon|20px|20px|20px|20px\u00bb border_radii_image=\u00bbon|10px|10px|10px|10px\u00bb global_colors_info=\u00bb{}\u00bb]<\/p>\n<p>Romeral, Regi\u00f3n del Maule<\/p>\n<p><strong>SUPERFICIE PROTEGIDA:<\/strong> 12.400 ha<br \/><strong>A\u00d1O:<\/strong> 2023<\/p>\n<p>Se trata de un territorio de m\u00e1s de 12.400 hect\u00e1reas ubicado en la zona de Los Que\u00f1es, lo que la convierte en el \u00e1rea protegida m\u00e1s extensa de la regi\u00f3n del Maule. A trav\u00e9s de la implementaci\u00f3n de un acuerdo de Derecho Real de Conservaci\u00f3n (DRC), se garantiz\u00f3 la conservaci\u00f3n a perpetuidad de un paisaje no fragmentado y ecol\u00f3gicamente saludable en el ecosistema m\u00e1s amenazado del pa\u00eds.<\/p>\n<p><a href=\"https:\/\/www.fundaciontierraaustral.cl\/proyectos\/parque-cuenca-andina\/\">VER M\u00c1S<\/a><\/p>\n<p>[\/et_pb_blurb][et_pb_blurb title=\u00bbParque La Monta\u00f1a\u00bb image=\u00bbhttps:\/\/www.fundaciontierraaustral.cl\/nueva\/wp-content\/uploads\/2025\/04\/portada2montana.jpg\u00bb icon_placement=\u00bbleft\u00bb image_icon_width=\u00bb300px\u00bb content_max_width=\u00bb100%\u00bb admin_label=\u00bbParque La Monta\u00f1a\u00bb module_id=\u00bbf53a68e5-41d2-41ec-8881-0854395936ad\u00bb module_class=\u00bbproyectos-home\u00bb _builder_version=\u00bb4.27.4&#8243; _module_preset=\u00bbdefault\u00bb header_text_color=\u00bb#f1f0ea\u00bb header_font_size=\u00bb26px\u00bb body_text_color=\u00bb#f1f0ea\u00bb body_link_font=\u00bb||||||||\u00bb body_link_text_color=\u00bb#FFFFFF\u00bb background_color=\u00bb#324237&#8243; image_icon_custom_margin=\u00bb|25px|||false|false\u00bb max_width=\u00bb700px\u00bb custom_margin=\u00bb|||100px|false|false\u00bb custom_padding=\u00bb25px|25px|25px|25px|false|false\u00bb animation_style=\u00bbslide\u00bb animation_direction=\u00bbleft\u00bb animation_intensity_slide=\u00bb25%\u00bb custom_css_blurb_title=\u00bbmargin-bottom:0;||padding-bottom:5px;\u00bb border_radii=\u00bbon|20px|20px|20px|20px\u00bb border_radii_image=\u00bbon|10px|10px|10px|10px\u00bb global_colors_info=\u00bb{}\u00bb]<\/p>\n<p>Los Que\u00f1es, Regi\u00f3n del Maule<\/p>\n<p><strong>SUPERFICIE PROTEGIDA:<\/strong> 645 ha<br \/><strong>A\u00d1O:<\/strong> 2025<\/p>\n<p>\u00c1rea de 645 hect\u00e1reas ubicada en la zona precordillerana de Chile Central, conservada para siempre a trav\u00e9s de un Derecho Real de Conservaci\u00f3n. Parque La Monta\u00f1a colinda directamente con dos \u00e1reas protegidas: el Parque Cuenca Andina de m\u00e1s de 12,300 hect\u00e1reas, protegido a perpetuidad junto a Tierra Austral y sus propietarios, y el Santuario de la Naturaleza Alto Huemul, de m\u00e1s de 22,000 hect\u00e1reas. Esta conectividad de paisajes crea un corredor biol\u00f3gico que permite el libre movimiento de especies; condici\u00f3n ecol\u00f3gica vital para la mitigaci\u00f3n y adaptaci\u00f3n al cambio clim\u00e1tico.<\/p>\n<p><a href=\"https:\/\/www.fundaciontierraaustral.cl\/proyectos\/parque-la-montana\/\">VER M\u00c1S<\/a><\/p>\n<p>[\/et_pb_blurb][et_pb_blurb title=\u00bbParque Valle Los Ulmos\u00bb image=\u00bbhttps:\/\/www.fundaciontierraaustral.cl\/nueva\/wp-content\/uploads\/2025\/02\/portada2-1.jpg\u00bb icon_placement=\u00bbleft\u00bb image_icon_width=\u00bb300px\u00bb content_max_width=\u00bb100%\u00bb admin_label=\u00bbParque Valle Los Ulmos\u00bb module_id=\u00bb33b4da53-2362-4efc-a3b7-7d09f42bb20f\u00bb module_class=\u00bbproyectos-home\u00bb _builder_version=\u00bb4.27.4&#8243; _module_preset=\u00bbdefault\u00bb header_text_color=\u00bb#f1f0ea\u00bb header_font_size=\u00bb26px\u00bb body_text_color=\u00bb#f1f0ea\u00bb body_link_text_color=\u00bb#FFFFFF\u00bb background_color=\u00bb#324237&#8243; image_icon_custom_margin=\u00bb|25px|||false|false\u00bb max_width=\u00bb700px\u00bb custom_margin=\u00bb|||100px|false|false\u00bb custom_padding=\u00bb25px|25px|25px|25px|false|false\u00bb border_radii=\u00bbon|20px|20px|20px|20px\u00bb border_radii_image=\u00bbon|10px|10px|10px|10px\u00bb global_colors_info=\u00bb{}\u00bb]<\/p>\n<p>Ensenada, Regi\u00f3n de Los Lagos<\/p>\n<p><strong>SUPERFICIE PROTEGIDA:<\/strong> 600 ha<br \/><strong>A\u00d1O:<\/strong> 2023<\/p>\n<p>Gracias al compromiso de la comunidad de socios de Parque Valle Los Ulmos, y a trav\u00e9s del establecimiento de un acuerdo de Derecho Real de Conservaci\u00f3n (DRC), se conserv\u00f3 para siempre esta \u00e1rea de m\u00e1s de 600 hect\u00e1reas ubicada a los pies del volc\u00e1n Calbuco. Este hito permite proteger un ecosistema volc\u00e1nico que no solo es de gran valor ecol\u00f3gico, sino que tambi\u00e9n es de importancia cr\u00edtica para la ciencia.<\/p>\n<p><a href=\"https:\/\/www.fundaciontierraaustral.cl\/proyectos\/parque-valle-los-ulmos\/\">VER M\u00c1S<\/a><\/p>\n<p>[\/et_pb_blurb][et_pb_blurb title=\u00bbRinc\u00f3n del Sur\u00bb image=\u00bbhttps:\/\/www.fundaciontierraaustral.cl\/nueva\/wp-content\/uploads\/2025\/03\/portada2-1.jpg\u00bb icon_placement=\u00bbleft\u00bb image_icon_width=\u00bb300px\u00bb content_max_width=\u00bb100%\u00bb admin_label=\u00bbRinc\u00f3n del Sur\u00bb module_id=\u00bbc60b2319-e4bf-4751-bb00-f2b601df7a7d\u00bb module_class=\u00bbproyectos-home\u00bb _builder_version=\u00bb4.27.4&#8243; _module_preset=\u00bbdefault\u00bb header_text_color=\u00bb#f1f0ea\u00bb header_font_size=\u00bb26px\u00bb body_text_color=\u00bb#f1f0ea\u00bb body_link_font=\u00bb||||||||\u00bb body_link_text_color=\u00bb#FFFFFF\u00bb background_color=\u00bb#324237&#8243; image_icon_custom_margin=\u00bb|25px|||false|false\u00bb max_width=\u00bb700px\u00bb custom_margin=\u00bb|||100px|false|false\u00bb custom_padding=\u00bb25px|25px|25px|25px|false|false\u00bb animation_style=\u00bbslide\u00bb animation_direction=\u00bbleft\u00bb animation_intensity_slide=\u00bb25%\u00bb custom_css_blurb_title=\u00bbmargin-bottom:0;||padding-bottom:5px;\u00bb border_radii=\u00bbon|20px|20px|20px|20px\u00bb border_radii_image=\u00bbon|10px|10px|10px|10px\u00bb global_colors_info=\u00bb{}\u00bb]<\/p>\n<p>Puerto Montt, Regi\u00f3n de Los Lagos<\/p>\n<p><strong>SUPERFICIE PROTEGIDA:<\/strong> 436 ha<br \/><strong>A\u00d1O:<\/strong> 2021<\/p>\n<p>Fundaci\u00f3n Tierra Austral y la empresa Colb\u00fan S.A. firmaron un acuerdo de Derecho Real de Conservaci\u00f3n (DRC) sin precedentes que proteger\u00e1 a perpetuidad 436 hect\u00e1reas ubicadas a la orilla del Lago Chapo, en la Regi\u00f3n de los Lagos. Estos terrenos conforman un corredor biol\u00f3gico que conecta el Parque Nacional Alerce Andino y la Reserva Nacional Llanquihue.<\/p>\n<p><a href=\"https:\/\/www.fundaciontierraaustral.cl\/proyectos\/rincon-del-sur\/\">VER M\u00c1S<\/a><\/p>\n<p>[\/et_pb_blurb][et_pb_blurb title=\u00bbAlihuen\u00bb image=\u00bbhttps:\/\/www.fundaciontierraaustral.cl\/nueva\/wp-content\/uploads\/2025\/03\/portada2-2.jpg\u00bb icon_placement=\u00bbleft\u00bb image_icon_width=\u00bb300px\u00bb content_max_width=\u00bb100%\u00bb admin_label=\u00bbAlihuen\u00bb module_id=\u00bb35bdb58f-9e2c-4030-bf44-348d55d2f2ae\u00bb module_class=\u00bbproyectos-home\u00bb _builder_version=\u00bb4.27.4&#8243; _module_preset=\u00bbdefault\u00bb header_text_color=\u00bb#f1f0ea\u00bb header_font_size=\u00bb26px\u00bb body_text_color=\u00bb#f1f0ea\u00bb body_link_text_color=\u00bb#FFFFFF\u00bb background_color=\u00bb#324237&#8243; image_icon_custom_margin=\u00bb|25px|||false|false\u00bb max_width=\u00bb700px\u00bb custom_margin=\u00bb|||100px|false|false\u00bb custom_padding=\u00bb25px|25px|25px|25px|false|false\u00bb animation_style=\u00bbslide\u00bb animation_direction=\u00bbleft\u00bb animation_intensity_slide=\u00bb25%\u00bb border_radii=\u00bbon|20px|20px|20px|20px\u00bb border_radii_image=\u00bbon|10px|10px|10px|10px\u00bb global_colors_info=\u00bb{}\u00bb]<\/p>\n<p>Chilo\u00e9, Regi\u00f3n de Los Lagos<\/p>\n<p><strong>SUPERFICIE PROTEGIDA:<\/strong> 70 ha<br \/><strong>A\u00d1O:<\/strong> 2023<\/p>\n<p>A trav\u00e9s de la firma de un acuerdo de Derecho Real de Conservaci\u00f3n (DRC), se proteger\u00e1n para siempre m\u00e1s de 70 hect\u00e1reas en la Isla Grande de Chilo\u00e9, que forman parte del Santuario de la Naturaleza Humedales de la Cuenca de Chepu. Esta iniciativa de conservaci\u00f3n llamada Alihuen, es un proyecto de restauraci\u00f3n ecol\u00f3gica, conectividad sociocultural, agricultura org\u00e1nica y ecoturismo inclusivo.<\/p>\n<p><a href=\"https:\/\/www.fundaciontierraaustral.cl\/proyectos\/proyecto-alihuen\/\">VER M\u00c1S<\/a><\/p>\n<p>[\/et_pb_blurb][et_pb_blurb title=\u00bbR\u00edo Chico\u00bb image=\u00bbhttps:\/\/www.fundaciontierraaustral.cl\/nueva\/wp-content\/uploads\/2025\/02\/portada2-2.jpg\u00bb icon_placement=\u00bbleft\u00bb image_icon_width=\u00bb300px\u00bb content_max_width=\u00bb100%\u00bb admin_label=\u00bbR\u00edo Chico\u00bb module_id=\u00bbfe76ff74-f13f-4427-910e-2842ad366163&#8243; module_class=\u00bbproyectos-home\u00bb _builder_version=\u00bb4.27.4&#8243; _module_preset=\u00bbdefault\u00bb header_text_color=\u00bb#f1f0ea\u00bb header_font_size=\u00bb26px\u00bb body_text_color=\u00bb#f1f0ea\u00bb body_link_font=\u00bb||||||||\u00bb body_link_text_color=\u00bb#FFFFFF\u00bb background_color=\u00bb#324237&#8243; image_icon_custom_margin=\u00bb|25px|||false|false\u00bb max_width=\u00bb700px\u00bb custom_margin=\u00bb|||100px|false|false\u00bb custom_padding=\u00bb25px|25px|25px|25px|false|false\u00bb animation_style=\u00bbslide\u00bb animation_direction=\u00bbleft\u00bb animation_intensity_slide=\u00bb25%\u00bb custom_css_blurb_title=\u00bbmargin-bottom:0;||padding-bottom:5px;\u00bb border_radii=\u00bbon|20px|20px|20px|20px\u00bb border_radii_image=\u00bbon|10px|10px|10px|10px\u00bb global_colors_info=\u00bb{}\u00bb]<\/p>\n<p>Futaleuf\u00fa, Regi\u00f3n de Los Lagos<\/p>\n<p><strong>SUPERFICIE PROTEGIDA:<\/strong> 1 ha<br \/><strong>A\u00d1O:<\/strong> 2021<\/p>\n<p>Esta iniciativa de conservaci\u00f3n forma parte de los esfuerzos para proteger las riberas de Futaleuf\u00fa a trav\u00e9s de acuerdos de Derecho Real de Conservaci\u00f3n (DRC). El proyecto se lleva a cabo en colaboraci\u00f3n con la organizaci\u00f3n Futaleuf\u00fa Riverkeeper.<\/p>\n<p><a href=\"https:\/\/www.fundaciontierraaustral.cl\/proyectos\/rio-chico\/\">VER M\u00c1S<\/a><\/p>\n<p>[\/et_pb_blurb][et_pb_blurb title=\u00bbFundo Encantado\u00bb image=\u00bbhttps:\/\/www.fundaciontierraaustral.cl\/nueva\/wp-content\/uploads\/2025\/03\/portada2-3.jpg\u00bb icon_placement=\u00bbleft\u00bb image_icon_width=\u00bb300px\u00bb content_max_width=\u00bb100%\u00bb admin_label=\u00bbFundo Encantado\u00bb module_id=\u00bbffb3bb8b-f312-4608-99ed-f15a7ad80db9&#8243; module_class=\u00bbproyectos-home\u00bb _builder_version=\u00bb4.27.4&#8243; _module_preset=\u00bbdefault\u00bb header_text_color=\u00bb#f1f0ea\u00bb header_font_size=\u00bb26px\u00bb body_text_color=\u00bb#f1f0ea\u00bb body_link_font=\u00bb||||||||\u00bb body_link_text_color=\u00bb#FFFFFF\u00bb background_color=\u00bb#324237&#8243; image_icon_custom_margin=\u00bb|25px|||false|false\u00bb max_width=\u00bb700px\u00bb custom_margin=\u00bb|||100px|false|false\u00bb custom_padding=\u00bb25px|25px|25px|25px|false|false\u00bb animation_style=\u00bbslide\u00bb animation_direction=\u00bbleft\u00bb animation_intensity_slide=\u00bb25%\u00bb custom_css_blurb_title=\u00bbmargin-bottom:0;||padding-bottom:5px;\u00bb border_radii=\u00bbon|20px|20px|20px|20px\u00bb border_radii_image=\u00bbon|10px|10px|10px|10px\u00bb global_colors_info=\u00bb{}\u00bb]<\/p>\n<p>Futaleuf\u00fa, Regi\u00f3n de Los Lagos<\/p>\n<p><strong>SUPERFICIE PROTEGIDA:<\/strong> 70 ha<br \/><strong>A\u00d1O:<\/strong> 2021<\/p>\n<p>Esta iniciativa de conservaci\u00f3n forma parte de los esfuerzos para proteger las riberas de Futaleuf\u00fa a trav\u00e9s de acuerdos de Derecho Real de Conservaci\u00f3n (DRC). El proyecto se lleva a cabo en colaboraci\u00f3n con la organizaci\u00f3n Futaleuf\u00fa Riverkeeper.<\/p>\n<p><a href=\"https:\/\/www.fundaciontierraaustral.cl\/proyectos\/fundo-encantado\/\">VER M\u00c1S<\/a><\/p>\n<p>[\/et_pb_blurb][et_pb_blurb title=\u00bbValle California\u00bb image=\u00bbhttps:\/\/www.fundaciontierraaustral.cl\/nueva\/wp-content\/uploads\/2025\/02\/portada-2-1.jpg\u00bb icon_placement=\u00bbleft\u00bb image_icon_width=\u00bb300px\u00bb content_max_width=\u00bb100%\u00bb admin_label=\u00bbValle California\u00bb module_id=\u00bb79aa5abd-c9a9-492d-8cd0-8bc527048c0b\u00bb module_class=\u00bbproyectos-home\u00bb _builder_version=\u00bb4.27.4&#8243; _module_preset=\u00bbdefault\u00bb header_text_color=\u00bb#f1f0ea\u00bb header_font_size=\u00bb26px\u00bb body_text_color=\u00bb#f1f0ea\u00bb body_link_font=\u00bb||||||||\u00bb body_link_text_color=\u00bb#FFFFFF\u00bb background_color=\u00bb#324237&#8243; image_icon_custom_margin=\u00bb|25px|||false|false\u00bb max_width=\u00bb700px\u00bb custom_margin=\u00bb|||100px|false|false\u00bb custom_padding=\u00bb25px|25px|25px|25px|false|false\u00bb animation_style=\u00bbslide\u00bb animation_direction=\u00bbleft\u00bb animation_intensity_slide=\u00bb25%\u00bb custom_css_blurb_title=\u00bbmargin-bottom:0;||padding-bottom:5px;\u00bb border_radii=\u00bbon|20px|20px|20px|20px\u00bb border_radii_image=\u00bbon|10px|10px|10px|10px\u00bb global_colors_info=\u00bb{}\u00bb]<\/p>\n<p>Palena, Regi\u00f3n de Los Lagos<\/p>\n<p><strong>SUPERFICIE PROTEGIDA:<\/strong> 3<span>.200 ha<\/span><br \/><strong>A\u00d1O:<\/strong> 2012<\/p>\n<p>Fundaci\u00f3n Tierra Austral y Patagonia Sur establecieron una Servidumbre de Conservaci\u00f3n para proteger los ecosistemas y la biodiversidad a perpetuidad de un predio de 3.200 hect\u00e1reas ubicado en la Provincia de Palena, Regi\u00f3n de Los Lagos. \u2028El predio posee alta diversidad biol\u00f3gica, conectividad paisaj\u00edstica para la vida silvestre, y presenta bosques nativos y recursos h\u00eddricos valiosos.<\/p>\n<p><a href=\"https:\/\/www.fundaciontierraaustral.cl\/proyectos\/valle-california\/\">VER M\u00c1S<\/a><\/p>\n<p>[\/et_pb_blurb][et_pb_text _builder_version=\u00bb4.27.4&#8243; _module_preset=\u00bbdefault\u00bb header_3_font=\u00bb&#8211;et_global_heading_font||||||||\u00bb header_3_font_size=\u00bb26px\u00bb header_3_line_height=\u00bb1.2em\u00bb max_width=\u00bb600px\u00bb max_width_tablet=\u00bb\u00bb max_width_phone=\u00bb100%\u00bb max_width_last_edited=\u00bbon|phone\u00bb custom_margin=\u00bb50px|||100px|false|false\u00bb custom_margin_tablet=\u00bb\u00bb custom_margin_phone=\u00bb25px|||0px|false|false\u00bb custom_margin_last_edited=\u00bbon|phone\u00bb global_colors_info=\u00bb{}\u00bb]<\/p>\n<h3>Como aliados en la conservaci\u00f3n en cada etapa del proceso, trabajamos para simplificar lo complejo, acompa\u00f1\u00e1ndote desde la idea inicial hasta la conservaci\u00f3n efectiva, asegurando un proceso claro y transparente.<\/h3>\n<p>[\/et_pb_text][\/et_pb_column][et_pb_column type=\u00bb1_4&#8243; _builder_version=\u00bb4.27.4&#8243; _module_preset=\u00bbdefault\u00bb custom_padding=\u00bb||||false|false\u00bb global_colors_info=\u00bb{}\u00bb][et_pb_text _builder_version=\u00bb4.27.4&#8243; _module_preset=\u00bbdefault\u00bb max_width=\u00bb200px\u00bb max_width_tablet=\u00bb\u00bb max_width_phone=\u00bb100%\u00bb max_width_last_edited=\u00bbon|phone\u00bb module_alignment=\u00bbright\u00bb module_alignment_tablet=\u00bb\u00bb module_alignment_phone=\u00bbcenter\u00bb module_alignment_last_edited=\u00bbon|phone\u00bb global_colors_info=\u00bb{}\u00bb]<\/p>\n<div><div id=\"image-map-pro-2c7972fb-2bbc-41fd-bcb9-b1305b6463fc\"><\/div><\/div>\n<p>[\/et_pb_text][\/et_pb_column][\/et_pb_row][\/et_pb_section][et_pb_section fb_built=\u00bb1&#8243; admin_label=\u00bbSection\u00bb module_id=\u00bbchile-central\u00bb _builder_version=\u00bb4.27.4&#8243; _module_preset=\u00bbdefault\u00bb background_color=\u00bb#fdfbf5&#8243; da_popup_slug=\u00bbchile-central\u00bb da_disable_devices=\u00bboff|off|off\u00bb global_colors_info=\u00bb{}\u00bb da_is_popup=\u00bboff\u00bb da_exit_intent=\u00bboff\u00bb da_has_close=\u00bbon\u00bb da_alt_close=\u00bboff\u00bb da_dark_close=\u00bboff\u00bb da_not_modal=\u00bbon\u00bb da_is_singular=\u00bboff\u00bb da_with_loader=\u00bboff\u00bb da_has_shadow=\u00bbon\u00bb][et_pb_row use_custom_gutter=\u00bbon\u00bb gutter_width=\u00bb2&#8243; _builder_version=\u00bb4.27.4&#8243; _module_preset=\u00bbdefault\u00bb scroll_fade_enable=\u00bbon\u00bb global_colors_info=\u00bb{}\u00bb][et_pb_column type=\u00bb4_4&#8243; _builder_version=\u00bb4.27.4&#8243; _module_preset=\u00bbdefault\u00bb global_colors_info=\u00bb{}\u00bb][et_pb_text _builder_version=\u00bb4.27.4&#8243; _module_preset=\u00bbdefault\u00bb text_font=\u00bbTelegraph 400|700||||||#fdfbf5|\u00bb text_text_color=\u00bb#f1f0ea\u00bb text_letter_spacing=\u00bb1px\u00bb text_orientation=\u00bbcenter\u00bb module_alignment=\u00bbcenter\u00bb custom_margin=\u00bb30px||50px||false|false\u00bb custom_padding=\u00bb||||false|false\u00bb custom_css_main_element=\u00bbtext-underline-offset:5px;\u00bb custom_css_free_form=\u00bb@media only screen and (max-width: 768px) {||  selector a { margin:0 auto 10px; display:block; padding:2px 10px; max-width:270px; text-align:center; }||}\u00bb global_colors_info=\u00bb{}\u00bb]<a href=\"#chile-central\" class=\"tag-active-page\">Chile Central<\/a> <a href=\"#sur-chile\" class=\"tag-inactive-page\">Sur de Chile y Patagonia<\/a>[\/et_pb_text][et_pb_text _builder_version=\u00bb4.27.4&#8243; _module_preset=\u00bbdefault\u00bb header_2_font=\u00bb&#8211;et_global_heading_font||||||||\u00bb header_2_text_align=\u00bbcenter\u00bb header_2_text_color=\u00bb#233428&#8243; header_2_font_size=\u00bb36px\u00bb header_2_line_height=\u00bb1.2em\u00bb header_3_text_align=\u00bbcenter\u00bb header_3_font_size=\u00bb26px\u00bb header_3_line_height=\u00bb1.2em\u00bb max_width=\u00bb900px\u00bb module_alignment=\u00bbcenter\u00bb custom_margin=\u00bb||||false|false\u00bb global_colors_info=\u00bb{}\u00bb]<\/p>\n<h2>Chile Central<\/h2>\n<h3>Esta iniciativa de conservaci\u00f3n protege paisajes ecol\u00f3gicamente significativos compuestos por el h\u00e1bitat mediterr\u00e1neo de Chile -el ecosistema m\u00e1s raro, amenazado y menos protegido del pa\u00eds- a trav\u00e9s del uso del Derecho Real de Conservaci\u00f3n (DRC).<\/h3>\n<p>[\/et_pb_text][\/et_pb_column][\/et_pb_row][et_pb_row column_structure=\u00bb1_3,1_3,1_3&#8243; use_custom_gutter=\u00bbon\u00bb gutter_width=\u00bb1&#8243; make_equal=\u00bbon\u00bb _builder_version=\u00bb4.27.4&#8243; _module_preset=\u00bbdefault\u00bb custom_margin=\u00bb||||false|false\u00bb custom_padding=\u00bb||||false|false\u00bb global_colors_info=\u00bb{}\u00bb][et_pb_column type=\u00bb1_3&#8243; _builder_version=\u00bb4.27.4&#8243; _module_preset=\u00bbdefault\u00bb global_colors_info=\u00bb{}\u00bb][et_pb_blurb title=\u00bbConstruimos \u00e1reas cr\u00edticas de conexi\u00f3n entre la Cordillera de Los Andes y la Cordillera de la Costa.\u00bb _builder_version=\u00bb4.27.4&#8243; _module_preset=\u00bbdefault\u00bb header_text_color=\u00bb#00541d\u00bb header_font_size=\u00bb30px\u00bb body_text_color=\u00bb#233428&#8243; body_font_size=\u00bb12px\u00bb body_line_height=\u00bb1.3em\u00bb background_color=\u00bb#f1f0ea\u00bb min_height=\u00bb240px\u00bb custom_margin=\u00bb||||false|false\u00bb custom_margin_tablet=\u00bb||||false|false\u00bb custom_margin_phone=\u00bb||10px||false|false\u00bb custom_margin_last_edited=\u00bbon|phone\u00bb custom_padding=\u00bb25px|25px|25px|25px|false|false\u00bb animation_style=\u00bbslide\u00bb animation_direction=\u00bbleft\u00bb animation_delay=\u00bb300ms\u00bb global_colors_info=\u00bb{}\u00bb][\/et_pb_blurb][\/et_pb_column][et_pb_column type=\u00bb1_3&#8243; _builder_version=\u00bb4.27.4&#8243; _module_preset=\u00bbdefault\u00bb global_colors_info=\u00bb{}\u00bb][et_pb_blurb title=\u00bbCreamos corredores de conservaci\u00f3n en la zona m\u00e1s habitada del pa\u00eds.\u00bb _builder_version=\u00bb4.27.4&#8243; _module_preset=\u00bbdefault\u00bb header_text_color=\u00bb#00541d\u00bb header_font_size=\u00bb30px\u00bb body_text_color=\u00bb#233428&#8243; body_font_size=\u00bb12px\u00bb body_line_height=\u00bb1.3em\u00bb background_color=\u00bb#f1f0ea\u00bb min_height=\u00bb240px\u00bb custom_margin=\u00bb|5px||5px|false|false\u00bb custom_margin_tablet=\u00bb|5px||5px|false|false\u00bb custom_margin_phone=\u00bb10px|0px|10px|0px|false|false\u00bb custom_margin_last_edited=\u00bbon|phone\u00bb custom_padding=\u00bb25px|25px|25px|25px|false|false\u00bb animation_style=\u00bbslide\u00bb animation_direction=\u00bbleft\u00bb animation_delay=\u00bb150ms\u00bb global_colors_info=\u00bb{}\u00bb][\/et_pb_blurb][\/et_pb_column][et_pb_column type=\u00bb1_3&#8243; _builder_version=\u00bb4.27.4&#8243; _module_preset=\u00bbdefault\u00bb global_colors_info=\u00bb{}\u00bb][et_pb_blurb title=\u00bbZona reconocida mundialmente como hotspot de biodiversidad.\u00bb _builder_version=\u00bb4.27.4&#8243; _module_preset=\u00bbdefault\u00bb header_text_color=\u00bb#00541d\u00bb header_font_size=\u00bb30px\u00bb body_text_color=\u00bb#233428&#8243; body_font_size=\u00bb12px\u00bb body_line_height=\u00bb1.3em\u00bb background_color=\u00bb#f1f0ea\u00bb min_height=\u00bb240px\u00bb custom_margin=\u00bb||||false|false\u00bb custom_margin_tablet=\u00bb||||false|false\u00bb custom_margin_phone=\u00bb10px|0px|10px|0px|false|false\u00bb custom_margin_last_edited=\u00bbon|phone\u00bb custom_padding=\u00bb25px|25px|25px|25px|false|false\u00bb animation_style=\u00bbslide\u00bb animation_direction=\u00bbleft\u00bb global_colors_info=\u00bb{}\u00bb][\/et_pb_blurb][\/et_pb_column][\/et_pb_row][et_pb_row _builder_version=\u00bb4.27.4&#8243; _module_preset=\u00bbdefault\u00bb custom_padding=\u00bb||0px||false|false\u00bb global_colors_info=\u00bb{}\u00bb][et_pb_column type=\u00bb4_4&#8243; _builder_version=\u00bb4.27.4&#8243; _module_preset=\u00bbdefault\u00bb global_colors_info=\u00bb{}\u00bb][et_pb_text _builder_version=\u00bb4.27.4&#8243; _module_preset=\u00bbdefault\u00bb header_2_font=\u00bb&#8211;et_global_heading_font||||||||\u00bb header_2_text_align=\u00bbcenter\u00bb header_2_text_color=\u00bb#233428&#8243; header_2_font_size=\u00bb36px\u00bb header_2_line_height=\u00bb1.2em\u00bb custom_margin=\u00bb||||false|false\u00bb global_colors_info=\u00bb{}\u00bb]<\/p>\n<h2>Proyectos<\/h2>\n<p>[\/et_pb_text][\/et_pb_column][\/et_pb_row][et_pb_row use_custom_gutter=\u00bbon\u00bb gutter_width=\u00bb2&#8243; disabled_on=\u00bbon|on|off\u00bb _builder_version=\u00bb4.27.4&#8243; _module_preset=\u00bbdefault\u00bb custom_padding=\u00bb10px||||false|false\u00bb global_colors_info=\u00bb{}\u00bb][et_pb_column type=\u00bb4_4&#8243; _builder_version=\u00bb4.27.4&#8243; _module_preset=\u00bbdefault\u00bb global_colors_info=\u00bb{}\u00bb][et_pb_portfolio fullwidth=\u00bboff\u00bb posts_number=\u00bb-1&#8243; include_categories=\u00bb9&#8243; show_categories=\u00bboff\u00bb zoom_icon_color=\u00bbrgba(255,255,255,0)\u00bb hover_overlay_color=\u00bbrgba(0,0,0,0)\u00bb hover_icon=\u00bb&#x54;||divi||400&#8243; module_class=\u00bbthree-column-grid pa-portfolio-image-3-4&#8243; _builder_version=\u00bb4.27.4&#8243; _module_preset=\u00bbdefault\u00bb title_font_size=\u00bb28px\u00bb title_font_size_tablet=\u00bb28px\u00bb title_font_size_phone=\u00bb26px\u00bb title_font_size_last_edited=\u00bbon|phone\u00bb custom_css_free_form=\u00bb\/* THREE COLUMN PORTFOLIO GRID LAYOUT *\/||||@media only screen and ( min-width: 768px ) {||||.three-column-grid .et_pb_grid_item {||width: 31.3% !important;||margin: 0 3% 25px 0 !important;||}|| ||.three-column-grid .et_pb_grid_item:nth-child(3n) {||margin-right: 0 !important;||}||||.three-column-grid .et_pb_grid_item:nth-child(3n+1) {||clear: left;||}||||.three-column-grid .et_pb_grid_item:nth-child(4n+1) {||clear: unset !important;||}||||}\u00bb border_radii_image=\u00bbon|10px|10px|10px|10px\u00bb global_colors_info=\u00bb{}\u00bb][\/et_pb_portfolio][\/et_pb_column][\/et_pb_row][et_pb_row custom_padding_last_edited=\u00bbon|phone\u00bb disabled_on=\u00bboff|off|on\u00bb _builder_version=\u00bb4.27.4&#8243; _module_preset=\u00bbdefault\u00bb custom_padding_tablet=\u00bb\u00bb custom_padding_phone=\u00bb0px||0px||false|false\u00bb global_colors_info=\u00bb{}\u00bb][et_pb_column type=\u00bb4_4&#8243; _builder_version=\u00bb4.27.4&#8243; _module_preset=\u00bbdefault\u00bb global_colors_info=\u00bb{}\u00bb][et_pb_fh_post_carousel selected_post_type=\u00bbproject\u00bb posts_number=\u00bb9&#8243; include_taxonomy_project=\u00bbproject_category\u00bb include_cat_project_category=\u00bb9&#8243; show_pagination=\u00bboff\u00bb show_more_button=\u00bboff\u00bb show_meta=\u00bboff\u00bb autoplay_time=\u00bb2500&#8243; item_margin=\u00bb20&#8243; dots_each=\u00bbon\u00bb _builder_version=\u00bb4.27.4&#8243; _module_preset=\u00bbdefault\u00bb background_color=\u00bb#fdfbf5&#8243; header_font_size_tablet=\u00bb\u00bb header_font_size_phone=\u00bb26px\u00bb header_font_size_last_edited=\u00bbon|phone\u00bb global_colors_info=\u00bb{}\u00bb][\/et_pb_fh_post_carousel][\/et_pb_column][\/et_pb_row][\/et_pb_section][et_pb_section fb_built=\u00bb1&#8243; admin_label=\u00bbSection\u00bb module_id=\u00bbsur-chile\u00bb _builder_version=\u00bb4.27.4&#8243; _module_preset=\u00bbdefault\u00bb background_color=\u00bb#fdfbf5&#8243; da_popup_slug=\u00bbsur-chile\u00bb da_disable_devices=\u00bboff|off|off\u00bb global_colors_info=\u00bb{}\u00bb da_is_popup=\u00bboff\u00bb da_exit_intent=\u00bboff\u00bb da_has_close=\u00bbon\u00bb da_alt_close=\u00bboff\u00bb da_dark_close=\u00bboff\u00bb da_not_modal=\u00bbon\u00bb da_is_singular=\u00bboff\u00bb da_with_loader=\u00bboff\u00bb da_has_shadow=\u00bbon\u00bb][et_pb_row use_custom_gutter=\u00bbon\u00bb gutter_width=\u00bb2&#8243; _builder_version=\u00bb4.27.4&#8243; _module_preset=\u00bbdefault\u00bb scroll_fade_enable=\u00bbon\u00bb global_colors_info=\u00bb{}\u00bb][et_pb_column type=\u00bb4_4&#8243; _builder_version=\u00bb4.27.4&#8243; _module_preset=\u00bbdefault\u00bb global_colors_info=\u00bb{}\u00bb][et_pb_text _builder_version=\u00bb4.27.4&#8243; _module_preset=\u00bbdefault\u00bb text_font=\u00bbTelegraph 400|700||||||#fdfbf5|\u00bb text_text_color=\u00bb#f1f0ea\u00bb text_letter_spacing=\u00bb1px\u00bb text_orientation=\u00bbcenter\u00bb module_alignment=\u00bbcenter\u00bb custom_margin=\u00bb30px||50px||false|false\u00bb custom_padding=\u00bb||||false|false\u00bb custom_css_main_element=\u00bbtext-underline-offset:5px;\u00bb custom_css_free_form=\u00bb@media only screen and (max-width: 768px) {||  selector a { margin:0 auto 10px; display:block; padding:2px 10px; max-width:270px; text-align:center; }||}\u00bb global_colors_info=\u00bb{}\u00bb]<a href=\"#chile-central\" class=\"tag-inactive-page\">Chile Central<\/a> <a href=\"sur-chile\" class=\"tag-active-page\">Sur de Chile y Patagonia<\/a>[\/et_pb_text][et_pb_text _builder_version=\u00bb4.27.4&#8243; _module_preset=\u00bbdefault\u00bb header_2_font=\u00bb&#8211;et_global_heading_font||||||||\u00bb header_2_text_align=\u00bbcenter\u00bb header_2_text_color=\u00bb#233428&#8243; header_2_font_size=\u00bb36px\u00bb header_2_line_height=\u00bb1.2em\u00bb header_3_text_align=\u00bbcenter\u00bb header_3_font_size=\u00bb26px\u00bb header_3_line_height=\u00bb1.2em\u00bb max_width=\u00bb900px\u00bb module_alignment=\u00bbcenter\u00bb custom_margin=\u00bb||||false|false\u00bb global_colors_info=\u00bb{}\u00bb]<\/p>\n<h2>Sur de Chile y Patagonia<\/h2>\n<h3>La Patagonia chilena es una de las regiones naturales m\u00e1s ic\u00f3nicas del mundo, dada su riqueza y diversidad de vida silvestre. Es un \u00e1rea \u00fanica con paisajes formados por glaciares, bosques, fiordos, estepas y turberas.<\/h3>\n<p>[\/et_pb_text][\/et_pb_column][\/et_pb_row][et_pb_row column_structure=\u00bb1_3,1_3,1_3&#8243; use_custom_gutter=\u00bbon\u00bb gutter_width=\u00bb1&#8243; make_equal=\u00bbon\u00bb _builder_version=\u00bb4.27.4&#8243; _module_preset=\u00bbdefault\u00bb custom_margin=\u00bb||||false|false\u00bb custom_padding=\u00bb||0px||false|false\u00bb global_colors_info=\u00bb{}\u00bb][et_pb_column type=\u00bb1_3&#8243; _builder_version=\u00bb4.27.4&#8243; _module_preset=\u00bbdefault\u00bb global_colors_info=\u00bb{}\u00bb][et_pb_blurb title=\u00bbLa regi\u00f3n cuenta con los bosques continuos m\u00e1s grandes y pr\u00edstinos del mundo\u00bb _builder_version=\u00bb4.27.4&#8243; _module_preset=\u00bbdefault\u00bb header_text_color=\u00bb#00541d\u00bb header_font_size=\u00bb30px\u00bb body_text_color=\u00bb#233428&#8243; body_font_size=\u00bb12px\u00bb body_line_height=\u00bb1.3em\u00bb background_color=\u00bb#f1f0ea\u00bb min_height=\u00bb240px\u00bb custom_margin=\u00bb||||false|false\u00bb custom_margin_tablet=\u00bb||||false|false\u00bb custom_margin_phone=\u00bb||10px||false|false\u00bb custom_margin_last_edited=\u00bbon|phone\u00bb custom_padding=\u00bb25px|25px|25px|25px|false|false\u00bb animation_style=\u00bbslide\u00bb animation_direction=\u00bbleft\u00bb animation_delay=\u00bb300ms\u00bb global_colors_info=\u00bb{}\u00bb][\/et_pb_blurb][\/et_pb_column][et_pb_column type=\u00bb1_3&#8243; _builder_version=\u00bb4.27.4&#8243; _module_preset=\u00bbdefault\u00bb global_colors_info=\u00bb{}\u00bb][et_pb_blurb title=\u00bbTrabajo colaborativo con actores locales\u00bb _builder_version=\u00bb4.27.4&#8243; _module_preset=\u00bbdefault\u00bb header_text_color=\u00bb#00541d\u00bb header_font_size=\u00bb30px\u00bb body_text_color=\u00bb#233428&#8243; body_font_size=\u00bb12px\u00bb body_line_height=\u00bb1.3em\u00bb background_color=\u00bb#f1f0ea\u00bb min_height=\u00bb240px\u00bb custom_margin=\u00bb|5px||5px|false|false\u00bb custom_margin_tablet=\u00bb|5px||5px|false|false\u00bb custom_margin_phone=\u00bb10px|0px|10px|0px|false|false\u00bb custom_margin_last_edited=\u00bbon|phone\u00bb custom_padding=\u00bb25px|25px|25px|25px|false|false\u00bb animation_style=\u00bbslide\u00bb animation_direction=\u00bbleft\u00bb animation_delay=\u00bb150ms\u00bb global_colors_info=\u00bb{}\u00bb][\/et_pb_blurb][\/et_pb_column][et_pb_column type=\u00bb1_3&#8243; _builder_version=\u00bb4.27.4&#8243; _module_preset=\u00bbdefault\u00bb global_colors_info=\u00bb{}\u00bb][et_pb_blurb title=\u00bbEcosistemas en peligro de desaparecer por la actividad humana e industrial desregulada\u00bb _builder_version=\u00bb4.27.4&#8243; _module_preset=\u00bbdefault\u00bb header_text_color=\u00bb#00541d\u00bb header_font_size=\u00bb30px\u00bb body_text_color=\u00bb#233428&#8243; body_font_size=\u00bb12px\u00bb body_line_height=\u00bb1.3em\u00bb background_color=\u00bb#f1f0ea\u00bb min_height=\u00bb240px\u00bb custom_margin=\u00bb||||false|false\u00bb custom_margin_tablet=\u00bb||||false|false\u00bb custom_margin_phone=\u00bb10px|0px|10px|0px|false|false\u00bb custom_margin_last_edited=\u00bbon|phone\u00bb custom_padding=\u00bb25px|25px|25px|25px|false|false\u00bb animation_style=\u00bbslide\u00bb animation_direction=\u00bbleft\u00bb global_colors_info=\u00bb{}\u00bb][\/et_pb_blurb][\/et_pb_column][\/et_pb_row][et_pb_row use_custom_gutter=\u00bbon\u00bb gutter_width=\u00bb2&#8243; _builder_version=\u00bb4.27.4&#8243; _module_preset=\u00bbdefault\u00bb scroll_fade_enable=\u00bbon\u00bb global_colors_info=\u00bb{}\u00bb][et_pb_column type=\u00bb4_4&#8243; _builder_version=\u00bb4.27.4&#8243; _module_preset=\u00bbdefault\u00bb global_colors_info=\u00bb{}\u00bb][et_pb_text _builder_version=\u00bb4.27.4&#8243; _module_preset=\u00bbdefault\u00bb header_2_font=\u00bb&#8211;et_global_heading_font||||||||\u00bb header_2_text_align=\u00bbcenter\u00bb header_2_text_color=\u00bb#233428&#8243; header_2_font_size=\u00bb36px\u00bb header_2_line_height=\u00bb1.2em\u00bb header_3_text_align=\u00bbcenter\u00bb header_3_font_size=\u00bb26px\u00bb max_width=\u00bb600px\u00bb module_alignment=\u00bbcenter\u00bb custom_margin=\u00bb||||false|false\u00bb global_colors_info=\u00bb{}\u00bb]<\/p>\n<h3>En Tierra Austral trabajamos con actores locales, p\u00fablicos y privados para la conservaci\u00f3n efectiva y perpetua de estos ecosistemas.<\/h3>\n<p>[\/et_pb_text][\/et_pb_column][\/et_pb_row][et_pb_row _builder_version=\u00bb4.27.4&#8243; _module_preset=\u00bbdefault\u00bb custom_padding=\u00bb||0px||false|false\u00bb global_colors_info=\u00bb{}\u00bb][et_pb_column type=\u00bb4_4&#8243; _builder_version=\u00bb4.27.4&#8243; _module_preset=\u00bbdefault\u00bb global_colors_info=\u00bb{}\u00bb][et_pb_text _builder_version=\u00bb4.27.4&#8243; _module_preset=\u00bbdefault\u00bb header_2_font=\u00bb&#8211;et_global_heading_font||||||||\u00bb header_2_text_align=\u00bbcenter\u00bb header_2_text_color=\u00bb#233428&#8243; header_2_font_size=\u00bb36px\u00bb header_2_line_height=\u00bb1.2em\u00bb custom_margin=\u00bb||||false|false\u00bb global_colors_info=\u00bb{}\u00bb]<\/p>\n<h2>Proyectos<\/h2>\n<p>[\/et_pb_text][\/et_pb_column][\/et_pb_row][et_pb_row use_custom_gutter=\u00bbon\u00bb gutter_width=\u00bb2&#8243; disabled_on=\u00bbon|on|off\u00bb _builder_version=\u00bb4.27.4&#8243; _module_preset=\u00bbdefault\u00bb custom_padding=\u00bb10px||||false|false\u00bb global_colors_info=\u00bb{}\u00bb][et_pb_column type=\u00bb4_4&#8243; _builder_version=\u00bb4.27.4&#8243; _module_preset=\u00bbdefault\u00bb global_colors_info=\u00bb{}\u00bb][et_pb_portfolio fullwidth=\u00bboff\u00bb posts_number=\u00bb-1&#8243; include_categories=\u00bb10&#8243; show_categories=\u00bboff\u00bb zoom_icon_color=\u00bbrgba(255,255,255,0)\u00bb hover_overlay_color=\u00bbrgba(0,0,0,0)\u00bb hover_icon=\u00bb&#x54;||divi||400&#8243; module_class=\u00bbthree-column-grid pa-portfolio-image-3-4&#8243; _builder_version=\u00bb4.27.4&#8243; _module_preset=\u00bbdefault\u00bb title_font_size=\u00bb28px\u00bb title_font_size_tablet=\u00bb28px\u00bb title_font_size_phone=\u00bb26px\u00bb title_font_size_last_edited=\u00bbon|phone\u00bb custom_css_free_form=\u00bb\/* THREE COLUMN PORTFOLIO GRID LAYOUT *\/||||@media only screen and ( min-width: 768px ) {||||.three-column-grid .et_pb_grid_item {||width: 31.3% !important;||margin: 0 3% 25px 0 !important;||}|| ||.three-column-grid .et_pb_grid_item:nth-child(3n) {||margin-right: 0 !important;||}||||.three-column-grid .et_pb_grid_item:nth-child(3n+1) {||clear: left;||}||||.three-column-grid .et_pb_grid_item:nth-child(4n+1) {||clear: unset !important;||}||||}\u00bb border_radii_image=\u00bbon|10px|10px|10px|10px\u00bb global_colors_info=\u00bb{}\u00bb][\/et_pb_portfolio][\/et_pb_column][\/et_pb_row][et_pb_row custom_padding_last_edited=\u00bbon|phone\u00bb disabled_on=\u00bboff|off|on\u00bb _builder_version=\u00bb4.27.4&#8243; _module_preset=\u00bbdefault\u00bb custom_padding_tablet=\u00bb\u00bb custom_padding_phone=\u00bb0px||0px||false|false\u00bb global_colors_info=\u00bb{}\u00bb][et_pb_column type=\u00bb4_4&#8243; _builder_version=\u00bb4.27.4&#8243; _module_preset=\u00bbdefault\u00bb global_colors_info=\u00bb{}\u00bb][et_pb_fh_post_carousel selected_post_type=\u00bbproject\u00bb posts_number=\u00bb9&#8243; include_taxonomy_project=\u00bbproject_category\u00bb include_cat_project_category=\u00bb10&#8243; show_pagination=\u00bboff\u00bb show_more_button=\u00bboff\u00bb show_meta=\u00bboff\u00bb autoplay_time=\u00bb2500&#8243; item_margin=\u00bb20&#8243; dots_each=\u00bbon\u00bb _builder_version=\u00bb4.27.4&#8243; _module_preset=\u00bbdefault\u00bb background_color=\u00bb#fdfbf5&#8243; header_font_size_tablet=\u00bb\u00bb header_font_size_phone=\u00bb26px\u00bb header_font_size_last_edited=\u00bbon|phone\u00bb global_colors_info=\u00bb{}\u00bb][\/et_pb_fh_post_carousel][\/et_pb_column][\/et_pb_row][\/et_pb_section]<\/p>\n","protected":false},"excerpt":{"rendered":"<p>Mapa InteractivoExplora nuestros proyectos de conservaci\u00f3n en el mapaPanquehue, Regi\u00f3n de Valpara\u00edso SUPERFICIE PROTEGIDA: 228 haA\u00d1O: 2021 Cerro La Giganta est\u00e1 ubicado en la comuna de Panquehue, Regi\u00f3n de Valpara\u00edso. Inserto en el ecosistema mediterr\u00e1neo de Chile central, la zona cuenta con una importante presencia de especies arb\u00f3reas, arbustivas y de flora nativa y end\u00e9mica. [&hellip;]<\/p>\n","protected":false},"author":1,"featured_media":0,"parent":0,"menu_order":0,"comment_status":"closed","ping_status":"closed","template":"","meta":{"_et_pb_use_builder":"on","_et_pb_old_content":"<!-- wp:divi\/placeholder \/-->","_et_gb_content_width":"","inline_featured_image":false,"footnotes":""},"class_list":["post-250212","page","type-page","status-publish","hentry"],"_links":{"self":[{"href":"https:\/\/www.fundaciontierraaustral.cl\/eng\/wp-json\/wp\/v2\/pages\/250212","targetHints":{"allow":["GET"]}}],"collection":[{"href":"https:\/\/www.fundaciontierraaustral.cl\/eng\/wp-json\/wp\/v2\/pages"}],"about":[{"href":"https:\/\/www.fundaciontierraaustral.cl\/eng\/wp-json\/wp\/v2\/types\/page"}],"author":[{"embeddable":true,"href":"https:\/\/www.fundaciontierraaustral.cl\/eng\/wp-json\/wp\/v2\/users\/1"}],"replies":[{"embeddable":true,"href":"https:\/\/www.fundaciontierraaustral.cl\/eng\/wp-json\/wp\/v2\/comments?post=250212"}],"version-history":[{"count":41,"href":"https:\/\/www.fundaciontierraaustral.cl\/eng\/wp-json\/wp\/v2\/pages\/250212\/revisions"}],"predecessor-version":[{"id":253923,"href":"https:\/\/www.fundaciontierraaustral.cl\/eng\/wp-json\/wp\/v2\/pages\/250212\/revisions\/253923"}],"wp:attachment":[{"href":"https:\/\/www.fundaciontierraaustral.cl\/eng\/wp-json\/wp\/v2\/media?parent=250212"}],"curies":[{"name":"wp","href":"https:\/\/api.w.org\/{rel}","templated":true}]}}