{"id":250010,"date":"2025-02-03T15:51:50","date_gmt":"2025-02-03T18:51:50","guid":{"rendered":"https:\/\/www.fundaciontierraaustral.cl\/nueva\/?page_id=250010"},"modified":"2026-02-25T11:39:07","modified_gmt":"2026-02-25T14:39:07","slug":"sobre-nosotros","status":"publish","type":"page","link":"https:\/\/www.fundaciontierraaustral.cl\/eng\/sobre-nosotros\/","title":{"rendered":"About Us"},"content":{"rendered":"<p>[et_pb_section fb_built=\u00bb1&#8243; custom_padding_last_edited=\u00bbon|phone\u00bb admin_label=\u00bbSection\u00bb _builder_version=\u00bb4.27.4&#8243; _module_preset=\u00bbdefault\u00bb background_image=\u00bbhttps:\/\/www.fundaciontierraaustral.cl\/nueva\/wp-content\/uploads\/2025\/04\/protegiendo-el-patrimonio3.jpg\u00bb parallax=\u00bbon\u00bb custom_margin=\u00bb||||false|false\u00bb custom_margin_tablet=\u00bb||||false|false\u00bb custom_margin_phone=\u00bb60px||||false|false\u00bb custom_margin_last_edited=\u00bbon|phone\u00bb custom_padding=\u00bb150px||150px||false|false\u00bb custom_padding_tablet=\u00bb150px||150px||false|false\u00bb custom_padding_phone=\u00bb50px||50px||false|false\u00bb background_last_edited=\u00bbon|phone\u00bb background_image_phone=\u00bbhttps:\/\/www.fundaciontierraaustral.cl\/nueva\/wp-content\/uploads\/2025\/04\/protegiendo-el-patrimonio3.jpg\u00bb background_enable_image_phone=\u00bbon\u00bb parallax_phone=\u00bboff\u00bb background_position_phone=\u00bbtop_right\u00bb da_disable_devices=\u00bboff|off|off\u00bb global_colors_info=\u00bb{}\u00bb da_is_popup=\u00bboff\u00bb da_exit_intent=\u00bboff\u00bb da_has_close=\u00bbon\u00bb da_alt_close=\u00bboff\u00bb da_dark_close=\u00bboff\u00bb da_not_modal=\u00bbon\u00bb da_is_singular=\u00bboff\u00bb da_with_loader=\u00bboff\u00bb da_has_shadow=\u00bbon\u00bb][et_pb_row _builder_version=\u00bb4.27.4&#8243; _module_preset=\u00bbdefault\u00bb custom_margin=\u00bb||||false|false\u00bb sticky_limit_bottom=\u00bbsection\u00bb global_colors_info=\u00bb{}\u00bb][et_pb_column type=\u00bb4_4&#8243; _builder_version=\u00bb4.27.4&#8243; _module_preset=\u00bbdefault\u00bb global_colors_info=\u00bb{}\u00bb][et_pb_text _builder_version=\u00bb4.27.4&#8243; _module_preset=\u00bbdefault\u00bb header_text_align=\u00bbcenter\u00bb header_text_color=\u00bb#FFFFFF\u00bb header_font_size=\u00bb46px\u00bb background_enable_image=\u00bboff\u00bb max_width=\u00bb440px\u00bb module_alignment=\u00bbcenter\u00bb header_font_size_tablet=\u00bb46px\u00bb header_font_size_phone=\u00bb32px\u00bb header_font_size_last_edited=\u00bbon|phone\u00bb global_colors_info=\u00bb{}\u00bb]<\/p>\n<h1>Protegiendo el patrimonio natural de Chile para siempre<\/h1>\n<p>[\/et_pb_text][\/et_pb_column][\/et_pb_row][\/et_pb_section][et_pb_section fb_built=\u00bb1&#8243; admin_label=\u00bbSection\u00bb module_id=\u00bbnuestra-historia\u00bb _builder_version=\u00bb4.27.4&#8243; _module_preset=\u00bbdefault\u00bb background_color=\u00bb#fdfbf5&#8243; da_popup_slug=\u00bbnuestra-historia\u00bb da_disable_devices=\u00bboff|off|off\u00bb global_colors_info=\u00bb{}\u00bb da_is_popup=\u00bboff\u00bb da_exit_intent=\u00bboff\u00bb da_has_close=\u00bbon\u00bb da_alt_close=\u00bboff\u00bb da_dark_close=\u00bboff\u00bb da_not_modal=\u00bbon\u00bb da_is_singular=\u00bboff\u00bb da_with_loader=\u00bboff\u00bb da_has_shadow=\u00bbon\u00bb][et_pb_row column_structure=\u00bb1_2,1_2&#8243; use_custom_gutter=\u00bbon\u00bb gutter_width=\u00bb2&#8243; custom_padding_last_edited=\u00bbon|phone\u00bb _builder_version=\u00bb4.27.4&#8243; _module_preset=\u00bbdefault\u00bb custom_padding_tablet=\u00bb\u00bb custom_padding_phone=\u00bb0px||0px||false|false\u00bb scroll_fade_enable=\u00bbon\u00bb scroll_fade=\u00bb0|71|71|100|0|100|100&#8243; motion_trigger_start=\u00bbtop\u00bb global_colors_info=\u00bb{}\u00bb][et_pb_column type=\u00bb1_2&#8243; _builder_version=\u00bb4.27.4&#8243; _module_preset=\u00bbdefault\u00bb scroll_horizontal_motion=\u00bb0|50|50|100|-22|0|0&#8243; motion_trigger_start=\u00bbtop\u00bb global_colors_info=\u00bb{}\u00bb][et_pb_text _builder_version=\u00bb4.27.4&#8243; _module_preset=\u00bbdefault\u00bb text_font=\u00bbTelegraf Medium|600|||on|||#233428|\u00bb text_text_color=\u00bb#233428&#8243; custom_margin=\u00bb||||false|false\u00bb custom_padding=\u00bb||||false|false\u00bb custom_css_main_element=\u00bbtext-underline-offset:5px;\u00bb global_colors_info=\u00bb{}\u00bb]<\/p>\n<p>Nuestra Historia<\/p>\n<p>[\/et_pb_text][et_pb_text _builder_version=\u00bb4.27.4&#8243; _module_preset=\u00bbdefault\u00bb header_2_font=\u00bb&#8211;et_global_heading_font||||||||\u00bb header_2_text_color=\u00bb#233428&#8243; header_2_font_size=\u00bb36px\u00bb header_2_line_height=\u00bb1.2em\u00bb max_width=\u00bb420px\u00bb custom_margin=\u00bb||||false|false\u00bb global_colors_info=\u00bb{}\u00bb]<\/p>\n<h2>M\u00e1s de 12 a\u00f1os trabajando por la conservaci\u00f3n de la naturaleza<\/h2>\n<p>[\/et_pb_text][et_pb_text _builder_version=\u00bb4.27.4&#8243; _module_preset=\u00bbdefault\u00bb text_text_color=\u00bb#161616&#8243; text_font_size=\u00bb15px\u00bb max_width=\u00bb455px\u00bb global_colors_info=\u00bb{}\u00bb]<\/p>\n<p>Fundaci\u00f3n Tierra Austral es una organizaci\u00f3n sin fines de lucro creada a principios de 2012\u00a0para trabajar activamente en la conservaci\u00f3n de tierras privadas de alto valor ecol\u00f3gico a lo largo del pa\u00eds. Trabajamos con diferentes propietarios para crear nuevas \u00e1reas privadas protegidas que ser\u00e1n conservadas a perpetuidad a trav\u00e9s del uso del Derecho Real de Conservaci\u00f3n y otras herramientas legales disponibles.<\/p>\n<p>Nuestro objetivo es conservar territorios ecol\u00f3gicamente saludables, su biodiversidad y establecer corredores de vida silvestre; estrategias cr\u00edticas para la mitigaci\u00f3n y adaptaci\u00f3n al cambio clim\u00e1tico.<\/p>\n<p>[\/et_pb_text][et_pb_image src=\u00bbhttps:\/\/www.fundaciontierraaustral.cl\/nueva\/wp-content\/uploads\/2025\/02\/historia1.png\u00bb title_text=\u00bbhistoria1&#8243; _builder_version=\u00bb4.27.4&#8243; _module_preset=\u00bbdefault\u00bb max_width=\u00bb350px\u00bb global_colors_info=\u00bb{}\u00bb][\/et_pb_image][\/et_pb_column][et_pb_column type=\u00bb1_2&#8243; _builder_version=\u00bb4.27.4&#8243; _module_preset=\u00bbdefault\u00bb scroll_horizontal_motion=\u00bb0|50|50|100|22|0|0&#8243; motion_trigger_start=\u00bbtop\u00bb global_colors_info=\u00bb{}\u00bb][et_pb_image src=\u00bbhttps:\/\/www.fundaciontierraaustral.cl\/nueva\/wp-content\/uploads\/2025\/02\/historia2.png\u00bb title_text=\u00bbhistoria2&#8243; disabled_on=\u00bbon|on|off\u00bb _builder_version=\u00bb4.27.4&#8243; _module_preset=\u00bbdefault\u00bb max_width=\u00bb220px\u00bb module_alignment=\u00bbright\u00bb custom_margin=\u00bb||25px||false|false\u00bb global_colors_info=\u00bb{}\u00bb][\/et_pb_image][et_pb_text _builder_version=\u00bb4.27.4&#8243; _module_preset=\u00bbdefault\u00bb header_2_font=\u00bb&#8211;et_global_heading_font||||||||\u00bb header_2_text_align=\u00bbright\u00bb header_2_text_color=\u00bb#233428&#8243; header_2_font_size=\u00bb36px\u00bb header_2_line_height=\u00bb1.2em\u00bb max_width=\u00bb430px\u00bb module_alignment=\u00bbright\u00bb custom_margin=\u00bb||||false|false\u00bb global_colors_info=\u00bb{}\u00bb]<\/p>\n<h2>Primera Organizaci\u00f3n Garante de Conservaci\u00f3n o Land Trust de Chile<\/h2>\n<p>[\/et_pb_text][et_pb_text _builder_version=\u00bb4.27.4&#8243; _module_preset=\u00bbdefault\u00bb text_text_color=\u00bb#161616&#8243; text_font_size=\u00bb15px\u00bb text_orientation=\u00bbright\u00bb max_width=\u00bb460px\u00bb module_alignment=\u00bbright\u00bb global_colors_info=\u00bb{}\u00bb]<\/p>\n<p>Una Organizaci\u00f3n Garante de la Conservaci\u00f3n (OGC) o Land Trust es una entidad sin fines de lucro cuya misi\u00f3n es la conservaci\u00f3n de la biodiversidad, y\/o de sus valores culturales o de bienestar humano asociados, en propiedades privadas. Act\u00faa en favor de la custodia del territorio protegido (o\u00a0land stewardship), garantizando la conservaci\u00f3n efectiva de la naturaleza en el largo plazo. Fundaci\u00f3n Tierra Austral fue la primera Organizaci\u00f3n Garante de Conservaci\u00f3n (OGC) de Chile.<\/p>\n<p>[\/et_pb_text][et_pb_image src=\u00bbhttps:\/\/www.fundaciontierraaustral.cl\/nueva\/wp-content\/uploads\/2025\/02\/historia2.png\u00bb title_text=\u00bbhistoria2&#8243; disabled_on=\u00bboff|off|on\u00bb _builder_version=\u00bb4.27.4&#8243; _module_preset=\u00bbdefault\u00bb max_width=\u00bb220px\u00bb module_alignment=\u00bbright\u00bb custom_margin=\u00bb||25px||false|false\u00bb global_colors_info=\u00bb{}\u00bb][\/et_pb_image][\/et_pb_column][\/et_pb_row][\/et_pb_section][et_pb_section fb_built=\u00bb1&#8243; admin_label=\u00bbSection\u00bb module_id=\u00bbnuestro-proposito\u00bb _builder_version=\u00bb4.27.4&#8243; _module_preset=\u00bbdefault\u00bb background_color=\u00bb#00541d\u00bb overflow-x=\u00bbhidden\u00bb custom_padding=\u00bb0px||0px||false|false\u00bb da_popup_slug=\u00bbnuestro-proposito\u00bb da_disable_devices=\u00bboff|off|off\u00bb global_colors_info=\u00bb{}\u00bb da_is_popup=\u00bboff\u00bb da_exit_intent=\u00bboff\u00bb da_has_close=\u00bbon\u00bb da_alt_close=\u00bboff\u00bb da_dark_close=\u00bboff\u00bb da_not_modal=\u00bbon\u00bb da_is_singular=\u00bboff\u00bb da_with_loader=\u00bboff\u00bb da_has_shadow=\u00bbon\u00bb][et_pb_row column_structure=\u00bb1_2,1_2&#8243; use_custom_gutter=\u00bbon\u00bb gutter_width=\u00bb2&#8243; make_equal=\u00bbon\u00bb _builder_version=\u00bb4.27.4&#8243; _module_preset=\u00bbdefault\u00bb width=\u00bb100%\u00bb max_width=\u00bb100%\u00bb custom_padding=\u00bb0px||0px||false|false\u00bb global_colors_info=\u00bb{}\u00bb][et_pb_column type=\u00bb1_2&#8243; _builder_version=\u00bb4.27.4&#8243; _module_preset=\u00bbdefault\u00bb background_image=\u00bbhttps:\/\/www.fundaciontierraaustral.cl\/nueva\/wp-content\/uploads\/2025\/03\/DJI_0232-1.jpg\u00bb background_blend=\u00bboverlay\u00bb custom_padding_tablet=\u00bb\u00bb custom_padding_phone=\u00bb100px||100px||false|false\u00bb custom_padding_last_edited=\u00bbon|phone\u00bb global_colors_info=\u00bb{}\u00bb][\/et_pb_column][et_pb_column type=\u00bb1_2&#8243; _builder_version=\u00bb4.27.4&#8243; _module_preset=\u00bbdefault\u00bb custom_padding=\u00bb50px|50px|50px|50px|false|false\u00bb scroll_horizontal_motion_enable=\u00bbon\u00bb scroll_horizontal_motion=\u00bb0|50|50|100|7|0|0&#8243; custom_css_main_element=\u00bbmargin:auto;\u00bb global_colors_info=\u00bb{}\u00bb][et_pb_text _builder_version=\u00bb4.27.4&#8243; _module_preset=\u00bbdefault\u00bb text_font=\u00bbTelegraf Semi Bold|700|||on|||#fdfbf5|\u00bb text_text_color=\u00bb#f1f0ea\u00bb custom_margin=\u00bb||||false|false\u00bb custom_padding=\u00bb||||false|false\u00bb custom_css_main_element=\u00bbtext-underline-offset:5px;\u00bb global_colors_info=\u00bb{}\u00bb]<\/p>\n<p>Nuestro Prop\u00f3sito<\/p>\n<p>[\/et_pb_text][et_pb_text _builder_version=\u00bb4.27.4&#8243; _module_preset=\u00bbdefault\u00bb header_2_font=\u00bb&#8211;et_global_heading_font||||||||\u00bb header_2_text_color=\u00bb#f1f0ea\u00bb header_2_font_size=\u00bb46px\u00bb header_2_line_height=\u00bb1.2em\u00bb max_width=\u00bb440px\u00bb custom_margin=\u00bb||||false|false\u00bb header_2_font_size_tablet=\u00bb46px\u00bb header_2_font_size_phone=\u00bb32px\u00bb header_2_font_size_last_edited=\u00bbon|phone\u00bb global_colors_info=\u00bb{}\u00bb]<\/p>\n<h2>Proteger la naturaleza y su biodiversidad en tierras chilenas de propiedad privada<\/h2>\n<p>[\/et_pb_text][et_pb_text _builder_version=\u00bb4.27.4&#8243; _module_preset=\u00bbdefault\u00bb text_text_color=\u00bb#f1f0ea\u00bb text_font_size=\u00bb15px\u00bb max_width=\u00bb460px\u00bb global_colors_info=\u00bb{}\u00bb]<\/p>\n<p>La misi\u00f3n de la Fundaci\u00f3n Tierra Austral es liderar y expandir los esfuerzos para promover la conservaci\u00f3n de tierras privadas en todo Chile, trabajando con propietarios de tierras, organizaciones no gubernamentales, agencias p\u00fablicas, empresas y todos aquellos que aman y est\u00e1n comprometidos con la protecci\u00f3n de los paisajes m\u00e1s ecol\u00f3gica, esc\u00e9nica y culturalmente significativos del pa\u00eds.<\/p>\n<p>[\/et_pb_text][\/et_pb_column][\/et_pb_row][\/et_pb_section][et_pb_section fb_built=\u00bb1&#8243; admin_label=\u00bbSection\u00bb module_id=\u00bbnuestro-equipo\u00bb _builder_version=\u00bb4.27.4&#8243; _module_preset=\u00bbdefault\u00bb background_color=\u00bb#fdfbf5&#8243; da_popup_slug=\u00bbnuestro-equipo\u00bb da_disable_devices=\u00bboff|off|off\u00bb global_colors_info=\u00bb{}\u00bb da_is_popup=\u00bboff\u00bb da_exit_intent=\u00bboff\u00bb da_has_close=\u00bbon\u00bb da_alt_close=\u00bboff\u00bb da_dark_close=\u00bboff\u00bb da_not_modal=\u00bbon\u00bb da_is_singular=\u00bboff\u00bb da_with_loader=\u00bboff\u00bb da_has_shadow=\u00bbon\u00bb][et_pb_row custom_padding_last_edited=\u00bbon|phone\u00bb _builder_version=\u00bb4.27.4&#8243; _module_preset=\u00bbdefault\u00bb custom_padding_tablet=\u00bb\u00bb custom_padding_phone=\u00bb0px||||false|false\u00bb scroll_fade_enable=\u00bbon\u00bb global_colors_info=\u00bb{}\u00bb][et_pb_column type=\u00bb4_4&#8243; _builder_version=\u00bb4.27.4&#8243; _module_preset=\u00bbdefault\u00bb global_colors_info=\u00bb{}\u00bb][et_pb_text _builder_version=\u00bb4.27.4&#8243; _module_preset=\u00bbdefault\u00bb header_2_font=\u00bb&#8211;et_global_heading_font||||||||\u00bb header_2_text_color=\u00bb#233428&#8243; header_2_font_size=\u00bb36px\u00bb header_2_line_height=\u00bb1.2em\u00bb max_width=\u00bb420px\u00bb custom_margin=\u00bb||15px||false|false\u00bb custom_padding=\u00bb||||false|false\u00bb global_colors_info=\u00bb{}\u00bb]<\/p>\n<h2>Nuestro Equipo<\/h2>\n<p>[\/et_pb_text][et_pb_text _builder_version=\u00bb4.27.4&#8243; _module_preset=\u00bbdefault\u00bb text_font=\u00bbTelegraph 400|700||||||#fdfbf5|\u00bb text_text_color=\u00bb#f1f0ea\u00bb text_letter_spacing=\u00bb1px\u00bb custom_margin=\u00bb||||false|false\u00bb custom_padding=\u00bb||||false|false\u00bb custom_css_main_element=\u00bbtext-underline-offset:5px;\u00bb global_colors_info=\u00bb{}\u00bb]<a href=\"#nuestro-equipo\" class=\"tag-active-page\">Equipo<\/a>  <a href=\"#nuestro-directorio\" class=\"tag-inactive-page\">Directorio<\/a>[\/et_pb_text][\/et_pb_column][\/et_pb_row][et_pb_row column_structure=\u00bb1_4,1_4,1_4,1_4&#8243; use_custom_gutter=\u00bbon\u00bb gutter_width=\u00bb2&#8243; _builder_version=\u00bb4.27.4&#8243; _module_preset=\u00bbdefault\u00bb scroll_fade_enable=\u00bbon\u00bb scroll_fade_tablet=\u00bb\u00bb scroll_fade_phone=\u00bb0|52|52|100|100%|100|100&#8243; scroll_fade_last_edited=\u00bbon|phone\u00bb global_colors_info=\u00bb{}\u00bb][et_pb_column type=\u00bb1_4&#8243; _builder_version=\u00bb4.27.4&#8243; _module_preset=\u00bbdefault\u00bb global_colors_info=\u00bb{}\u00bb][et_pb_team_member name=\u00bbVictoria Alonso\u00bb position=\u00bbDirectora Ejecutiva\u00bb image_url=\u00bbhttps:\/\/www.fundaciontierraaustral.cl\/nueva\/wp-content\/uploads\/2025\/02\/Victoria-Alonso-Directora-Ejecutiva-Executive-Director.jpg\u00bb _builder_version=\u00bb4.27.4&#8243; _module_preset=\u00bbdefault\u00bb link_option_url=\u00bb#victoria-alonso\u00bb global_colors_info=\u00bb{}\u00bb][\/et_pb_team_member][\/et_pb_column][et_pb_column type=\u00bb1_4&#8243; _builder_version=\u00bb4.27.4&#8243; _module_preset=\u00bbdefault\u00bb global_colors_info=\u00bb{}\u00bb][et_pb_team_member name=\u00bbAmanda Alfonso\u00bb position=\u00bbEspecialista Senior en Conservaci\u00f3n de Tierras\u00bb image_url=\u00bbhttps:\/\/www.fundaciontierraaustral.cl\/nueva\/wp-content\/uploads\/2025\/02\/Amanda-Alfonso-Especialista-en-Conservacion-de-Tierras-Land-Conservation-Specialist.jpg\u00bb _builder_version=\u00bb4.27.4&#8243; _module_preset=\u00bbdefault\u00bb link_option_url=\u00bb#amanda-alfonso\u00bb global_colors_info=\u00bb{}\u00bb][\/et_pb_team_member][\/et_pb_column][et_pb_column type=\u00bb1_4&#8243; _builder_version=\u00bb4.27.4&#8243; _module_preset=\u00bbdefault\u00bb global_colors_info=\u00bb{}\u00bb][et_pb_team_member name=\u00bbMariana Ayala\u00bb position=\u00bbEspecialista Senior en Conservaci\u00f3n de Tierras\u00bb image_url=\u00bbhttps:\/\/www.fundaciontierraaustral.cl\/nueva\/wp-content\/uploads\/2025\/02\/Mariana-Ayala-Especialista-Senior-en-Conservacion-de-Tierras-_-Senior-Land-Conservation-Specialist.jpg\u00bb _builder_version=\u00bb4.27.4&#8243; _module_preset=\u00bbdefault\u00bb link_option_url=\u00bb#mariana-ayala\u00bb global_colors_info=\u00bb{}\u00bb][\/et_pb_team_member][\/et_pb_column][et_pb_column type=\u00bb1_4&#8243; _builder_version=\u00bb4.27.4&#8243; _module_preset=\u00bbdefault\u00bb global_colors_info=\u00bb{}\u00bb][et_pb_team_member name=\u00bbAriane Claussen\u00bb position=\u00bbEspecialista Senior en Conservaci\u00f3n de Tierras\u00bb image_url=\u00bbhttps:\/\/www.fundaciontierraaustral.cl\/nueva\/wp-content\/uploads\/2025\/02\/Ariane-Claussen-Especialista-en-Conservacion-de-Tierras-_-Land-Conservation-Specialist.jpg\u00bb _builder_version=\u00bb4.27.4&#8243; _module_preset=\u00bbdefault\u00bb link_option_url=\u00bb#ariane-claussen\u00bb global_colors_info=\u00bb{}\u00bb][\/et_pb_team_member][\/et_pb_column][\/et_pb_row][et_pb_row column_structure=\u00bb1_4,1_4,1_4,1_4&#8243; use_custom_gutter=\u00bbon\u00bb gutter_width=\u00bb2&#8243; _builder_version=\u00bb4.27.4&#8243; _module_preset=\u00bbdefault\u00bb custom_padding=\u00bb0px||||false|false\u00bb scroll_fade_enable=\u00bbon\u00bb scroll_fade_tablet=\u00bb\u00bb scroll_fade_phone=\u00bb0|50|50|100|100%|100|100&#8243; scroll_fade_last_edited=\u00bbon|phone\u00bb global_colors_info=\u00bb{}\u00bb][et_pb_column type=\u00bb1_4&#8243; _builder_version=\u00bb4.27.4&#8243; _module_preset=\u00bbdefault\u00bb global_colors_info=\u00bb{}\u00bb][et_pb_team_member name=\u00bbFrancisco Molina\u00bb position=\u00bbDirector de Relaciones Comunitarias\u00bb image_url=\u00bbhttps:\/\/www.fundaciontierraaustral.cl\/nueva\/wp-content\/uploads\/2025\/02\/Francisco-Molina-Director-Asuntos-Comunitarios-_-Community-Affairs-Director-.jpg\u00bb _builder_version=\u00bb4.27.4&#8243; _module_preset=\u00bbdefault\u00bb link_option_url=\u00bb#francisco-molina\u00bb global_colors_info=\u00bb{}\u00bb][\/et_pb_team_member][\/et_pb_column][et_pb_column type=\u00bb1_4&#8243; _builder_version=\u00bb4.27.4&#8243; _module_preset=\u00bbdefault\u00bb global_colors_info=\u00bb{}\u00bb][et_pb_team_member name=\u00bbPablo Tapia\u00bb position=\u00bbEncargado de Sistemas de Informaci\u00f3n Geogr\u00e1fica\u00bb image_url=\u00bbhttps:\/\/www.fundaciontierraaustral.cl\/nueva\/wp-content\/uploads\/2025\/02\/Pablo-Tapia-Encargado-de-SIG-_-GIS-Specialist.jpg\u00bb _builder_version=\u00bb4.27.4&#8243; _module_preset=\u00bbdefault\u00bb link_option_url=\u00bb#pablo-tapia\u00bb global_colors_info=\u00bb{}\u00bb][\/et_pb_team_member][\/et_pb_column][et_pb_column type=\u00bb1_4&#8243; _builder_version=\u00bb4.27.4&#8243; _module_preset=\u00bbdefault\u00bb global_colors_info=\u00bb{}\u00bb][et_pb_team_member name=\u00bbHenry Tepper\u00bb position=\u00bbAsesor Senior en Conservaci\u00f3n Estrat\u00e9gica\u00bb image_url=\u00bbhttps:\/\/www.fundaciontierraaustral.cl\/nueva\/wp-content\/uploads\/2025\/02\/Henry-Tepper-Asesor-Senior-en-Conservacion-Estrategica-Senior-Advisor-in-Strategic-Conservation.jpg\u00bb _builder_version=\u00bb4.27.4&#8243; _module_preset=\u00bbdefault\u00bb link_option_url=\u00bb#henry-tepper\u00bb global_colors_info=\u00bb{}\u00bb][\/et_pb_team_member][\/et_pb_column][et_pb_column type=\u00bb1_4&#8243; _builder_version=\u00bb4.27.4&#8243; _module_preset=\u00bbdefault\u00bb global_colors_info=\u00bb{}\u00bb][et_pb_team_member name=\u00bbJaviera Y\u00e1\u00f1ez\u00bb position=\u00bbDirectora de Desarrollo y Comunicaciones\u00bb image_url=\u00bbhttps:\/\/www.fundaciontierraaustral.cl\/nueva\/wp-content\/uploads\/2025\/02\/Javiera-Yanez-Directora-de-Desarrollo-y-Comunicaciones-Director-of-Development-and-Communications-.jpg\u00bb _builder_version=\u00bb4.27.4&#8243; _module_preset=\u00bbdefault\u00bb link_option_url=\u00bb#javiera-yanez\u00bb global_colors_info=\u00bb{}\u00bb][\/et_pb_team_member][\/et_pb_column][\/et_pb_row][et_pb_row column_structure=\u00bb1_4,1_4,1_4,1_4&#8243; use_custom_gutter=\u00bbon\u00bb gutter_width=\u00bb2&#8243; custom_padding_last_edited=\u00bbon|phone\u00bb _builder_version=\u00bb4.27.4&#8243; _module_preset=\u00bbdefault\u00bb custom_padding=\u00bb0px||||false|false\u00bb custom_padding_tablet=\u00bb0px||||false|false\u00bb custom_padding_phone=\u00bb||0px||false|false\u00bb scroll_fade_enable=\u00bbon\u00bb scroll_fade_tablet=\u00bb\u00bb scroll_fade_phone=\u00bb0|50|50|100|100%|100|100&#8243; scroll_fade_last_edited=\u00bbon|phone\u00bb global_colors_info=\u00bb{}\u00bb][et_pb_column type=\u00bb1_4&#8243; _builder_version=\u00bb4.27.4&#8243; _module_preset=\u00bbdefault\u00bb global_colors_info=\u00bb{}\u00bb][et_pb_team_member name=\u00bbCamila Carrasco\u00bb position=\u00bbCoordinadora de Proyectos\u00bb image_url=\u00bbhttps:\/\/www.fundaciontierraaustral.cl\/nueva\/wp-content\/uploads\/2025\/02\/Camila-Carrasco-Coordinadora-de-Proyectos-Projects-Coordinator-.jpg\u00bb _builder_version=\u00bb4.27.4&#8243; _module_preset=\u00bbdefault\u00bb link_option_url=\u00bb#camila-carrasco\u00bb global_colors_info=\u00bb{}\u00bb][\/et_pb_team_member][\/et_pb_column][et_pb_column type=\u00bb1_4&#8243; _builder_version=\u00bb4.27.4&#8243; _module_preset=\u00bbdefault\u00bb global_colors_info=\u00bb{}\u00bb][et_pb_team_member name=\u00bbFlavia Cordella\u00bb position=\u00bbEspecialista en Comunicaciones\u00bb image_url=\u00bbhttps:\/\/www.fundaciontierraaustral.cl\/nueva\/wp-content\/uploads\/2025\/03\/fcordella.jpg\u00bb _builder_version=\u00bb4.27.4&#8243; _module_preset=\u00bbdefault\u00bb link_option_url=\u00bb#flavia-cordella\u00bb global_colors_info=\u00bb{}\u00bb][\/et_pb_team_member][\/et_pb_column][et_pb_column type=\u00bb1_4&#8243; _builder_version=\u00bb4.27.4&#8243; _module_preset=\u00bbdefault\u00bb global_colors_info=\u00bb{}\u00bb][et_pb_team_member name=\u00bbKarim Lemp\u00bb position=\u00bbEncargada de Administraci\u00f3n y Finanzas\u00bb image_url=\u00bbhttps:\/\/www.fundaciontierraaustral.cl\/nueva\/wp-content\/uploads\/2025\/02\/Karim-Lemp-Asistente-Administrativa-Contable-Administrative-Accounting-Assistant-.jpg\u00bb _builder_version=\u00bb4.27.4&#8243; _module_preset=\u00bbdefault\u00bb link_option_url=\u00bb#karim-lemp\u00bb global_colors_info=\u00bb{}\u00bb][\/et_pb_team_member][\/et_pb_column][et_pb_column type=\u00bb1_4&#8243; _builder_version=\u00bb4.27.4&#8243; _module_preset=\u00bbdefault\u00bb global_colors_info=\u00bb{}\u00bb][\/et_pb_column][\/et_pb_row][\/et_pb_section][et_pb_section fb_built=\u00bb1&#8243; admin_label=\u00bbSection\u00bb module_id=\u00bbnuestro-directorio\u00bb _builder_version=\u00bb4.27.4&#8243; _module_preset=\u00bbdefault\u00bb background_color=\u00bb#fdfbf5&#8243; custom_padding=\u00bb0px||||false|false\u00bb da_popup_slug=\u00bbnuestro-directorio\u00bb da_disable_devices=\u00bboff|off|off\u00bb global_colors_info=\u00bb{}\u00bb da_is_popup=\u00bboff\u00bb da_exit_intent=\u00bboff\u00bb da_has_close=\u00bbon\u00bb da_alt_close=\u00bboff\u00bb da_dark_close=\u00bboff\u00bb da_not_modal=\u00bbon\u00bb da_is_singular=\u00bboff\u00bb da_with_loader=\u00bboff\u00bb da_has_shadow=\u00bbon\u00bb][et_pb_row custom_padding_last_edited=\u00bbon|phone\u00bb _builder_version=\u00bb4.27.4&#8243; _module_preset=\u00bbdefault\u00bb custom_padding=\u00bb||||false|false\u00bb custom_padding_tablet=\u00bb||||false|false\u00bb custom_padding_phone=\u00bb0px||||false|false\u00bb scroll_fade_enable=\u00bbon\u00bb border_width_top=\u00bb1px\u00bb border_style_top=\u00bbdashed\u00bb border_width_top_tablet=\u00bb1px\u00bb border_width_top_phone=\u00bb0px\u00bb border_width_top_last_edited=\u00bbon|phone\u00bb global_colors_info=\u00bb{}\u00bb][et_pb_column type=\u00bb4_4&#8243; _builder_version=\u00bb4.27.4&#8243; _module_preset=\u00bbdefault\u00bb global_colors_info=\u00bb{}\u00bb][et_pb_text _builder_version=\u00bb4.27.4&#8243; _module_preset=\u00bbdefault\u00bb header_2_font=\u00bb&#8211;et_global_heading_font||||||||\u00bb header_2_text_color=\u00bb#233428&#8243; header_2_font_size=\u00bb36px\u00bb header_2_line_height=\u00bb1.2em\u00bb max_width=\u00bb420px\u00bb custom_margin=\u00bb||15px||false|false\u00bb custom_padding=\u00bb||||false|false\u00bb global_colors_info=\u00bb{}\u00bb]<\/p>\n<h2>Nuestro Directorio<\/h2>\n<p>[\/et_pb_text][et_pb_text _builder_version=\u00bb4.27.4&#8243; _module_preset=\u00bbdefault\u00bb text_font=\u00bbTelegraph 400|700||||||#fdfbf5|\u00bb text_text_color=\u00bb#f1f0ea\u00bb text_letter_spacing=\u00bb1px\u00bb custom_margin=\u00bb||||false|false\u00bb custom_padding=\u00bb||||false|false\u00bb custom_css_main_element=\u00bbtext-underline-offset:5px;\u00bb global_colors_info=\u00bb{}\u00bb]<a href=\"#nuestro-equipo\" class=\"tag-inactive-page\">Equipo<\/a>  <a href=\"#nuestro-directorio\" class=\"tag-active-page\">Directorio<\/a>[\/et_pb_text][\/et_pb_column][\/et_pb_row][et_pb_row column_structure=\u00bb1_5,1_5,1_5,1_5,1_5&#8243; use_custom_gutter=\u00bbon\u00bb gutter_width=\u00bb2&#8243; _builder_version=\u00bb4.27.4&#8243; _module_preset=\u00bbdefault\u00bb scroll_fade_enable=\u00bbon\u00bb scroll_fade_tablet=\u00bb\u00bb scroll_fade_phone=\u00bb0|50|50|100|100%|100|100&#8243; scroll_fade_last_edited=\u00bbon|phone\u00bb global_colors_info=\u00bb{}\u00bb][et_pb_column type=\u00bb1_5&#8243; _builder_version=\u00bb4.27.4&#8243; _module_preset=\u00bbdefault\u00bb global_colors_info=\u00bb{}\u00bb][et_pb_team_member name=\u00bbRafael Asenjo\u00bb position=\u00bbDirector\u00bb image_url=\u00bbhttps:\/\/www.fundaciontierraaustral.cl\/nueva\/wp-content\/uploads\/2025\/03\/rafael-asenjo.jpg\u00bb _builder_version=\u00bb4.27.4&#8243; _module_preset=\u00bbdefault\u00bb link_option_url=\u00bb#rafael-asenjo\u00bb global_colors_info=\u00bb{}\u00bb][\/et_pb_team_member][\/et_pb_column][et_pb_column type=\u00bb1_5&#8243; _builder_version=\u00bb4.27.4&#8243; _module_preset=\u00bbdefault\u00bb global_colors_info=\u00bb{}\u00bb][et_pb_team_member name=\u00bbKathleen Collins Barclay\u00bb position=\u00bbDirectora\u00bb image_url=\u00bbhttps:\/\/www.fundaciontierraaustral.cl\/nueva\/wp-content\/uploads\/2025\/03\/Kathleen-Barclay.jpg\u00bb _builder_version=\u00bb4.27.5&#8243; _module_preset=\u00bbdefault\u00bb link_option_url=\u00bb#kathleen-barclay\u00bb hover_enabled=\u00bb0&#8243; global_colors_info=\u00bb{}\u00bb sticky_enabled=\u00bb0&#8243;][\/et_pb_team_member][\/et_pb_column][et_pb_column type=\u00bb1_5&#8243; _builder_version=\u00bb4.27.4&#8243; _module_preset=\u00bbdefault\u00bb global_colors_info=\u00bb{}\u00bb][et_pb_team_member name=\u00bbGuillermo Donoso\u00bb position=\u00bbTesorero\u00bb image_url=\u00bbhttps:\/\/www.fundaciontierraaustral.cl\/nueva\/wp-content\/uploads\/2025\/03\/guillermo-donoso.jpg\u00bb _builder_version=\u00bb4.27.4&#8243; _module_preset=\u00bbdefault\u00bb link_option_url=\u00bb#guillermo-donoso\u00bb global_colors_info=\u00bb{}\u00bb][\/et_pb_team_member][\/et_pb_column][et_pb_column type=\u00bb1_5&#8243; _builder_version=\u00bb4.27.5&#8243; _module_preset=\u00bbdefault\u00bb global_colors_info=\u00bb{}\u00bb][et_pb_team_member name=\u00bbEdmundo Eluchans\u00bb position=\u00bbDirector\u00bb image_url=\u00bbhttps:\/\/www.fundaciontierraaustral.cl\/nueva\/wp-content\/uploads\/2026\/02\/EE-800&#215;1000-1-1.jpg\u00bb _builder_version=\u00bb4.27.5&#8243; _module_preset=\u00bbdefault\u00bb link_option_url=\u00bb#edmundo-eluchans\u00bb global_colors_info=\u00bb{}\u00bb][\/et_pb_team_member][\/et_pb_column][et_pb_column type=\u00bb1_5&#8243; _builder_version=\u00bb4.27.4&#8243; _module_preset=\u00bbdefault\u00bb global_colors_info=\u00bb{}\u00bb][et_pb_team_member name=\u00bbMichael Grasty\u00bb position=\u00bbPresidente\u00bb image_url=\u00bbhttps:\/\/www.fundaciontierraaustral.cl\/nueva\/wp-content\/uploads\/2025\/02\/michael-grasty-fundacion-tierra-austral.jpg\u00bb _builder_version=\u00bb4.27.4&#8243; _module_preset=\u00bbdefault\u00bb link_option_url=\u00bb#michael-grasty\u00bb global_colors_info=\u00bb{}\u00bb][\/et_pb_team_member][\/et_pb_column][\/et_pb_row][et_pb_row column_structure=\u00bb1_5,1_5,1_5,1_5,1_5&#8243; use_custom_gutter=\u00bbon\u00bb gutter_width=\u00bb2&#8243; _builder_version=\u00bb4.27.5&#8243; _module_preset=\u00bbdefault\u00bb scroll_fade_enable=\u00bbon\u00bb scroll_fade_tablet=\u00bb\u00bb scroll_fade_phone=\u00bb0|50|50|100|100%|100|100&#8243; scroll_fade_last_edited=\u00bbon|phone\u00bb global_colors_info=\u00bb{}\u00bb][et_pb_column type=\u00bb1_5&#8243; _builder_version=\u00bb4.27.5&#8243; _module_preset=\u00bbdefault\u00bb global_colors_info=\u00bb{}\u00bb][et_pb_team_member name=\u00bbJeffrey Parrish\u00bb position=\u00bbDirector\u00bb image_url=\u00bbhttps:\/\/www.fundaciontierraaustral.cl\/nueva\/wp-content\/uploads\/2026\/02\/IMG_3852-2-1.jpg\u00bb _builder_version=\u00bb4.27.5&#8243; _module_preset=\u00bbdefault\u00bb link_option_url=\u00bb#jeffrey-parrish\u00bb locked=\u00bboff\u00bb global_colors_info=\u00bb{}\u00bb][\/et_pb_team_member][\/et_pb_column][et_pb_column type=\u00bb1_5&#8243; _builder_version=\u00bb4.27.4&#8243; _module_preset=\u00bbdefault\u00bb global_colors_info=\u00bb{}\u00bb][et_pb_team_member name=\u00bbMarcela Renter\u00eda\u00bb position=\u00bbSecretaria\u00bb image_url=\u00bbhttps:\/\/www.fundaciontierraaustral.cl\/nueva\/wp-content\/uploads\/2025\/03\/marcela-renteria.jpg\u00bb _builder_version=\u00bb4.27.4&#8243; _module_preset=\u00bbdefault\u00bb link_option_url=\u00bb#marcela-renteria\u00bb global_colors_info=\u00bb{}\u00bb][\/et_pb_team_member][\/et_pb_column][et_pb_column type=\u00bb1_5&#8243; _builder_version=\u00bb4.27.4&#8243; _module_preset=\u00bbdefault\u00bb global_colors_info=\u00bb{}\u00bb][et_pb_team_member name=\u00bbRand Wentworth\u00bb position=\u00bbDirector\u00bb image_url=\u00bbhttps:\/\/www.fundaciontierraaustral.cl\/nueva\/wp-content\/uploads\/2025\/02\/rand-wentworth-fundacion-tierra-austral.jpg\u00bb _builder_version=\u00bb4.27.4&#8243; _module_preset=\u00bbdefault\u00bb link_option_url=\u00bb#rand-wentworth\u00bb global_colors_info=\u00bb{}\u00bb][\/et_pb_team_member][\/et_pb_column][et_pb_column type=\u00bb1_5&#8243; _builder_version=\u00bb4.27.4&#8243; _module_preset=\u00bbdefault\u00bb global_colors_info=\u00bb{}\u00bb][et_pb_team_member name=\u00bbDon Weeden\u00bb position=\u00bbDirector\u00bb image_url=\u00bbhttps:\/\/www.fundaciontierraaustral.cl\/nueva\/wp-content\/uploads\/2025\/03\/don-weeden.jpg\u00bb _builder_version=\u00bb4.27.4&#8243; _module_preset=\u00bbdefault\u00bb link_option_url=\u00bb#don-weeden\u00bb locked=\u00bboff\u00bb global_colors_info=\u00bb{}\u00bb][\/et_pb_team_member][\/et_pb_column][et_pb_column type=\u00bb1_5&#8243; _builder_version=\u00bb4.27.4&#8243; _module_preset=\u00bbdefault\u00bb global_colors_info=\u00bb{}\u00bb][\/et_pb_column][\/et_pb_row][\/et_pb_section][et_pb_section fb_built=\u00bb1&#8243; admin_label=\u00bbSection\u00bb module_id=\u00bbalianzas-y-partners\u00bb _builder_version=\u00bb4.27.4&#8243; _module_preset=\u00bbdefault\u00bb background_color=\u00bb#fdfbf5&#8243; custom_padding=\u00bb0px||0px||false|false\u00bb da_popup_slug=\u00bbalianzas-y-partners\u00bb da_disable_devices=\u00bboff|off|off\u00bb global_colors_info=\u00bb{}\u00bb da_is_popup=\u00bboff\u00bb da_exit_intent=\u00bboff\u00bb da_has_close=\u00bbon\u00bb da_alt_close=\u00bboff\u00bb da_dark_close=\u00bboff\u00bb da_not_modal=\u00bbon\u00bb da_is_singular=\u00bboff\u00bb da_with_loader=\u00bboff\u00bb da_has_shadow=\u00bbon\u00bb][et_pb_row column_structure=\u00bb1_4,3_4&#8243; use_custom_gutter=\u00bbon\u00bb gutter_width=\u00bb2&#8243; make_equal=\u00bbon\u00bb _builder_version=\u00bb4.27.4&#8243; _module_preset=\u00bbdefault\u00bb custom_padding=\u00bb0px||0px||false|false\u00bb border_width_top=\u00bb1px\u00bb border_style_top=\u00bbdashed\u00bb global_colors_info=\u00bb{}\u00bb][et_pb_column type=\u00bb1_4&#8243; _builder_version=\u00bb4.27.4&#8243; _module_preset=\u00bbdefault\u00bb custom_css_main_element=\u00bbmargin:auto;\u00bb global_colors_info=\u00bb{}\u00bb][et_pb_text _builder_version=\u00bb4.27.4&#8243; _module_preset=\u00bbdefault\u00bb header_2_font=\u00bb&#8211;et_global_heading_font||||||||\u00bb header_2_text_color=\u00bb#233428&#8243; header_2_font_size=\u00bb36px\u00bb header_2_line_height=\u00bb1.2em\u00bb max_width=\u00bb420px\u00bb custom_margin=\u00bb0px||0px||false|false\u00bb custom_margin_tablet=\u00bb50px||15px||false|false\u00bb custom_margin_phone=\u00bb||-50px||false|false\u00bb custom_margin_last_edited=\u00bbon|desktop\u00bb custom_padding=\u00bb||||false|false\u00bb global_colors_info=\u00bb{}\u00bb]<\/p>\n<h2>Nuestras Alianzas<\/h2>\n<p>[\/et_pb_text][\/et_pb_column][et_pb_column type=\u00bb3_4&#8243; _builder_version=\u00bb4.27.4&#8243; _module_preset=\u00bbdefault\u00bb scroll_horizontal_motion=\u00bb0|50|50|100|7|0|0&#8243; custom_css_main_element=\u00bbmargin:auto;\u00bb global_colors_info=\u00bb{}\u00bb][et_pb_code _builder_version=\u00bb4.27.4&#8243; _module_preset=\u00bbdefault\u00bb custom_margin=\u00bb0px||0px||false|false\u00bb custom_padding=\u00bb0px||0px||false|false\u00bb global_colors_info=\u00bb{}\u00bb]\t\n\t\t<div id=\"gs_logo_area_1\" data-sort=\"name\" data-shortcode-id=\"1\" class=\"gs_logo_area gs_logo_area_1 slider1 \" data-options='{\"logo_per_page\":\"6\"}' style=\"opacity: 0; visibility: hidden;\">\n\t\t\t<div class=\"gs_logo_area--inner\">\n\n\t\t\t\t<!-- Category Filters - New (Global) -->\n\t\t\t\t\t\n\t\t\t\t\n<div class=\"gs_logo_container gs_carousel_swiper gs_logo_fix_height_and_center\" data-carousel-config='{\"direction\":\"horizontal\",\"speed\":4000,\"isAutoplay\":true,\"autoplayDelay\":0,\"loop\":true,\"pauseOnHover\":true,\"ticker\":false,\"navs\":true,\"navs_pos\":\"bottom\",\"dots\":false,\"dynamic_dots\":true,\"slideSpace\":10,\"slidesPerGroup\":1,\"desktopLogos\":3,\"tabletLogos\":3,\"mobileLogos\":2,\"reverseDirection\":false}'>\n\n\t\n\t\t\n\t\t\t<div class=\"gs_logo_single--wrapper\">\n\t\t\t\t<div class=\"gs_logo_single\">\n\n\t\t\t\t\t<!-- Logo Img -->\n\t\t\t\t\t<img loading=\"lazy\" decoding=\"async\" width=\"1024\" height=\"1024\" src=\"https:\/\/www.fundaciontierraaustral.cl\/nueva\/wp-content\/uploads\/2025\/11\/logo-wl-negro-ss-1024x1024.png\" class=\"tt-placement-top tt-bgcolor-one-%23ff5f6d tt-bgcolor-two-%23ffc371 tt-textcolor-%23fff gs-logo--img wp-post-image\" alt=\"\" title=\"Wild Lama\" srcset=\"https:\/\/www.fundaciontierraaustral.cl\/nueva\/wp-content\/uploads\/2025\/11\/logo-wl-negro-ss-1024x1024.png 1024w, https:\/\/www.fundaciontierraaustral.cl\/nueva\/wp-content\/uploads\/2025\/11\/logo-wl-negro-ss-980x980.png 980w, https:\/\/www.fundaciontierraaustral.cl\/nueva\/wp-content\/uploads\/2025\/11\/logo-wl-negro-ss-480x480.png 480w\" sizes=\"(min-width: 0px) and (max-width: 480px) 480px, (min-width: 481px) and (max-width: 980px) 980px, (min-width: 981px) 1024px, 100vw\" \/>\n\t\t\t\t\t<!-- Logo Title -->\n\t\t\t\t\t\t\t\t\t\t\n\t\t\t\t\t<!-- Logo Category -->\n\t\t\t\t\t\t\t\t\t\t\n\t\t\t\t<\/div>\n\t\t\t<\/div>\n\n\t\t\n\t\t\t<div class=\"gs_logo_single--wrapper\">\n\t\t\t\t<div class=\"gs_logo_single\">\n\n\t\t\t\t\t<!-- Logo Img -->\n\t\t\t\t\t<img loading=\"lazy\" decoding=\"async\" width=\"1000\" height=\"500\" src=\"https:\/\/www.fundaciontierraaustral.cl\/nueva\/wp-content\/uploads\/2025\/03\/Logo-Chilano.png\" class=\"tt-placement-top tt-bgcolor-one-%23ff5f6d tt-bgcolor-two-%23ffc371 tt-textcolor-%23fff gs-logo--img wp-post-image\" alt=\"\" title=\"Chilano\" srcset=\"https:\/\/www.fundaciontierraaustral.cl\/nueva\/wp-content\/uploads\/2025\/03\/Logo-Chilano.png 1000w, https:\/\/www.fundaciontierraaustral.cl\/nueva\/wp-content\/uploads\/2025\/03\/Logo-Chilano-980x490.png 980w, https:\/\/www.fundaciontierraaustral.cl\/nueva\/wp-content\/uploads\/2025\/03\/Logo-Chilano-480x240.png 480w\" sizes=\"(min-width: 0px) and (max-width: 480px) 480px, (min-width: 481px) and (max-width: 980px) 980px, (min-width: 981px) 1000px, 100vw\" \/>\n\t\t\t\t\t<!-- Logo Title -->\n\t\t\t\t\t\t\t\t\t\t\n\t\t\t\t\t<!-- Logo Category -->\n\t\t\t\t\t\t\t\t\t\t\n\t\t\t\t<\/div>\n\t\t\t<\/div>\n\n\t\t\n\t\t\t<div class=\"gs_logo_single--wrapper\">\n\t\t\t\t<div class=\"gs_logo_single\">\n\n\t\t\t\t\t<!-- Logo Img -->\n\t\t\t\t\t<img loading=\"lazy\" decoding=\"async\" width=\"1024\" height=\"284\" src=\"https:\/\/www.fundaciontierraaustral.cl\/nueva\/wp-content\/uploads\/2025\/03\/tarapaca-4-1024x284.png\" class=\"tt-placement-top tt-bgcolor-one-%23ff5f6d tt-bgcolor-two-%23ffc371 tt-textcolor-%23fff gs-logo--img wp-post-image\" alt=\"\" title=\"Taparaca\" srcset=\"https:\/\/www.fundaciontierraaustral.cl\/nueva\/wp-content\/uploads\/2025\/03\/tarapaca-4-1024x284.png 1024w, https:\/\/www.fundaciontierraaustral.cl\/nueva\/wp-content\/uploads\/2025\/03\/tarapaca-4-980x272.png 980w, https:\/\/www.fundaciontierraaustral.cl\/nueva\/wp-content\/uploads\/2025\/03\/tarapaca-4-480x133.png 480w\" sizes=\"(min-width: 0px) and (max-width: 480px) 480px, (min-width: 481px) and (max-width: 980px) 980px, (min-width: 981px) 1024px, 100vw\" \/>\n\t\t\t\t\t<!-- Logo Title -->\n\t\t\t\t\t\t\t\t\t\t\n\t\t\t\t\t<!-- Logo Category -->\n\t\t\t\t\t\t\t\t\t\t\n\t\t\t\t<\/div>\n\t\t\t<\/div>\n\n\t\t\n\t\t\t<div class=\"gs_logo_single--wrapper\">\n\t\t\t\t<div class=\"gs_logo_single\">\n\n\t\t\t\t\t<!-- Logo Img -->\n\t\t\t\t\t<img loading=\"lazy\" decoding=\"async\" width=\"1024\" height=\"733\" src=\"https:\/\/www.fundaciontierraaustral.cl\/nueva\/wp-content\/uploads\/2025\/03\/Logo-Gabri-1024x733.png\" class=\"tt-placement-top tt-bgcolor-one-%23ff5f6d tt-bgcolor-two-%23ffc371 tt-textcolor-%23fff gs-logo--img wp-post-image\" alt=\"\" title=\"GABRI\" srcset=\"https:\/\/www.fundaciontierraaustral.cl\/nueva\/wp-content\/uploads\/2025\/03\/Logo-Gabri-1024x733.png 1024w, https:\/\/www.fundaciontierraaustral.cl\/nueva\/wp-content\/uploads\/2025\/03\/Logo-Gabri-980x702.png 980w, https:\/\/www.fundaciontierraaustral.cl\/nueva\/wp-content\/uploads\/2025\/03\/Logo-Gabri-480x344.png 480w\" sizes=\"(min-width: 0px) and (max-width: 480px) 480px, (min-width: 481px) and (max-width: 980px) 980px, (min-width: 981px) 1024px, 100vw\" \/>\n\t\t\t\t\t<!-- Logo Title -->\n\t\t\t\t\t\t\t\t\t\t\n\t\t\t\t\t<!-- Logo Category -->\n\t\t\t\t\t\t\t\t\t\t\n\t\t\t\t<\/div>\n\t\t\t<\/div>\n\n\t\t\n\t\t\t<div class=\"gs_logo_single--wrapper\">\n\t\t\t\t<div class=\"gs_logo_single\">\n\n\t\t\t\t\t<!-- Logo Img -->\n\t\t\t\t\t<img loading=\"lazy\" decoding=\"async\" width=\"1024\" height=\"195\" src=\"https:\/\/www.fundaciontierraaustral.cl\/nueva\/wp-content\/uploads\/2025\/03\/BHPF_primary_rgb_pos-1024x195.png\" class=\"tt-placement-top tt-bgcolor-one-%23ff5f6d tt-bgcolor-two-%23ffc371 tt-textcolor-%23fff gs-logo--img wp-post-image\" alt=\"\" title=\"BHPF\" srcset=\"https:\/\/www.fundaciontierraaustral.cl\/nueva\/wp-content\/uploads\/2025\/03\/BHPF_primary_rgb_pos-980x187.png 980w, https:\/\/www.fundaciontierraaustral.cl\/nueva\/wp-content\/uploads\/2025\/03\/BHPF_primary_rgb_pos-480x92.png 480w\" sizes=\"(min-width: 0px) and (max-width: 480px) 480px, (min-width: 481px) and (max-width: 980px) 980px, (min-width: 981px) 1024px, 100vw\" \/>\n\t\t\t\t\t<!-- Logo Title -->\n\t\t\t\t\t\t\t\t\t\t\n\t\t\t\t\t<!-- Logo Category -->\n\t\t\t\t\t\t\t\t\t\t\n\t\t\t\t<\/div>\n\t\t\t<\/div>\n\n\t\t\n\t\t\t<div class=\"gs_logo_single--wrapper\">\n\t\t\t\t<div class=\"gs_logo_single\">\n\n\t\t\t\t\t<!-- Logo Img -->\n\t\t\t\t\t<img loading=\"lazy\" decoding=\"async\" width=\"1024\" height=\"362\" src=\"https:\/\/www.fundaciontierraaustral.cl\/nueva\/wp-content\/uploads\/2025\/03\/pct_stacked_1c_blueonwhite-1024x362.png\" class=\"tt-placement-top tt-bgcolor-one-%23ff5f6d tt-bgcolor-two-%23ffc371 tt-textcolor-%23fff gs-logo--img wp-post-image\" alt=\"\" title=\"PEW\" srcset=\"https:\/\/www.fundaciontierraaustral.cl\/nueva\/wp-content\/uploads\/2025\/03\/pct_stacked_1c_blueonwhite-980x347.png 980w, https:\/\/www.fundaciontierraaustral.cl\/nueva\/wp-content\/uploads\/2025\/03\/pct_stacked_1c_blueonwhite-480x170.png 480w\" sizes=\"(min-width: 0px) and (max-width: 480px) 480px, (min-width: 481px) and (max-width: 980px) 980px, (min-width: 981px) 1024px, 100vw\" \/>\n\t\t\t\t\t<!-- Logo Title -->\n\t\t\t\t\t\t\t\t\t\t\n\t\t\t\t\t<!-- Logo Category -->\n\t\t\t\t\t\t\t\t\t\t\n\t\t\t\t<\/div>\n\t\t\t<\/div>\n\n\t\t\n\t\t\t<div class=\"gs_logo_single--wrapper\">\n\t\t\t\t<div class=\"gs_logo_single\">\n\n\t\t\t\t\t<!-- Logo Img -->\n\t\t\t\t\t<img loading=\"lazy\" decoding=\"async\" width=\"300\" height=\"300\" src=\"https:\/\/www.fundaciontierraaustral.cl\/nueva\/wp-content\/uploads\/2025\/03\/weeden-2.png\" class=\"tt-placement-top tt-bgcolor-one-%23ff5f6d tt-bgcolor-two-%23ffc371 tt-textcolor-%23fff gs-logo--img wp-post-image\" alt=\"\" title=\"Weeden\" srcset=\"https:\/\/www.fundaciontierraaustral.cl\/nueva\/wp-content\/uploads\/2025\/03\/weeden-2.png 300w, https:\/\/www.fundaciontierraaustral.cl\/nueva\/wp-content\/uploads\/2025\/03\/weeden-2-150x150.png 150w, https:\/\/www.fundaciontierraaustral.cl\/nueva\/wp-content\/uploads\/2025\/03\/weeden-2-12x12.png 12w\" sizes=\"(max-width: 300px) 100vw, 300px\" \/>\n\t\t\t\t\t<!-- Logo Title -->\n\t\t\t\t\t\t\t\t\t\t\n\t\t\t\t\t<!-- Logo Category -->\n\t\t\t\t\t\t\t\t\t\t\n\t\t\t\t<\/div>\n\t\t\t<\/div>\n\n\t\t\n\t\t\t<div class=\"gs_logo_single--wrapper\">\n\t\t\t\t<div class=\"gs_logo_single\">\n\n\t\t\t\t\t<!-- Logo Img -->\n\t\t\t\t\t<img loading=\"lazy\" decoding=\"async\" width=\"750\" height=\"203\" src=\"https:\/\/www.fundaciontierraaustral.cl\/nueva\/wp-content\/uploads\/2025\/02\/Wyss_Logo-01.png\" class=\"tt-placement-top tt-bgcolor-one-%23ff5f6d tt-bgcolor-two-%23ffc371 tt-textcolor-%23fff gs-logo--img wp-post-image\" alt=\"\" title=\"Wyss\" srcset=\"https:\/\/www.fundaciontierraaustral.cl\/nueva\/wp-content\/uploads\/2025\/02\/Wyss_Logo-01.png 750w, https:\/\/www.fundaciontierraaustral.cl\/nueva\/wp-content\/uploads\/2025\/02\/Wyss_Logo-01-480x130.png 480w\" sizes=\"(min-width: 0px) and (max-width: 480px) 480px, (min-width: 481px) 750px, 100vw\" \/>\n\t\t\t\t\t<!-- Logo Title -->\n\t\t\t\t\t\t\t\t\t\t\n\t\t\t\t\t<!-- Logo Category -->\n\t\t\t\t\t\t\t\t\t\t\n\t\t\t\t<\/div>\n\t\t\t<\/div>\n\n\t\t\t\t\n\t\n<\/div>\n\t\t\t\t<!-- Pagination -->\n\t\t\t\t\n\t\t\t<\/div>\n\t\t<\/div>\n\t\n\t\t<style>#gs_logo_area_1:not(.verticaltickerdown):not(.verticalticker) .gs_logo_container{margin-left:-5px}#gs_logo_area_1:not(.verticaltickerdown):not(.verticalticker) .gs_logo_container{margin-right:-5px}#gs_logo_area_1:not(.verticaltickerdown):not(.verticalticker) .gs_logo_single--wrapper{padding:5px}#gs_logo_area_1 ul.gs-logo-filter-cats{text-align:center!important}#gs_logo_area_1 .gs_logo_single--wrapper{width:33.333333333333%}@media (max-width:1023px){#gs_logo_area_1 .gs_logo_single--wrapper{width:33.333333333333%}}@media (max-width:767px){#gs_logo_area_1 .gs_logo_single--wrapper{width:50%}}<\/style>[\/et_pb_code][\/et_pb_column][\/et_pb_row][\/et_pb_section][et_pb_section fb_built=\u00bb1&#8243; admin_label=\u00bbSection\u00bb _builder_version=\u00bb4.27.4&#8243; _module_preset=\u00bbdefault\u00bb background_color=\u00bb#fdfbf5&#8243; custom_padding=\u00bb0px||0px||false|false\u00bb da_disable_devices=\u00bboff|off|off\u00bb global_colors_info=\u00bb{}\u00bb da_is_popup=\u00bboff\u00bb da_exit_intent=\u00bboff\u00bb da_has_close=\u00bbon\u00bb da_alt_close=\u00bboff\u00bb da_dark_close=\u00bboff\u00bb da_not_modal=\u00bbon\u00bb da_is_singular=\u00bboff\u00bb da_with_loader=\u00bboff\u00bb da_has_shadow=\u00bbon\u00bb][et_pb_row column_structure=\u00bb1_4,3_4&#8243; use_custom_gutter=\u00bbon\u00bb gutter_width=\u00bb2&#8243; make_equal=\u00bbon\u00bb _builder_version=\u00bb4.27.4&#8243; _module_preset=\u00bbdefault\u00bb custom_margin=\u00bb||||false|false\u00bb custom_padding=\u00bb0px||0px||false|false\u00bb border_width_top=\u00bb1px\u00bb border_style_top=\u00bbdashed\u00bb border_width_top_tablet=\u00bb1px\u00bb border_width_top_phone=\u00bb1px\u00bb border_width_top_last_edited=\u00bbon|phone\u00bb global_colors_info=\u00bb{}\u00bb][et_pb_column type=\u00bb1_4&#8243; _builder_version=\u00bb4.27.4&#8243; _module_preset=\u00bbdefault\u00bb custom_css_main_element=\u00bbmargin:auto;\u00bb global_colors_info=\u00bb{}\u00bb][et_pb_text _builder_version=\u00bb4.27.4&#8243; _module_preset=\u00bbdefault\u00bb header_2_font=\u00bb&#8211;et_global_heading_font||||||||\u00bb header_2_text_color=\u00bb#233428&#8243; header_2_font_size=\u00bb36px\u00bb header_2_line_height=\u00bb1.2em\u00bb max_width=\u00bb420px\u00bb custom_margin=\u00bb||15px||false|false\u00bb custom_margin_tablet=\u00bb||15px||false|false\u00bb custom_margin_phone=\u00bb50px||-50px||false|false\u00bb custom_margin_last_edited=\u00bbon|phone\u00bb custom_padding=\u00bb||||false|false\u00bb global_colors_info=\u00bb{}\u00bb]<\/p>\n<h2>Nuestros Socios<\/h2>\n<p>[\/et_pb_text][\/et_pb_column][et_pb_column type=\u00bb3_4&#8243; _builder_version=\u00bb4.27.4&#8243; _module_preset=\u00bbdefault\u00bb scroll_horizontal_motion=\u00bb0|50|50|100|7|0|0&#8243; custom_css_main_element=\u00bbmargin:auto;\u00bb global_colors_info=\u00bb{}\u00bb][et_pb_code _builder_version=\u00bb4.27.4&#8243; _module_preset=\u00bbdefault\u00bb global_colors_info=\u00bb{}\u00bb]\t\n\t\t<div id=\"gs_logo_area_2\" data-sort=\"name\" data-shortcode-id=\"2\" class=\"gs_logo_area gs_logo_area_2 slider1 \" data-options='{\"logo_per_page\":\"6\"}' style=\"opacity: 0; visibility: hidden;\">\n\t\t\t<div class=\"gs_logo_area--inner\">\n\n\t\t\t\t<!-- Category Filters - New (Global) -->\n\t\t\t\t\t\n\t\t\t\t\n<div class=\"gs_logo_container gs_carousel_swiper gs_logo_fix_height_and_center\" data-carousel-config='{\"direction\":\"horizontal\",\"speed\":4000,\"isAutoplay\":true,\"autoplayDelay\":0,\"loop\":true,\"pauseOnHover\":true,\"ticker\":false,\"navs\":true,\"navs_pos\":\"bottom\",\"dots\":false,\"dynamic_dots\":true,\"slideSpace\":10,\"slidesPerGroup\":1,\"desktopLogos\":3,\"tabletLogos\":3,\"mobileLogos\":2,\"reverseDirection\":false}'>\n\n\t\n\t\t\n\t\t\t<div class=\"gs_logo_single--wrapper\">\n\t\t\t\t<div class=\"gs_logo_single\">\n\n\t\t\t\t\t<!-- Logo Img -->\n\t\t\t\t\t<img loading=\"lazy\" decoding=\"async\" width=\"300\" height=\"300\" src=\"https:\/\/www.fundaciontierraaustral.cl\/nueva\/wp-content\/uploads\/2025\/03\/futaleufukr.png\" class=\"tt-placement-top tt-bgcolor-one-%23ff5f6d tt-bgcolor-two-%23ffc371 tt-textcolor-%23fff gs-logo--img wp-post-image\" alt=\"\" title=\"FRK\" srcset=\"https:\/\/www.fundaciontierraaustral.cl\/nueva\/wp-content\/uploads\/2025\/03\/futaleufukr.png 300w, https:\/\/www.fundaciontierraaustral.cl\/nueva\/wp-content\/uploads\/2025\/03\/futaleufukr-150x150.png 150w, https:\/\/www.fundaciontierraaustral.cl\/nueva\/wp-content\/uploads\/2025\/03\/futaleufukr-12x12.png 12w\" sizes=\"(max-width: 300px) 100vw, 300px\" \/>\n\t\t\t\t\t<!-- Logo Title -->\n\t\t\t\t\t\t\t\t\t\t\n\t\t\t\t\t<!-- Logo Category -->\n\t\t\t\t\t\t\t\t\t\t\n\t\t\t\t<\/div>\n\t\t\t<\/div>\n\n\t\t\n\t\t\t<div class=\"gs_logo_single--wrapper\">\n\t\t\t\t<div class=\"gs_logo_single\">\n\n\t\t\t\t\t<!-- Logo Img -->\n\t\t\t\t\t<img loading=\"lazy\" decoding=\"async\" width=\"480\" height=\"300\" src=\"https:\/\/www.fundaciontierraaustral.cl\/nueva\/wp-content\/uploads\/2025\/03\/sonoma-land-trust-logo1.jpg\" class=\"tt-placement-top tt-bgcolor-one-%23ff5f6d tt-bgcolor-two-%23ffc371 tt-textcolor-%23fff gs-logo--img wp-post-image\" alt=\"\" title=\"Sonoma\" srcset=\"https:\/\/www.fundaciontierraaustral.cl\/nueva\/wp-content\/uploads\/2025\/03\/sonoma-land-trust-logo1.jpg 480w, https:\/\/www.fundaciontierraaustral.cl\/nueva\/wp-content\/uploads\/2025\/03\/sonoma-land-trust-logo1-300x188.jpg 300w, https:\/\/www.fundaciontierraaustral.cl\/nueva\/wp-content\/uploads\/2025\/03\/sonoma-land-trust-logo1-18x12.jpg 18w, https:\/\/www.fundaciontierraaustral.cl\/nueva\/wp-content\/uploads\/2025\/03\/sonoma-land-trust-logo1-400x250.jpg 400w\" sizes=\"(max-width: 480px) 100vw, 480px\" \/>\n\t\t\t\t\t<!-- Logo Title -->\n\t\t\t\t\t\t\t\t\t\t\n\t\t\t\t\t<!-- Logo Category -->\n\t\t\t\t\t\t\t\t\t\t\n\t\t\t\t<\/div>\n\t\t\t<\/div>\n\n\t\t\n\t\t\t<div class=\"gs_logo_single--wrapper\">\n\t\t\t\t<div class=\"gs_logo_single\">\n\n\t\t\t\t\t<!-- Logo Img -->\n\t\t\t\t\t<img loading=\"lazy\" decoding=\"async\" width=\"1024\" height=\"192\" src=\"https:\/\/www.fundaciontierraaustral.cl\/nueva\/wp-content\/uploads\/2025\/03\/landtrustallience-1-1024x192.png\" class=\"tt-placement-top tt-bgcolor-one-%23ff5f6d tt-bgcolor-two-%23ffc371 tt-textcolor-%23fff gs-logo--img wp-post-image\" alt=\"\" title=\"Landtrust alliance\" srcset=\"https:\/\/www.fundaciontierraaustral.cl\/nueva\/wp-content\/uploads\/2025\/03\/landtrustallience-1-980x184.png 980w, https:\/\/www.fundaciontierraaustral.cl\/nueva\/wp-content\/uploads\/2025\/03\/landtrustallience-1-480x90.png 480w\" sizes=\"(min-width: 0px) and (max-width: 480px) 480px, (min-width: 481px) and (max-width: 980px) 980px, (min-width: 981px) 1024px, 100vw\" \/>\n\t\t\t\t\t<!-- Logo Title -->\n\t\t\t\t\t\t\t\t\t\t\n\t\t\t\t\t<!-- Logo Category -->\n\t\t\t\t\t\t\t\t\t\t\n\t\t\t\t<\/div>\n\t\t\t<\/div>\n\n\t\t\n\t\t\t<div class=\"gs_logo_single--wrapper\">\n\t\t\t\t<div class=\"gs_logo_single\">\n\n\t\t\t\t\t<!-- Logo Img -->\n\t\t\t\t\t<img loading=\"lazy\" decoding=\"async\" width=\"1024\" height=\"1024\" src=\"https:\/\/www.fundaciontierraaustral.cl\/nueva\/wp-content\/uploads\/2025\/03\/Fundacion_pro_bono_negro-1024x1024.webp\" class=\"tt-placement-top tt-bgcolor-one-%23ff5f6d tt-bgcolor-two-%23ffc371 tt-textcolor-%23fff gs-logo--img wp-post-image\" alt=\"\" title=\"Probono\" srcset=\"https:\/\/www.fundaciontierraaustral.cl\/nueva\/wp-content\/uploads\/2025\/03\/Fundacion_pro_bono_negro-980x980.webp 980w, https:\/\/www.fundaciontierraaustral.cl\/nueva\/wp-content\/uploads\/2025\/03\/Fundacion_pro_bono_negro-480x480.webp 480w\" sizes=\"(min-width: 0px) and (max-width: 480px) 480px, (min-width: 481px) and (max-width: 980px) 980px, (min-width: 981px) 1024px, 100vw\" \/>\n\t\t\t\t\t<!-- Logo Title -->\n\t\t\t\t\t\t\t\t\t\t\n\t\t\t\t\t<!-- Logo Category -->\n\t\t\t\t\t\t\t\t\t\t\n\t\t\t\t<\/div>\n\t\t\t<\/div>\n\n\t\t\n\t\t\t<div class=\"gs_logo_single--wrapper\">\n\t\t\t\t<div class=\"gs_logo_single\">\n\n\t\t\t\t\t<!-- Logo Img -->\n\t\t\t\t\t<img loading=\"lazy\" decoding=\"async\" width=\"600\" height=\"600\" src=\"https:\/\/www.fundaciontierraaustral.cl\/nueva\/wp-content\/uploads\/2025\/03\/logo-Photosintesis_-negro_fondo-transparente.png\" class=\"tt-placement-top tt-bgcolor-one-%23ff5f6d tt-bgcolor-two-%23ffc371 tt-textcolor-%23fff gs-logo--img wp-post-image\" alt=\"\" title=\"Photosintesis\" srcset=\"https:\/\/www.fundaciontierraaustral.cl\/nueva\/wp-content\/uploads\/2025\/03\/logo-Photosintesis_-negro_fondo-transparente.png 600w, https:\/\/www.fundaciontierraaustral.cl\/nueva\/wp-content\/uploads\/2025\/03\/logo-Photosintesis_-negro_fondo-transparente-480x480.png 480w\" sizes=\"(min-width: 0px) and (max-width: 480px) 480px, (min-width: 481px) 600px, 100vw\" \/>\n\t\t\t\t\t<!-- Logo Title -->\n\t\t\t\t\t\t\t\t\t\t\n\t\t\t\t\t<!-- Logo Category -->\n\t\t\t\t\t\t\t\t\t\t\n\t\t\t\t<\/div>\n\t\t\t<\/div>\n\n\t\t\n\t\t\t<div class=\"gs_logo_single--wrapper\">\n\t\t\t\t<div class=\"gs_logo_single\">\n\n\t\t\t\t\t<!-- Logo Img -->\n\t\t\t\t\t<img loading=\"lazy\" decoding=\"async\" width=\"200\" height=\"100\" src=\"https:\/\/www.fundaciontierraaustral.cl\/nueva\/wp-content\/uploads\/2025\/03\/logowebnew-1.png\" class=\"tt-placement-top tt-bgcolor-one-%23ff5f6d tt-bgcolor-two-%23ffc371 tt-textcolor-%23fff gs-logo--img wp-post-image\" alt=\"\" title=\"Asi conserva Chile\" srcset=\"https:\/\/www.fundaciontierraaustral.cl\/nueva\/wp-content\/uploads\/2025\/03\/logowebnew-1.png 200w, https:\/\/www.fundaciontierraaustral.cl\/nueva\/wp-content\/uploads\/2025\/03\/logowebnew-1-18x9.png 18w\" sizes=\"(max-width: 200px) 100vw, 200px\" \/>\n\t\t\t\t\t<!-- Logo Title -->\n\t\t\t\t\t\t\t\t\t\t\n\t\t\t\t\t<!-- Logo Category -->\n\t\t\t\t\t\t\t\t\t\t\n\t\t\t\t<\/div>\n\t\t\t<\/div>\n\n\t\t\n\t\t\t<div class=\"gs_logo_single--wrapper\">\n\t\t\t\t<div class=\"gs_logo_single\">\n\n\t\t\t\t\t<!-- Logo Img -->\n\t\t\t\t\t<img loading=\"lazy\" decoding=\"async\" width=\"1020\" height=\"455\" src=\"https:\/\/www.fundaciontierraaustral.cl\/nueva\/wp-content\/uploads\/2025\/03\/XN9804.png\" class=\"tt-placement-top tt-bgcolor-one-%23ff5f6d tt-bgcolor-two-%23ffc371 tt-textcolor-%23fff gs-logo--img wp-post-image\" alt=\"\" title=\"ICF\" srcset=\"https:\/\/www.fundaciontierraaustral.cl\/nueva\/wp-content\/uploads\/2025\/03\/XN9804.png 1020w, https:\/\/www.fundaciontierraaustral.cl\/nueva\/wp-content\/uploads\/2025\/03\/XN9804-980x437.png 980w, https:\/\/www.fundaciontierraaustral.cl\/nueva\/wp-content\/uploads\/2025\/03\/XN9804-480x214.png 480w\" sizes=\"(min-width: 0px) and (max-width: 480px) 480px, (min-width: 481px) and (max-width: 980px) 980px, (min-width: 981px) 1020px, 100vw\" \/>\n\t\t\t\t\t<!-- Logo Title -->\n\t\t\t\t\t\t\t\t\t\t\n\t\t\t\t\t<!-- Logo Category -->\n\t\t\t\t\t\t\t\t\t\t\n\t\t\t\t<\/div>\n\t\t\t<\/div>\n\n\t\t\n\t\t\t<div class=\"gs_logo_single--wrapper\">\n\t\t\t\t<div class=\"gs_logo_single\">\n\n\t\t\t\t\t<!-- Logo Img -->\n\t\t\t\t\t<img loading=\"lazy\" decoding=\"async\" width=\"1024\" height=\"198\" src=\"https:\/\/www.fundaciontierraaustral.cl\/nueva\/wp-content\/uploads\/2025\/03\/logo-1024x198.png\" class=\"tt-placement-top tt-bgcolor-one-%23ff5f6d tt-bgcolor-two-%23ffc371 tt-textcolor-%23fff gs-logo--img wp-post-image\" alt=\"\" title=\"LandCN\" srcset=\"https:\/\/www.fundaciontierraaustral.cl\/nueva\/wp-content\/uploads\/2025\/03\/logo-1024x198.png 1024w, https:\/\/www.fundaciontierraaustral.cl\/nueva\/wp-content\/uploads\/2025\/03\/logo-980x189.png 980w, https:\/\/www.fundaciontierraaustral.cl\/nueva\/wp-content\/uploads\/2025\/03\/logo-480x93.png 480w\" sizes=\"(min-width: 0px) and (max-width: 480px) 480px, (min-width: 481px) and (max-width: 980px) 980px, (min-width: 981px) 1024px, 100vw\" \/>\n\t\t\t\t\t<!-- Logo Title -->\n\t\t\t\t\t\t\t\t\t\t\n\t\t\t\t\t<!-- Logo Category -->\n\t\t\t\t\t\t\t\t\t\t\n\t\t\t\t<\/div>\n\t\t\t<\/div>\n\n\t\t\n\t\t\t<div class=\"gs_logo_single--wrapper\">\n\t\t\t\t<div class=\"gs_logo_single\">\n\n\t\t\t\t\t<!-- Logo Img -->\n\t\t\t\t\t<img loading=\"lazy\" decoding=\"async\" width=\"1024\" height=\"543\" src=\"https:\/\/www.fundaciontierraaustral.cl\/nueva\/wp-content\/uploads\/2025\/03\/iucn-member-logo-01-1024x543.png\" class=\"tt-placement-top tt-bgcolor-one-%23ff5f6d tt-bgcolor-two-%23ffc371 tt-textcolor-%23fff gs-logo--img wp-post-image\" alt=\"\" title=\"IUCN\" srcset=\"https:\/\/www.fundaciontierraaustral.cl\/nueva\/wp-content\/uploads\/2025\/03\/iucn-member-logo-01-980x520.png 980w, https:\/\/www.fundaciontierraaustral.cl\/nueva\/wp-content\/uploads\/2025\/03\/iucn-member-logo-01-480x255.png 480w\" sizes=\"(min-width: 0px) and (max-width: 480px) 480px, (min-width: 481px) and (max-width: 980px) 980px, (min-width: 981px) 1024px, 100vw\" \/>\n\t\t\t\t\t<!-- Logo Title -->\n\t\t\t\t\t\t\t\t\t\t\n\t\t\t\t\t<!-- Logo Category -->\n\t\t\t\t\t\t\t\t\t\t\n\t\t\t\t<\/div>\n\t\t\t<\/div>\n\n\t\t\t\t\n\t\n<\/div>\n\t\t\t\t<!-- Pagination -->\n\t\t\t\t\n\t\t\t<\/div>\n\t\t<\/div>\n\t\n\t\t<style>#gs_logo_area_2:not(.verticaltickerdown):not(.verticalticker) .gs_logo_container{margin-left:-5px}#gs_logo_area_2:not(.verticaltickerdown):not(.verticalticker) .gs_logo_container{margin-right:-5px}#gs_logo_area_2:not(.verticaltickerdown):not(.verticalticker) .gs_logo_single--wrapper{padding:5px}#gs_logo_area_2 ul.gs-logo-filter-cats{text-align:center!important}#gs_logo_area_2 .gs_logo_single--wrapper{width:33.333333333333%}@media (max-width:1023px){#gs_logo_area_2 .gs_logo_single--wrapper{width:33.333333333333%}}@media (max-width:767px){#gs_logo_area_2 .gs_logo_single--wrapper{width:50%}}<\/style>[\/et_pb_code][\/et_pb_column][\/et_pb_row][\/et_pb_section][et_pb_section fb_built=\u00bb1&#8243; admin_label=\u00bbPopup &#8211; #don-weeden\u00bb module_id=\u00bbdon-weeden\u00bb module_class=\u00bbpopup\u00bb _builder_version=\u00bb4.27.5&#8243; _module_preset=\u00bbdefault\u00bb max_width=\u00bb1000px\u00bb custom_margin=\u00bb|0px||0px|false|false\u00bb custom_padding=\u00bb0px|0px|0px|0px|false|false\u00bb animation_style=\u00bbslide\u00bb animation_direction=\u00bbright\u00bb da_is_popup=\u00bbon\u00bb da_popup_slug=\u00bbdon-weeden\u00bb da_disable_devices=\u00bboff|off|off\u00bb global_colors_info=\u00bb{}\u00bb da_exit_intent=\u00bboff\u00bb da_has_close=\u00bbon\u00bb da_alt_close=\u00bboff\u00bb da_dark_close=\u00bboff\u00bb da_not_modal=\u00bbon\u00bb da_is_singular=\u00bboff\u00bb da_with_loader=\u00bboff\u00bb da_has_shadow=\u00bbon\u00bb][et_pb_row column_structure=\u00bb1_2,1_2&#8243; _builder_version=\u00bb4.27.5&#8243; _module_preset=\u00bbdefault\u00bb width=\u00bb90%\u00bb custom_margin=\u00bb||||false|false\u00bb custom_padding=\u00bb||||false|false\u00bb global_colors_info=\u00bb{}\u00bb][et_pb_column type=\u00bb1_2&#8243; _builder_version=\u00bb4.27.4&#8243; _module_preset=\u00bbdefault\u00bb global_colors_info=\u00bb{}\u00bb][et_pb_image src=\u00bbhttps:\/\/www.fundaciontierraaustral.cl\/nueva\/wp-content\/uploads\/2025\/03\/don-weeden.jpg\u00bb title_text=\u00bbdon-weeden\u00bb _builder_version=\u00bb4.27.4&#8243; _module_preset=\u00bbdefault\u00bb border_radii=\u00bbon|10px|10px|10px|10px\u00bb global_colors_info=\u00bb{}\u00bb][\/et_pb_image][\/et_pb_column][et_pb_column type=\u00bb1_2&#8243; _builder_version=\u00bb4.27.4&#8243; _module_preset=\u00bbdefault\u00bb global_colors_info=\u00bb{}\u00bb][et_pb_text _builder_version=\u00bb4.27.4&#8243; _module_preset=\u00bbdefault\u00bb text_font=\u00bb&#8211;et_global_body_font||||||||\u00bb text_text_color=\u00bb#161616&#8243; link_text_color=\u00bb#161616&#8243; header_2_font=\u00bb&#8211;et_global_heading_font||||||||\u00bb header_2_text_color=\u00bb#233428&#8243; header_2_font_size=\u00bb36px\u00bb header_2_line_height=\u00bb1.2em\u00bb header_3_font_size=\u00bb30px\u00bb max_width=\u00bb420px\u00bb custom_margin=\u00bb||15px||false|false\u00bb custom_padding=\u00bb||||false|false\u00bb global_colors_info=\u00bb{}\u00bb]<\/p>\n<h3>Don Weeden<\/h3>\n<p>Director<\/p>\n<p>[\/et_pb_text][et_pb_text _builder_version=\u00bb4.27.4&#8243; _module_preset=\u00bbdefault\u00bb text_text_color=\u00bb#000000&#8243; text_line_height=\u00bb1.3em\u00bb global_colors_info=\u00bb{}\u00bb]<\/p>\n<p>L\u00edder de conservaci\u00f3n que recientemente se retir\u00f3 de servir durante m\u00e1s de 20 a\u00f1os como Director Ejecutivo de la Fundaci\u00f3n Weeden con sede en Nueva York, una organizaci\u00f3n internacional que apoya una amplia gama de programas que tienen como objetivo preservar la biodiversidad, a nivel nacional e internacional. Don tiene un compromiso de larga data con la conservaci\u00f3n. Ha desempe\u00f1ado un papel fundamental en el lanzamiento de los esfuerzos de conservaci\u00f3n de tierras privadas en Chile y su filantrop\u00eda informada ha catalizado la protecci\u00f3n significativa de la tierra y la acci\u00f3n pol\u00edtica en todo el pa\u00eds. <br \/>Su profundo conocimiento de los problemas ambientales en Chile tambi\u00e9n lo llev\u00f3 a apoyar una revitalizaci\u00f3n de los esfuerzos para aprobar la legislaci\u00f3n del Derecho Real de Conservaci\u00f3n y la ley de Filantrop\u00eda Ambiental en el Congreso chileno. En 2015, Don fund\u00f3 el Fondo de Respuesta R\u00e1pida para la Naturaleza para garantizar que los acuerdos de tierras de importancia mundial tengan acceso oportuno a los fondos necesarios. Hasta la fecha, el fondo ha facilitado m\u00e1s de 50 transacciones de tierras en 25 pa\u00edses diferentes. Antes de la Fundaci\u00f3n Weeden, Don tuvo una carrera de casi 25 a\u00f1os en el \u00e1rea de la poblaci\u00f3n internacional, sirviendo en varios puestos de campo y de gesti\u00f3n para la Universidad de Columbia, la Federaci\u00f3n Internacional de Planificaci\u00f3n de la Familia y otras organizaciones no gubernamentales.<\/p>\n<p>[\/et_pb_text][\/et_pb_column][\/et_pb_row][\/et_pb_section][et_pb_section fb_built=\u00bb1&#8243; admin_label=\u00bbPopup &#8211; #jeffrey-parrish\u00bb module_id=\u00bbjeffrey-parrish\u00bb module_class=\u00bbpopup\u00bb _builder_version=\u00bb4.27.5&#8243; _module_preset=\u00bbdefault\u00bb max_width=\u00bb1000px\u00bb custom_margin=\u00bb|0px||0px|false|false\u00bb custom_padding=\u00bb0px|0px|0px|0px|false|false\u00bb animation_style=\u00bbslide\u00bb animation_direction=\u00bbright\u00bb link_option_url=\u00bb#jeffrey-parrish\u00bb da_is_popup=\u00bbon\u00bb da_popup_slug=\u00bbjeffrey-parrish\u00bb da_disable_devices=\u00bboff|off|off\u00bb global_colors_info=\u00bb{}\u00bb da_exit_intent=\u00bboff\u00bb da_has_close=\u00bbon\u00bb da_alt_close=\u00bboff\u00bb da_dark_close=\u00bboff\u00bb da_not_modal=\u00bbon\u00bb da_is_singular=\u00bboff\u00bb da_with_loader=\u00bboff\u00bb da_has_shadow=\u00bbon\u00bb][et_pb_row column_structure=\u00bb1_2,1_2&#8243; _builder_version=\u00bb4.27.4&#8243; _module_preset=\u00bbdefault\u00bb width=\u00bb90%\u00bb custom_margin=\u00bb||||false|false\u00bb custom_padding=\u00bb||||false|false\u00bb global_colors_info=\u00bb{}\u00bb][et_pb_column type=\u00bb1_2&#8243; _builder_version=\u00bb4.27.4&#8243; _module_preset=\u00bbdefault\u00bb global_colors_info=\u00bb{}\u00bb][et_pb_image src=\u00bbhttps:\/\/www.fundaciontierraaustral.cl\/nueva\/wp-content\/uploads\/2026\/02\/IMG_3852-2-1.jpg\u00bb alt=\u00bbJeff is a global conservation executive, currently serving as The Nature Conservancy\u2019s Global Managing Director for all nature protection efforts across the US and around the world. He is recognized around the world for his deep experience and expertise in developing and implementing innovative biodiversity conservation strategies, championing public and private protection efforts, large-scale fundraising and campaigns, and the building of radical collaborations within and outside the conservation community to address the biodiversity crisis. Much of his global career has centered on conservation in Chile, his most beloved country, and he has a strong commitment to Fundaci\u00f3n Tierra Austral&#8217;s mission. Jeff is a PhD ornithologist by training, yet uniquely brings in equal measure experience and outsized achievements in science, strategy, collaboration, compelling story telling, corporate cause marketing, fundraising excellence and executive leadership and management. To date his contributions to our Planet include the collaborative protection of Hacienda Pucheg\u00fc\u00edn in northern Chilean Patagonia, creation and advancement of the innovative Elephant Crisis Fund and Lion Recovery Fund, raising more than US$ 1Billion for nature the past decade, and co-founding Enduring Earth &#8211; the world\u2019s largest conservation initiative in history, He is proud and humbled to have the opportunity to support Fundaci\u00f3n Tierra Austral in accelerating and scaling its globally recognized efforts to conserve Chile\u2019s natural treasures.\u00bb title_text=\u00bbIMG_3852 (2) (1)\u00bb _builder_version=\u00bb4.27.5&#8243; _module_preset=\u00bbdefault\u00bb border_radii=\u00bbon|10px|10px|10px|10px\u00bb global_colors_info=\u00bb{}\u00bb][\/et_pb_image][\/et_pb_column][et_pb_column type=\u00bb1_2&#8243; _builder_version=\u00bb4.27.4&#8243; _module_preset=\u00bbdefault\u00bb global_colors_info=\u00bb{}\u00bb][et_pb_text _builder_version=\u00bb4.27.4&#8243; _module_preset=\u00bbdefault\u00bb text_font=\u00bb&#8211;et_global_body_font||||||||\u00bb text_text_color=\u00bb#161616&#8243; link_text_color=\u00bb#161616&#8243; header_2_font=\u00bb&#8211;et_global_heading_font||||||||\u00bb header_2_text_color=\u00bb#233428&#8243; header_2_font_size=\u00bb36px\u00bb header_2_line_height=\u00bb1.2em\u00bb header_3_font_size=\u00bb30px\u00bb max_width=\u00bb420px\u00bb custom_margin=\u00bb||15px||false|false\u00bb custom_padding=\u00bb||||false|false\u00bb global_colors_info=\u00bb{}\u00bb]<\/p>\n<h3>Jeffrey Parrish<\/h3>\n<p>Director<\/p>\n<p>[\/et_pb_text][et_pb_text _builder_version=\u00bb4.27.5&#8243; _module_preset=\u00bbdefault\u00bb text_text_color=\u00bb#000000&#8243; text_line_height=\u00bb1.3em\u00bb global_colors_info=\u00bb{}\u00bb]<\/p>\n<p>Jeff es un ejecutivo global en conservaci\u00f3n reconocido internacionalmente por su amplia experiencia y profundo conocimiento en el desarrollo e implementaci\u00f3n de estrategias innovadoras para la conservaci\u00f3n de la biodiversidad, el impulso de iniciativas de protecci\u00f3n tanto p\u00fablicas como privadas, la recaudaci\u00f3n de fondos y campa\u00f1as a gran escala, y la construcci\u00f3n de colaboraciones transformadoras dentro y fuera de la comunidad conservacionista para enfrentar la crisis de biodiversidad. Gran parte de su trayectoria internacional se ha centrado en la conservaci\u00f3n en Chile, su pa\u00eds m\u00e1s querido, y mantiene un firme compromiso con la misi\u00f3n de Fundaci\u00f3n Tierra Austral.<\/p>\n<p>Jeff es ornit\u00f3logo con doctorado, y aporta de manera excepcional una combinaci\u00f3n equilibrada de experiencia y logros sobresalientes en ciencia, estrategia, colaboraci\u00f3n, comunicaci\u00f3n persuasiva, marketing corporativo con prop\u00f3sito, excelencia en recaudaci\u00f3n de fondos, y liderazgo y gesti\u00f3n ejecutiva. Hasta la fecha, sus contribuciones al planeta incluyen la protecci\u00f3n colaborativa de Hacienda Pucheg\u00fc\u00edn en el norte de la Patagonia chilena, la creaci\u00f3n y consolidaci\u00f3n del innovador Elephant Crisis Fund y del Lion Recovery Fund, la recaudaci\u00f3n de m\u00e1s de 1.000 millones de d\u00f3lares estadounidenses para la naturaleza en la \u00faltima d\u00e9cada, y la cofundaci\u00f3n de Enduring Earth, la mayor iniciativa de conservaci\u00f3n en la historia. Actualmente, Jeff tambi\u00e9n \u00a0se desempe\u00f1a como Director General Global de The Nature Conservancy, liderando todos los esfuerzos de protecci\u00f3n de la naturaleza en Estados Unidos y en el resto del mundo.\u00a0<\/p>\n<p>[\/et_pb_text][\/et_pb_column][\/et_pb_row][\/et_pb_section][et_pb_section fb_built=\u00bb1&#8243; admin_label=\u00bbPopup &#8211; #kathleen-barclay\u00bb module_id=\u00bbkathleen-barclay\u00bb module_class=\u00bbpopup\u00bb _builder_version=\u00bb4.27.4&#8243; _module_preset=\u00bbdefault\u00bb max_width=\u00bb1000px\u00bb custom_margin=\u00bb|0px||0px|false|false\u00bb custom_padding=\u00bb0px|0px|0px|0px|false|false\u00bb animation_style=\u00bbslide\u00bb animation_direction=\u00bbright\u00bb da_is_popup=\u00bbon\u00bb da_popup_slug=\u00bbkathleen-barclay\u00bb da_disable_devices=\u00bboff|off|off\u00bb global_colors_info=\u00bb{}\u00bb da_exit_intent=\u00bboff\u00bb da_has_close=\u00bbon\u00bb da_alt_close=\u00bboff\u00bb da_dark_close=\u00bboff\u00bb da_not_modal=\u00bbon\u00bb da_is_singular=\u00bboff\u00bb da_with_loader=\u00bboff\u00bb da_has_shadow=\u00bbon\u00bb][et_pb_row column_structure=\u00bb1_2,1_2&#8243; _builder_version=\u00bb4.27.4&#8243; _module_preset=\u00bbdefault\u00bb width=\u00bb90%\u00bb custom_margin=\u00bb||||false|false\u00bb custom_padding=\u00bb||||false|false\u00bb global_colors_info=\u00bb{}\u00bb][et_pb_column type=\u00bb1_2&#8243; _builder_version=\u00bb4.27.4&#8243; _module_preset=\u00bbdefault\u00bb global_colors_info=\u00bb{}\u00bb][et_pb_image src=\u00bbhttps:\/\/www.fundaciontierraaustral.cl\/nueva\/wp-content\/uploads\/2025\/03\/Kathleen-Barclay.jpg\u00bb title_text=\u00bbKathleen-Barclay\u00bb _builder_version=\u00bb4.27.4&#8243; _module_preset=\u00bbdefault\u00bb border_radii=\u00bbon|10px|10px|10px|10px\u00bb global_colors_info=\u00bb{}\u00bb][\/et_pb_image][\/et_pb_column][et_pb_column type=\u00bb1_2&#8243; _builder_version=\u00bb4.27.4&#8243; _module_preset=\u00bbdefault\u00bb global_colors_info=\u00bb{}\u00bb][et_pb_text _builder_version=\u00bb4.27.4&#8243; _module_preset=\u00bbdefault\u00bb text_font=\u00bb&#8211;et_global_body_font||||||||\u00bb text_text_color=\u00bb#161616&#8243; link_text_color=\u00bb#161616&#8243; header_2_font=\u00bb&#8211;et_global_heading_font||||||||\u00bb header_2_text_color=\u00bb#233428&#8243; header_2_font_size=\u00bb36px\u00bb header_2_line_height=\u00bb1.2em\u00bb header_3_font_size=\u00bb30px\u00bb max_width=\u00bb420px\u00bb custom_margin=\u00bb||15px||false|false\u00bb custom_padding=\u00bb||||false|false\u00bb global_colors_info=\u00bb{}\u00bb]<\/p>\n<h3>Kathleen Collins Barclay<\/h3>\n<p>Director<\/p>\n<p>[\/et_pb_text][et_pb_text _builder_version=\u00bb4.27.4&#8243; _module_preset=\u00bbdefault\u00bb text_text_color=\u00bb#000000&#8243; text_line_height=\u00bb1.3em\u00bb global_colors_info=\u00bb{}\u00bb]<\/p>\n<p>Kathy es una destacada l\u00edder empresarial, c\u00edvica y ambiental en Chile. Pas\u00f3 23 a\u00f1os trabajando en la industria de servicios financieros en el Chase Manhattan Bank (ahora JP Morgan Chase &amp; Co.) en puestos en Nueva York, Londres y Chile. Ahora es la directora de KCB Advisors, una firma internacional de asesor\u00eda estrat\u00e9gica enfocada en oportunidades entre los Estados Unidos y Am\u00e9rica Latina. Kathy es miembro del Directorio de BiceCorp, Banco Bice, Austral Capital y Geomar S.A., entre otros. Entre los roles de liderazgo c\u00edvico y ambiental de Kathy se encuentran servir como presidenta de la Fundaci\u00f3n Panamericana del Desarrollo y como miembro de la Junta Directiva de la Fundaci\u00f3n Adolfo Ib\u00e1\u00f1ez y la Universidad Adolfo Ib\u00e1\u00f1ez. <br \/>Es asesora del Consejo de Endeavor Chile, miembro del Directorio de Chile Global Angels y del Consejo Consultivo del Proyecto Karukinka de Wildlife Conservation Society (WCS). Fue presidenta del Directorio de la C\u00e1mara Chileno Americana de Comercio (AmCham) y de la Asociaci\u00f3n de C\u00e1maras de Comercio de Am\u00e9rica Latina (AACCLA), y ha liderado varias iniciativas en AmCham. Kathy recibi\u00f3 su licenciatura en Servicio Exterior de la Universidad de Georgetown en Washington, D.C.<\/p>\n<p>[\/et_pb_text][\/et_pb_column][\/et_pb_row][\/et_pb_section][et_pb_section fb_built=\u00bb1&#8243; admin_label=\u00bbPopup &#8211; #rafael-asenjo\u00bb module_id=\u00bbrafael-asenjo\u00bb module_class=\u00bbpopup\u00bb _builder_version=\u00bb4.27.4&#8243; _module_preset=\u00bbdefault\u00bb max_width=\u00bb1000px\u00bb custom_margin=\u00bb|0px||0px|false|false\u00bb custom_padding=\u00bb0px|0px|0px|0px|false|false\u00bb animation_style=\u00bbslide\u00bb animation_direction=\u00bbright\u00bb da_is_popup=\u00bbon\u00bb da_popup_slug=\u00bbrafael-asenjo\u00bb da_disable_devices=\u00bboff|off|off\u00bb global_colors_info=\u00bb{}\u00bb da_exit_intent=\u00bboff\u00bb da_has_close=\u00bbon\u00bb da_alt_close=\u00bboff\u00bb da_dark_close=\u00bboff\u00bb da_not_modal=\u00bbon\u00bb da_is_singular=\u00bboff\u00bb da_with_loader=\u00bboff\u00bb da_has_shadow=\u00bbon\u00bb][et_pb_row column_structure=\u00bb1_2,1_2&#8243; _builder_version=\u00bb4.27.4&#8243; _module_preset=\u00bbdefault\u00bb width=\u00bb90%\u00bb custom_margin=\u00bb||||false|false\u00bb custom_padding=\u00bb||||false|false\u00bb global_colors_info=\u00bb{}\u00bb][et_pb_column type=\u00bb1_2&#8243; _builder_version=\u00bb4.27.4&#8243; _module_preset=\u00bbdefault\u00bb global_colors_info=\u00bb{}\u00bb][et_pb_image src=\u00bbhttps:\/\/www.fundaciontierraaustral.cl\/nueva\/wp-content\/uploads\/2025\/03\/rafael-asenjo.jpg\u00bb title_text=\u00bbrafael-asenjo\u00bb _builder_version=\u00bb4.27.4&#8243; _module_preset=\u00bbdefault\u00bb border_radii=\u00bbon|10px|10px|10px|10px\u00bb global_colors_info=\u00bb{}\u00bb][\/et_pb_image][\/et_pb_column][et_pb_column type=\u00bb1_2&#8243; _builder_version=\u00bb4.27.4&#8243; _module_preset=\u00bbdefault\u00bb global_colors_info=\u00bb{}\u00bb][et_pb_text _builder_version=\u00bb4.27.4&#8243; _module_preset=\u00bbdefault\u00bb text_font=\u00bb&#8211;et_global_body_font||||||||\u00bb text_text_color=\u00bb#161616&#8243; link_text_color=\u00bb#161616&#8243; header_2_font=\u00bb&#8211;et_global_heading_font||||||||\u00bb header_2_text_color=\u00bb#233428&#8243; header_2_font_size=\u00bb36px\u00bb header_2_line_height=\u00bb1.2em\u00bb header_3_font_size=\u00bb30px\u00bb max_width=\u00bb420px\u00bb custom_margin=\u00bb||15px||false|false\u00bb custom_padding=\u00bb||||false|false\u00bb global_colors_info=\u00bb{}\u00bb]<\/p>\n<h3>Rafael Asenjo<\/h3>\n<p>Director<\/p>\n<p>[\/et_pb_text][et_pb_text _builder_version=\u00bb4.27.4&#8243; _module_preset=\u00bbdefault\u00bb text_text_color=\u00bb#000000&#8243; text_line_height=\u00bb1.3em\u00bb global_colors_info=\u00bb{}\u00bb]<\/p>\n<p>Rafael es uno de los abogados ambientales m\u00e1s destacados de Chile. Ha ocupado diversos cargos gubernamentales y multilaterales internacionales, en los que ha ayudado a construir las bases del derecho y la pol\u00edtica ambiental en Chile. Fue Director Ejecutivo de la Comisi\u00f3n Nacional del Medio Ambiente, donde ayud\u00f3 a crear las primeras herramientas legales de Chile para la gesti\u00f3n ambiental, incluida la Ley 19.300, de Bases Generales del Medio Ambiente y el Sistema de Evaluaci\u00f3n de Impacto Ambiental (SEIA), que es el Programa de Evaluaci\u00f3n de Impacto Ambiental del pa\u00eds. En las Naciones Unidas, Rafael fue Director Ejecutivo del Fondo para el Medio Ambiente Mundial (FMAM) y Coordinador Nacional del Proyecto GEF-PNUD-MMA \u00abCreaci\u00f3n de un Sistema Nacional Integral de \u00c1reas Protegidas para Chile\u00bb, que trabaj\u00f3 para crear un sistema integrado de \u00e1reas protegidas p\u00fablicas y privadas para Chile.<\/p>\n<p>Rafael tambi\u00e9n fue Presidente del Centro de Estudios para el Desarrollo (CED), donde brind\u00f3 asistencia t\u00e9cnica a proyectos ambientales en Am\u00e9rica Latina y el Caribe. M\u00e1s recientemente, Rafael se ha desempe\u00f1ado como Ministro Titular y luego presidente del Tribunal Ambiental de Santiago. Rafael es abogado de la Universidad de Chile.<\/p>\n<p>[\/et_pb_text][\/et_pb_column][\/et_pb_row][\/et_pb_section][et_pb_section fb_built=\u00bb1&#8243; admin_label=\u00bbPopup &#8211; #victoria-alonso\u00bb module_id=\u00bbvictoria-alonso\u00bb module_class=\u00bbpopup\u00bb _builder_version=\u00bb4.27.4&#8243; _module_preset=\u00bbdefault\u00bb max_width=\u00bb1000px\u00bb custom_margin=\u00bb|0px||0px|false|false\u00bb custom_padding=\u00bb0px|0px|0px|0px|false|false\u00bb animation_style=\u00bbslide\u00bb animation_direction=\u00bbright\u00bb da_is_popup=\u00bbon\u00bb da_popup_slug=\u00bbvictoria-alonso\u00bb da_disable_devices=\u00bboff|off|off\u00bb global_colors_info=\u00bb{}\u00bb da_exit_intent=\u00bboff\u00bb da_has_close=\u00bbon\u00bb da_alt_close=\u00bboff\u00bb da_dark_close=\u00bboff\u00bb da_not_modal=\u00bbon\u00bb da_is_singular=\u00bboff\u00bb da_with_loader=\u00bboff\u00bb da_has_shadow=\u00bbon\u00bb][et_pb_row column_structure=\u00bb1_2,1_2&#8243; _builder_version=\u00bb4.27.4&#8243; _module_preset=\u00bbdefault\u00bb width=\u00bb90%\u00bb custom_margin=\u00bb||||false|false\u00bb custom_padding=\u00bb||||false|false\u00bb global_colors_info=\u00bb{}\u00bb][et_pb_column type=\u00bb1_2&#8243; _builder_version=\u00bb4.27.4&#8243; _module_preset=\u00bbdefault\u00bb global_colors_info=\u00bb{}\u00bb][et_pb_image src=\u00bbhttps:\/\/www.fundaciontierraaustral.cl\/nueva\/wp-content\/uploads\/2025\/02\/Victoria-Alonso-Directora-Ejecutiva-Executive-Director.jpg\u00bb title_text=\u00bbVictoria-Alonso&#8212;Directora-Ejecutiva&#8212;Executive-Director\u00bb _builder_version=\u00bb4.27.4&#8243; _module_preset=\u00bbdefault\u00bb border_radii=\u00bbon|10px|10px|10px|10px\u00bb global_colors_info=\u00bb{}\u00bb][\/et_pb_image][\/et_pb_column][et_pb_column type=\u00bb1_2&#8243; _builder_version=\u00bb4.27.4&#8243; _module_preset=\u00bbdefault\u00bb global_colors_info=\u00bb{}\u00bb][et_pb_text _builder_version=\u00bb4.27.4&#8243; _module_preset=\u00bbdefault\u00bb text_font=\u00bb&#8211;et_global_body_font||||||||\u00bb text_text_color=\u00bb#161616&#8243; text_line_height=\u00bb1.2em\u00bb link_text_color=\u00bb#161616&#8243; header_2_font=\u00bb&#8211;et_global_heading_font||||||||\u00bb header_2_text_color=\u00bb#233428&#8243; header_2_font_size=\u00bb36px\u00bb header_2_line_height=\u00bb1.2em\u00bb header_3_font_size=\u00bb30px\u00bb max_width=\u00bb420px\u00bb custom_margin=\u00bb||15px||false|false\u00bb custom_padding=\u00bb||||false|false\u00bb global_colors_info=\u00bb{}\u00bb]<\/p>\n<h3>Victoria Alonso<\/h3>\n<p>Directora Ejecutiva<br \/><a href=\"mailto:valonso@fundaciontierraaustral.cl\" target=\"_blank\" rel=\"noopener\">valonso@fundaciontierraaustral.cl<\/a><\/p>\n<p>[\/et_pb_text][et_pb_text _builder_version=\u00bb4.27.4&#8243; _module_preset=\u00bbdefault\u00bb text_text_color=\u00bb#000000&#8243; text_line_height=\u00bb1.3em\u00bb global_colors_info=\u00bb{}\u00bb]<\/p>\n<p>Victoria es Ingeniera Agr\u00f3noma de la Pontificia Universidad Cat\u00f3lica de Chile, con Mag\u00edster en Ciencias en Sustentabilidad Ambiental de la Universidad de Edimburgo del Reino Unido, especializada en pol\u00edticas p\u00fablicas y desarrollo de incentivos para la protecci\u00f3n del medio ambiente. Victoria posee m\u00e1s de 20 a\u00f1os de experiencia tanto en el sector p\u00fablico como en el privado, ha trabajado en \u00e1reas de dise\u00f1o de instrumentos de gesti\u00f3n, propuestas de legislaci\u00f3n y desarrollo de proyectos de conservaci\u00f3n de la naturaleza y protecci\u00f3n del medio ambiente. Desde el a\u00f1o 2013 a la fecha, ha trabajado en el desarrollo de medidas de compensaci\u00f3n apropiadas en biodiversidad tanto en el sector minero como en el energ\u00e9tico. Al mismo tiempo, como parte del trabajo dentro de la Fundaci\u00f3n Tierra Austral, ha desarrollado acciones y mejores pr\u00e1cticas para el uso del Derecho Real de Conservaci\u00f3n en Chile.<\/p>\n<p>[\/et_pb_text][\/et_pb_column][\/et_pb_row][\/et_pb_section][et_pb_section fb_built=\u00bb1&#8243; admin_label=\u00bbPopup &#8211; #amanda-alfonso\u00bb module_id=\u00bbamanda-alfonso\u00bb module_class=\u00bbpopup\u00bb _builder_version=\u00bb4.27.4&#8243; _module_preset=\u00bbdefault\u00bb max_width=\u00bb1000px\u00bb custom_margin=\u00bb|0px||0px|false|false\u00bb custom_padding=\u00bb0px|0px|0px|0px|false|false\u00bb animation_style=\u00bbslide\u00bb animation_direction=\u00bbright\u00bb da_is_popup=\u00bbon\u00bb da_popup_slug=\u00bbamanda-alfonso\u00bb da_disable_devices=\u00bboff|off|off\u00bb global_colors_info=\u00bb{}\u00bb da_exit_intent=\u00bboff\u00bb da_has_close=\u00bbon\u00bb da_alt_close=\u00bboff\u00bb da_dark_close=\u00bboff\u00bb da_not_modal=\u00bbon\u00bb da_is_singular=\u00bboff\u00bb da_with_loader=\u00bboff\u00bb da_has_shadow=\u00bbon\u00bb][et_pb_row column_structure=\u00bb1_2,1_2&#8243; _builder_version=\u00bb4.27.4&#8243; _module_preset=\u00bbdefault\u00bb width=\u00bb90%\u00bb custom_margin=\u00bb||||false|false\u00bb custom_padding=\u00bb||||false|false\u00bb global_colors_info=\u00bb{}\u00bb][et_pb_column type=\u00bb1_2&#8243; _builder_version=\u00bb4.27.4&#8243; _module_preset=\u00bbdefault\u00bb global_colors_info=\u00bb{}\u00bb][et_pb_image src=\u00bbhttps:\/\/www.fundaciontierraaustral.cl\/nueva\/wp-content\/uploads\/2025\/02\/Amanda-Alfonso-Especialista-en-Conservacion-de-Tierras-Land-Conservation-Specialist.jpg\u00bb title_text=\u00bbAmanda-Alfonso&#8212;Especialista-en-Conservaci\u00f3n-de-Tierras&#8212;Land-Conservation-Specialist\u00bb _builder_version=\u00bb4.27.4&#8243; _module_preset=\u00bbdefault\u00bb border_radii=\u00bbon|10px|10px|10px|10px\u00bb global_colors_info=\u00bb{}\u00bb][\/et_pb_image][\/et_pb_column][et_pb_column type=\u00bb1_2&#8243; _builder_version=\u00bb4.27.4&#8243; _module_preset=\u00bbdefault\u00bb global_colors_info=\u00bb{}\u00bb][et_pb_text _builder_version=\u00bb4.27.4&#8243; _module_preset=\u00bbdefault\u00bb text_font=\u00bb&#8211;et_global_body_font||||||||\u00bb text_text_color=\u00bb#161616&#8243; text_line_height=\u00bb1.2em\u00bb link_text_color=\u00bb#161616&#8243; header_2_font=\u00bb&#8211;et_global_heading_font||||||||\u00bb header_2_text_color=\u00bb#233428&#8243; header_2_font_size=\u00bb36px\u00bb header_2_line_height=\u00bb1.2em\u00bb header_3_font_size=\u00bb30px\u00bb max_width=\u00bb420px\u00bb custom_margin=\u00bb||15px||false|false\u00bb custom_padding=\u00bb||||false|false\u00bb global_colors_info=\u00bb{}\u00bb]<\/p>\n<h3>Amanda Alfonso<\/h3>\n<p>Especialista Senior en Conservaci\u00f3n de Tierras<br \/><a href=\"mailto:amanda.alfonso@fundaciontierraaustral.cl\" target=\"_blank\" rel=\"noopener\">amanda.alfonso@fundaciontierraaustral.cl<\/a><\/p>\n<p>[\/et_pb_text][et_pb_text _builder_version=\u00bb4.27.4&#8243; _module_preset=\u00bbdefault\u00bb text_text_color=\u00bb#000000&#8243; text_line_height=\u00bb1.3em\u00bb global_colors_info=\u00bb{}\u00bb]<\/p>\n<p>Amanda es Bi\u00f3loga Ambiental de la Universidad de Chile y posee un Mag\u00edster en Ciencias Ambientales con menci\u00f3n en An\u00e1lisis de Sistemas Ambientales de la Universidad de Wageningen, Holanda. Amanda ha trabajado en diferentes proyectos de investigaci\u00f3n estudiando la relaci\u00f3n entre el capital natural y el bienestar humano en zonas rurales, evaluaci\u00f3n de servicios ecosist\u00e9micos y restauraci\u00f3n ecol\u00f3gica. Tambi\u00e9n tiene experiencia en la coordinaci\u00f3n de proyectos, an\u00e1lisis espacial y desarrollo de metodolog\u00edas participativas. En Fundaci\u00f3n Tierra Austral trabaja directamente con propietarios que quieren proteger sus predios mediante el Derecho Real de Conservaci\u00f3n y creando estrategias para su implementaci\u00f3n en el largo plazo en \u00e1reas bajo protecci\u00f3n privada.<\/p>\n<p>[\/et_pb_text][\/et_pb_column][\/et_pb_row][\/et_pb_section][et_pb_section fb_built=\u00bb1&#8243; admin_label=\u00bbPopup &#8211; #mariana-ayala\u00bb module_id=\u00bbmariana-ayala\u00bb module_class=\u00bbpopup\u00bb _builder_version=\u00bb4.27.4&#8243; _module_preset=\u00bbdefault\u00bb max_width=\u00bb1000px\u00bb custom_margin=\u00bb|0px||0px|false|false\u00bb custom_padding=\u00bb0px|0px|0px|0px|false|false\u00bb animation_style=\u00bbslide\u00bb animation_direction=\u00bbright\u00bb da_is_popup=\u00bbon\u00bb da_popup_slug=\u00bbmariana-ayala\u00bb da_disable_devices=\u00bboff|off|off\u00bb global_colors_info=\u00bb{}\u00bb da_exit_intent=\u00bboff\u00bb da_has_close=\u00bbon\u00bb da_alt_close=\u00bboff\u00bb da_dark_close=\u00bboff\u00bb da_not_modal=\u00bbon\u00bb da_is_singular=\u00bboff\u00bb da_with_loader=\u00bboff\u00bb da_has_shadow=\u00bbon\u00bb][et_pb_row column_structure=\u00bb1_2,1_2&#8243; _builder_version=\u00bb4.27.4&#8243; _module_preset=\u00bbdefault\u00bb width=\u00bb90%\u00bb custom_margin=\u00bb||||false|false\u00bb custom_padding=\u00bb||||false|false\u00bb global_colors_info=\u00bb{}\u00bb][et_pb_column type=\u00bb1_2&#8243; _builder_version=\u00bb4.27.4&#8243; _module_preset=\u00bbdefault\u00bb global_colors_info=\u00bb{}\u00bb][et_pb_image src=\u00bbhttps:\/\/www.fundaciontierraaustral.cl\/nueva\/wp-content\/uploads\/2025\/02\/Mariana-Ayala-Especialista-Senior-en-Conservacion-de-Tierras-_-Senior-Land-Conservation-Specialist.jpg\u00bb _builder_version=\u00bb4.27.4&#8243; _module_preset=\u00bbdefault\u00bb border_radii=\u00bbon|10px|10px|10px|10px\u00bb global_colors_info=\u00bb{}\u00bb][\/et_pb_image][\/et_pb_column][et_pb_column type=\u00bb1_2&#8243; _builder_version=\u00bb4.27.4&#8243; _module_preset=\u00bbdefault\u00bb global_colors_info=\u00bb{}\u00bb][et_pb_text _builder_version=\u00bb4.27.4&#8243; _module_preset=\u00bbdefault\u00bb text_font=\u00bb&#8211;et_global_body_font||||||||\u00bb text_text_color=\u00bb#161616&#8243; text_line_height=\u00bb1.2em\u00bb link_text_color=\u00bb#161616&#8243; header_2_font=\u00bb&#8211;et_global_heading_font||||||||\u00bb header_2_text_color=\u00bb#233428&#8243; header_2_font_size=\u00bb36px\u00bb header_2_line_height=\u00bb1.2em\u00bb header_3_font_size=\u00bb30px\u00bb max_width=\u00bb420px\u00bb custom_margin=\u00bb||15px||false|false\u00bb custom_padding=\u00bb||||false|false\u00bb global_colors_info=\u00bb{}\u00bb]<\/p>\n<h3>Mariana Ayala<\/h3>\n<p>Especialista Senior en Conservaci\u00f3n de Tierras<br \/><a href=\"mailto:mayala@fundaciontierraaustral.cl\" target=\"_blank\" rel=\"noopener\">mayala@fundaciontierraaustral.cl<\/a><\/p>\n<p>[\/et_pb_text][et_pb_text _builder_version=\u00bb4.27.4&#8243; _module_preset=\u00bbdefault\u00bb text_text_color=\u00bb#000000&#8243; text_line_height=\u00bb1.3em\u00bb global_colors_info=\u00bb{}\u00bb]<\/p>\n<p>Mariana es Ingeniera Agr\u00f3noma de la Pontificia Universidad Cat\u00f3lica de Chile. Mariana cuenta con experiencia en el \u00e1rea de la consultor\u00eda ambiental, especialmente en el \u00e1mbito relacionado con la conservaci\u00f3n de la biodiversidad y el desarrollo de medidas de compensaci\u00f3n apropiadas en biodiversidad. En Fundaci\u00f3n Tierra Austral trabaja directamente con propietarios interesados en conservar sus predios a trav\u00e9s del Derecho Real de Conservaci\u00f3n y creando estrategias para su implementaci\u00f3n en el largo plazo en \u00e1reas protegidas privadas.<\/p>\n<p>[\/et_pb_text][\/et_pb_column][\/et_pb_row][\/et_pb_section][et_pb_section fb_built=\u00bb1&#8243; admin_label=\u00bbPopup &#8211; #ariane-claussen\u00bb module_id=\u00bbariane-claussen\u00bb module_class=\u00bbpopup\u00bb _builder_version=\u00bb4.27.4&#8243; _module_preset=\u00bbdefault\u00bb max_width=\u00bb1000px\u00bb custom_margin=\u00bb|11px||0px|false|false\u00bb custom_padding=\u00bb0px|0px|0px|0px|false|false\u00bb animation_style=\u00bbslide\u00bb animation_direction=\u00bbright\u00bb da_is_popup=\u00bbon\u00bb da_popup_slug=\u00bbariane-claussen\u00bb da_disable_devices=\u00bboff|off|off\u00bb global_colors_info=\u00bb{}\u00bb da_exit_intent=\u00bboff\u00bb da_has_close=\u00bbon\u00bb da_alt_close=\u00bboff\u00bb da_dark_close=\u00bboff\u00bb da_not_modal=\u00bbon\u00bb da_is_singular=\u00bboff\u00bb da_with_loader=\u00bboff\u00bb da_has_shadow=\u00bbon\u00bb][et_pb_row column_structure=\u00bb1_2,1_2&#8243; _builder_version=\u00bb4.27.4&#8243; _module_preset=\u00bbdefault\u00bb width=\u00bb90%\u00bb custom_margin=\u00bb||||false|false\u00bb custom_padding=\u00bb||||false|false\u00bb global_colors_info=\u00bb{}\u00bb][et_pb_column type=\u00bb1_2&#8243; _builder_version=\u00bb4.27.4&#8243; _module_preset=\u00bbdefault\u00bb global_colors_info=\u00bb{}\u00bb][et_pb_image src=\u00bbhttps:\/\/www.fundaciontierraaustral.cl\/nueva\/wp-content\/uploads\/2025\/02\/Ariane-Claussen-Especialista-en-Conservacion-de-Tierras-_-Land-Conservation-Specialist.jpg\u00bb _builder_version=\u00bb4.27.4&#8243; _module_preset=\u00bbdefault\u00bb border_radii=\u00bbon|10px|10px|10px|10px\u00bb global_colors_info=\u00bb{}\u00bb][\/et_pb_image][\/et_pb_column][et_pb_column type=\u00bb1_2&#8243; _builder_version=\u00bb4.27.4&#8243; _module_preset=\u00bbdefault\u00bb global_colors_info=\u00bb{}\u00bb][et_pb_text _builder_version=\u00bb4.27.4&#8243; _module_preset=\u00bbdefault\u00bb text_font=\u00bb&#8211;et_global_body_font||||||||\u00bb text_text_color=\u00bb#161616&#8243; text_line_height=\u00bb1.2em\u00bb link_text_color=\u00bb#161616&#8243; header_2_font=\u00bb&#8211;et_global_heading_font||||||||\u00bb header_2_text_color=\u00bb#233428&#8243; header_2_font_size=\u00bb36px\u00bb header_2_line_height=\u00bb1.2em\u00bb header_3_font_size=\u00bb30px\u00bb max_width=\u00bb420px\u00bb custom_margin=\u00bb||15px||false|false\u00bb custom_padding=\u00bb||||false|false\u00bb global_colors_info=\u00bb{}\u00bb]<\/p>\n<h3>Ariane Claussen<\/h3>\n<p>Especialista Senior en Conservaci\u00f3n de Tierras<br \/><a href=\"mailto:aclaussen@fundaciontierraaustral.cl\" target=\"_blank\" rel=\"noopener\">aclaussen@fundaciontierraaustral.cl<\/a><\/p>\n<p>[\/et_pb_text][et_pb_text _builder_version=\u00bb4.27.4&#8243; _module_preset=\u00bbdefault\u00bb text_text_color=\u00bb#000000&#8243; text_line_height=\u00bb1.3em\u00bb global_colors_info=\u00bb{}\u00bb]<\/p>\n<p>Ariane es Ingeniera en Recursos Naturales Renovables de la Universidad de Chile, especializada en planificaci\u00f3n para la conservaci\u00f3n de la naturaleza. Tiene 15 a\u00f1os de experiencia en la gesti\u00f3n de \u00e1reas silvestres protegidas y se encuentra certificada por la UICN en los est\u00e1ndares globales de Soluciones Basadas en la Naturaleza. En Tierra Austral Ariane trabaja directamente con propietarios interesados en conservar sus predios a trav\u00e9s del Derecho Real de Conservaci\u00f3n (DRC), creando estrategias para la implementaci\u00f3n del DRC en el largo plazo, y apoyando en el manejo y gesti\u00f3n de estas \u00e1reas protegidas.<\/p>\n<p>[\/et_pb_text][\/et_pb_column][\/et_pb_row][\/et_pb_section][et_pb_section fb_built=\u00bb1&#8243; admin_label=\u00bbPopup &#8211; #francisco-molina\u00bb module_id=\u00bbfrancisco-molina\u00bb module_class=\u00bbpopup\u00bb _builder_version=\u00bb4.27.4&#8243; _module_preset=\u00bbdefault\u00bb max_width=\u00bb1000px\u00bb custom_margin=\u00bb|0px||0px|false|false\u00bb custom_padding=\u00bb0px|0px|0px|0px|false|false\u00bb animation_style=\u00bbslide\u00bb animation_direction=\u00bbright\u00bb da_is_popup=\u00bbon\u00bb da_popup_slug=\u00bbfrancisco-molina\u00bb da_disable_devices=\u00bboff|off|off\u00bb global_colors_info=\u00bb{}\u00bb da_exit_intent=\u00bboff\u00bb da_has_close=\u00bbon\u00bb da_alt_close=\u00bboff\u00bb da_dark_close=\u00bboff\u00bb da_not_modal=\u00bbon\u00bb da_is_singular=\u00bboff\u00bb da_with_loader=\u00bboff\u00bb da_has_shadow=\u00bbon\u00bb][et_pb_row column_structure=\u00bb1_2,1_2&#8243; _builder_version=\u00bb4.27.4&#8243; _module_preset=\u00bbdefault\u00bb width=\u00bb90%\u00bb custom_margin=\u00bb||||false|false\u00bb custom_padding=\u00bb||||false|false\u00bb global_colors_info=\u00bb{}\u00bb][et_pb_column type=\u00bb1_2&#8243; _builder_version=\u00bb4.27.4&#8243; _module_preset=\u00bbdefault\u00bb global_colors_info=\u00bb{}\u00bb][et_pb_image src=\u00bbhttps:\/\/www.fundaciontierraaustral.cl\/nueva\/wp-content\/uploads\/2025\/02\/Francisco-Molina-Director-Asuntos-Comunitarios-_-Community-Affairs-Director-.jpg\u00bb _builder_version=\u00bb4.27.4&#8243; _module_preset=\u00bbdefault\u00bb border_radii=\u00bbon|10px|10px|10px|10px\u00bb global_colors_info=\u00bb{}\u00bb][\/et_pb_image][\/et_pb_column][et_pb_column type=\u00bb1_2&#8243; _builder_version=\u00bb4.27.4&#8243; _module_preset=\u00bbdefault\u00bb global_colors_info=\u00bb{}\u00bb][et_pb_text _builder_version=\u00bb4.27.4&#8243; _module_preset=\u00bbdefault\u00bb text_font=\u00bb&#8211;et_global_body_font||||||||\u00bb text_text_color=\u00bb#161616&#8243; text_line_height=\u00bb1.2em\u00bb link_text_color=\u00bb#161616&#8243; header_2_font=\u00bb&#8211;et_global_heading_font||||||||\u00bb header_2_text_color=\u00bb#233428&#8243; header_2_font_size=\u00bb36px\u00bb header_2_line_height=\u00bb1.2em\u00bb header_3_font_size=\u00bb30px\u00bb max_width=\u00bb420px\u00bb custom_margin=\u00bb||15px||false|false\u00bb custom_padding=\u00bb||||false|false\u00bb global_colors_info=\u00bb{}\u00bb]<\/p>\n<h3>Francisco Molina<\/h3>\n<p>Director de Relaciones Comunitarias<br \/><a href=\"mailto:fmolina@fundaciontierraaustral.cl\" target=\"_blank\" rel=\"noopener\">fmolina@fundaciontierraaustral.cl<\/a><\/p>\n<p>[\/et_pb_text][et_pb_text _builder_version=\u00bb4.27.4&#8243; _module_preset=\u00bbdefault\u00bb text_text_color=\u00bb#000000&#8243; text_line_height=\u00bb1.3em\u00bb global_colors_info=\u00bb{}\u00bb]<\/p>\n<p>Francisco es Soci\u00f3logo de la Universidad Diego Portales, con Mag\u00edster en Antropolog\u00eda y Desarrollo de la Universidad de Chile y Doctorado en Geograf\u00eda Humana de la Kings College London, siendo sus principales temas de investigaci\u00f3n el agua, cambio clim\u00e1tico y gobernanza del riesgo. Francisco posee 15 a\u00f1os de experiencia trabajando con universidades, centros de investigaciones e instituciones p\u00fablicas y privadas en tem\u00e1ticas relacionadas con la participaci\u00f3n ciudadana, adaptaci\u00f3n al cambio clim\u00e1tico. En Fundaci\u00f3n Tierra Austral trabaja como Asesor Estrat\u00e9gico, fortaleciendo la gobernanza de los proyectos de conservaci\u00f3n y la articulaci\u00f3n de los distintos actores.<\/p>\n<p>[\/et_pb_text][\/et_pb_column][\/et_pb_row][\/et_pb_section][et_pb_section fb_built=\u00bb1&#8243; admin_label=\u00bbPopup &#8211; #pablo-tapia\u00bb module_id=\u00bbpablo-tapia\u00bb module_class=\u00bbpopup\u00bb _builder_version=\u00bb4.27.4&#8243; _module_preset=\u00bbdefault\u00bb max_width=\u00bb1000px\u00bb custom_margin=\u00bb|0px||0px|false|false\u00bb custom_padding=\u00bb0px|0px|0px|0px|false|false\u00bb animation_style=\u00bbslide\u00bb animation_direction=\u00bbright\u00bb da_is_popup=\u00bbon\u00bb da_popup_slug=\u00bbpablo-tapia\u00bb da_disable_devices=\u00bboff|off|off\u00bb global_colors_info=\u00bb{}\u00bb da_exit_intent=\u00bboff\u00bb da_has_close=\u00bbon\u00bb da_alt_close=\u00bboff\u00bb da_dark_close=\u00bboff\u00bb da_not_modal=\u00bbon\u00bb da_is_singular=\u00bboff\u00bb da_with_loader=\u00bboff\u00bb da_has_shadow=\u00bbon\u00bb][et_pb_row column_structure=\u00bb1_2,1_2&#8243; _builder_version=\u00bb4.27.4&#8243; _module_preset=\u00bbdefault\u00bb width=\u00bb90%\u00bb custom_margin=\u00bb||||false|false\u00bb custom_padding=\u00bb||||false|false\u00bb global_colors_info=\u00bb{}\u00bb][et_pb_column type=\u00bb1_2&#8243; _builder_version=\u00bb4.27.4&#8243; _module_preset=\u00bbdefault\u00bb global_colors_info=\u00bb{}\u00bb][et_pb_image src=\u00bbhttps:\/\/www.fundaciontierraaustral.cl\/nueva\/wp-content\/uploads\/2025\/02\/Pablo-Tapia-Encargado-de-SIG-_-GIS-Specialist.jpg\u00bb _builder_version=\u00bb4.27.4&#8243; _module_preset=\u00bbdefault\u00bb border_radii=\u00bbon|10px|10px|10px|10px\u00bb global_colors_info=\u00bb{}\u00bb][\/et_pb_image][\/et_pb_column][et_pb_column type=\u00bb1_2&#8243; _builder_version=\u00bb4.27.4&#8243; _module_preset=\u00bbdefault\u00bb global_colors_info=\u00bb{}\u00bb][et_pb_text _builder_version=\u00bb4.27.4&#8243; _module_preset=\u00bbdefault\u00bb text_font=\u00bb&#8211;et_global_body_font||||||||\u00bb text_text_color=\u00bb#161616&#8243; text_line_height=\u00bb1.2em\u00bb link_text_color=\u00bb#161616&#8243; header_2_font=\u00bb&#8211;et_global_heading_font||||||||\u00bb header_2_text_color=\u00bb#233428&#8243; header_2_font_size=\u00bb36px\u00bb header_2_line_height=\u00bb1.2em\u00bb header_3_font_size=\u00bb30px\u00bb max_width=\u00bb420px\u00bb custom_margin=\u00bb||15px||false|false\u00bb custom_padding=\u00bb||||false|false\u00bb global_colors_info=\u00bb{}\u00bb]<\/p>\n<h3>Pablo Tapia<\/h3>\n<p>Encargado de Sistemas de Informaci\u00f3n Geogr\u00e1fica<br \/><a href=\"mailto:pablo.tapia@fundaciontierraaustral.cl\" target=\"_blank\" rel=\"noopener\">pablo.tapia@fundaciontierraaustral.cl<\/a><\/p>\n<p>[\/et_pb_text][et_pb_text _builder_version=\u00bb4.27.4&#8243; _module_preset=\u00bbdefault\u00bb text_text_color=\u00bb#000000&#8243; text_line_height=\u00bb1.3em\u00bb global_colors_info=\u00bb{}\u00bb]<\/p>\n<p>Pablo es Ge\u00f3grafo de la Pontificia Universidad Cat\u00f3lica de Chile y cuenta con un Diplomado en Percepci\u00f3n Remota y Geoinformaci\u00f3n de la PUCV. Tiene inter\u00e9s y experiencia en las \u00e1reas de Sistemas de Informaci\u00f3n Geogr\u00e1fica y Geom\u00e1tica, aplicadas en diversos \u00e1mbitos. En Fundaci\u00f3n Tierra Austral apoya en temas de percepci\u00f3n remota, cartograf\u00eda, recopilaci\u00f3n, sistematizaci\u00f3n y an\u00e1lisis de informaci\u00f3n georeferenciada para distintos objetivos. Adem\u00e1s tiene experiencia para operar vuelos de dron, para distintos fines.<\/p>\n<p>[\/et_pb_text][\/et_pb_column][\/et_pb_row][\/et_pb_section][et_pb_section fb_built=\u00bb1&#8243; admin_label=\u00bbPopup &#8211; #henry-tepper\u00bb module_id=\u00bbhenry-tepper\u00bb module_class=\u00bbpopup\u00bb _builder_version=\u00bb4.27.4&#8243; _module_preset=\u00bbdefault\u00bb max_width=\u00bb1000px\u00bb custom_margin=\u00bb|0px||0px|false|false\u00bb custom_padding=\u00bb0px|0px|0px|0px|false|false\u00bb animation_style=\u00bbslide\u00bb animation_direction=\u00bbright\u00bb da_is_popup=\u00bbon\u00bb da_popup_slug=\u00bbhenry-tepper\u00bb da_disable_devices=\u00bboff|off|off\u00bb global_colors_info=\u00bb{}\u00bb da_exit_intent=\u00bboff\u00bb da_has_close=\u00bbon\u00bb da_alt_close=\u00bboff\u00bb da_dark_close=\u00bboff\u00bb da_not_modal=\u00bbon\u00bb da_is_singular=\u00bboff\u00bb da_with_loader=\u00bboff\u00bb da_has_shadow=\u00bbon\u00bb][et_pb_row column_structure=\u00bb1_2,1_2&#8243; _builder_version=\u00bb4.27.4&#8243; _module_preset=\u00bbdefault\u00bb width=\u00bb90%\u00bb custom_margin=\u00bb||||false|false\u00bb custom_padding=\u00bb||||false|false\u00bb global_colors_info=\u00bb{}\u00bb][et_pb_column type=\u00bb1_2&#8243; _builder_version=\u00bb4.27.4&#8243; _module_preset=\u00bbdefault\u00bb global_colors_info=\u00bb{}\u00bb][et_pb_image src=\u00bbhttps:\/\/www.fundaciontierraaustral.cl\/nueva\/wp-content\/uploads\/2025\/02\/Henry-Tepper-Asesor-Senior-en-Conservacion-Estrategica-Senior-Advisor-in-Strategic-Conservation.jpg\u00bb _builder_version=\u00bb4.27.4&#8243; _module_preset=\u00bbdefault\u00bb border_radii=\u00bbon|10px|10px|10px|10px\u00bb global_colors_info=\u00bb{}\u00bb][\/et_pb_image][\/et_pb_column][et_pb_column type=\u00bb1_2&#8243; _builder_version=\u00bb4.27.4&#8243; _module_preset=\u00bbdefault\u00bb global_colors_info=\u00bb{}\u00bb][et_pb_text _builder_version=\u00bb4.27.4&#8243; _module_preset=\u00bbdefault\u00bb text_font=\u00bb&#8211;et_global_body_font||||||||\u00bb text_text_color=\u00bb#161616&#8243; text_line_height=\u00bb1.2em\u00bb link_text_color=\u00bb#161616&#8243; header_2_font=\u00bb&#8211;et_global_heading_font||||||||\u00bb header_2_text_color=\u00bb#233428&#8243; header_2_font_size=\u00bb36px\u00bb header_2_line_height=\u00bb1.2em\u00bb header_3_font_size=\u00bb30px\u00bb max_width=\u00bb420px\u00bb custom_margin=\u00bb||15px||false|false\u00bb custom_padding=\u00bb||||false|false\u00bb global_colors_info=\u00bb{}\u00bb]<\/p>\n<h3>Henry Tepper<\/h3>\n<p>Asesor Senior en Conservaci\u00f3n Estrat\u00e9gica<br \/><a href=\"mailto:henry.tepper@gmail.com\" target=\"_blank\" rel=\"noopener\">henry.tepper@gmail.com<\/a><\/p>\n<p>[\/et_pb_text][et_pb_text _builder_version=\u00bb4.27.4&#8243; _module_preset=\u00bbdefault\u00bb text_text_color=\u00bb#000000&#8243; text_line_height=\u00bb1.3em\u00bb global_colors_info=\u00bb{}\u00bb]<\/p>\n<p>Henry es consultor ambiental y profesor en el programa de sustentabilidad en la escuela de extensi\u00f3n de la Universidad de Harvard de Estados Unidos. Con anterioridad fue el Presidente de Massachusetts Audubon Society en Lincoln, Massachusetts y Director de Conservaci\u00f3n y Socio de la empresa Patagonia Sur. Henry lider\u00f3 el equipo que cre\u00f3 un instrumento pr\u00e1ctico para una Servidumbre de Conservaci\u00f3n bajo la ley chilena y cre\u00f3 la Fundaci\u00f3n Tierra Austral. Antes de trabajar en Patagonia Sur, Henry fue el Vicepresidente del Programa Estatal de Massachussetts Audubon Socierty y fue Director Estatal de New Hampshire y del Estado de New York en The Nature Conservancy (TNC).<\/p>\n<p>[\/et_pb_text][\/et_pb_column][\/et_pb_row][\/et_pb_section][et_pb_section fb_built=\u00bb1&#8243; admin_label=\u00bbPopup &#8211; #javiera-yanez\u00bb module_id=\u00bbjaviera-yanez\u00bb module_class=\u00bbpopup\u00bb _builder_version=\u00bb4.27.4&#8243; _module_preset=\u00bbdefault\u00bb max_width=\u00bb1000px\u00bb custom_margin=\u00bb|0px||0px|false|false\u00bb custom_padding=\u00bb0px|0px|0px|0px|false|false\u00bb animation_style=\u00bbslide\u00bb animation_direction=\u00bbright\u00bb da_is_popup=\u00bbon\u00bb da_popup_slug=\u00bbjaviera-yanez\u00bb da_disable_devices=\u00bboff|off|off\u00bb global_colors_info=\u00bb{}\u00bb da_exit_intent=\u00bboff\u00bb da_has_close=\u00bbon\u00bb da_alt_close=\u00bboff\u00bb da_dark_close=\u00bboff\u00bb da_not_modal=\u00bbon\u00bb da_is_singular=\u00bboff\u00bb da_with_loader=\u00bboff\u00bb da_has_shadow=\u00bbon\u00bb][et_pb_row column_structure=\u00bb1_2,1_2&#8243; _builder_version=\u00bb4.27.4&#8243; _module_preset=\u00bbdefault\u00bb width=\u00bb90%\u00bb custom_margin=\u00bb||||false|false\u00bb custom_padding=\u00bb||||false|false\u00bb global_colors_info=\u00bb{}\u00bb][et_pb_column type=\u00bb1_2&#8243; _builder_version=\u00bb4.27.4&#8243; _module_preset=\u00bbdefault\u00bb global_colors_info=\u00bb{}\u00bb][et_pb_image src=\u00bbhttps:\/\/www.fundaciontierraaustral.cl\/nueva\/wp-content\/uploads\/2025\/02\/Javiera-Yanez-Directora-de-Desarrollo-y-Comunicaciones-Director-of-Development-and-Communications-.jpg\u00bb _builder_version=\u00bb4.27.4&#8243; _module_preset=\u00bbdefault\u00bb border_radii=\u00bbon|10px|10px|10px|10px\u00bb global_colors_info=\u00bb{}\u00bb][\/et_pb_image][\/et_pb_column][et_pb_column type=\u00bb1_2&#8243; _builder_version=\u00bb4.27.4&#8243; _module_preset=\u00bbdefault\u00bb global_colors_info=\u00bb{}\u00bb][et_pb_text _builder_version=\u00bb4.27.4&#8243; _module_preset=\u00bbdefault\u00bb text_font=\u00bb&#8211;et_global_body_font||||||||\u00bb text_text_color=\u00bb#161616&#8243; text_line_height=\u00bb1.2em\u00bb link_text_color=\u00bb#161616&#8243; header_2_font=\u00bb&#8211;et_global_heading_font||||||||\u00bb header_2_text_color=\u00bb#233428&#8243; header_2_font_size=\u00bb36px\u00bb header_2_line_height=\u00bb1.2em\u00bb header_3_font_size=\u00bb30px\u00bb max_width=\u00bb420px\u00bb custom_margin=\u00bb||15px||false|false\u00bb custom_padding=\u00bb||||false|false\u00bb global_colors_info=\u00bb{}\u00bb]<\/p>\n<h3>Javiera Y\u00e1\u00f1ez<\/h3>\n<p>Directora de Desarrollo y Comunicaciones<br \/><a href=\"mailto: jyanez@fundaciontierraaustral.cl\" target=\"_blank\" rel=\"noopener\">jyanez@fundaciontierraaustral.cl<\/a><\/p>\n<p>[\/et_pb_text][et_pb_text _builder_version=\u00bb4.27.4&#8243; _module_preset=\u00bbdefault\u00bb text_text_color=\u00bb#000000&#8243; text_line_height=\u00bb1.3em\u00bb global_colors_info=\u00bb{}\u00bb]<\/p>\n<p>Javiera es Periodista de la Pontificia Universidad Cat\u00f3lica de Chile y tiene un Mag\u00edster en Ciencia Pol\u00edtica con menci\u00f3n en Relaciones Internacionales de la misma universidad. Javiera ha trabajado en el sector privado en las \u00e1reas de comunicaci\u00f3n estrat\u00e9gica, investigaci\u00f3n, an\u00e1lisis de la industria de medios y an\u00e1lisis cr\u00edtico de marcos regulatorios. Tambi\u00e9n tiene experiencia en la generaci\u00f3n de alianzas con actores clave de la red p\u00fablico-privada. En Fundaci\u00f3n Tierra Austral Javiera trabaja en el dise\u00f1o y aplicaci\u00f3n de estrategias de comunicaci\u00f3n para transmitir la importancia de la conservaci\u00f3n en tierras privadas, adem\u00e1s de contribuir a fortalecer las relaciones con los distintos actores clave del \u00e1rea.<\/p>\n<p>[\/et_pb_text][\/et_pb_column][\/et_pb_row][\/et_pb_section][et_pb_section fb_built=\u00bb1&#8243; admin_label=\u00bbPopup &#8211; #camila-carrasco\u00bb module_id=\u00bbcamila-carrasco\u00bb module_class=\u00bbpopup\u00bb _builder_version=\u00bb4.27.4&#8243; _module_preset=\u00bbdefault\u00bb max_width=\u00bb1000px\u00bb custom_margin=\u00bb|0px||0px|false|false\u00bb custom_padding=\u00bb0px|0px|0px|0px|false|false\u00bb animation_style=\u00bbslide\u00bb animation_direction=\u00bbright\u00bb da_is_popup=\u00bbon\u00bb da_popup_slug=\u00bbcamila-carrasco\u00bb da_disable_devices=\u00bboff|off|off\u00bb global_colors_info=\u00bb{}\u00bb da_exit_intent=\u00bboff\u00bb da_has_close=\u00bbon\u00bb da_alt_close=\u00bboff\u00bb da_dark_close=\u00bboff\u00bb da_not_modal=\u00bbon\u00bb da_is_singular=\u00bboff\u00bb da_with_loader=\u00bboff\u00bb da_has_shadow=\u00bbon\u00bb][et_pb_row column_structure=\u00bb1_2,1_2&#8243; _builder_version=\u00bb4.27.4&#8243; _module_preset=\u00bbdefault\u00bb width=\u00bb90%\u00bb custom_margin=\u00bb||||false|false\u00bb custom_padding=\u00bb||||false|false\u00bb global_colors_info=\u00bb{}\u00bb][et_pb_column type=\u00bb1_2&#8243; _builder_version=\u00bb4.27.4&#8243; _module_preset=\u00bbdefault\u00bb global_colors_info=\u00bb{}\u00bb][et_pb_image src=\u00bbhttps:\/\/www.fundaciontierraaustral.cl\/nueva\/wp-content\/uploads\/2025\/02\/Camila-Carrasco-Coordinadora-de-Proyectos-Projects-Coordinator-.jpg\u00bb _builder_version=\u00bb4.27.4&#8243; _module_preset=\u00bbdefault\u00bb border_radii=\u00bbon|10px|10px|10px|10px\u00bb global_colors_info=\u00bb{}\u00bb][\/et_pb_image][\/et_pb_column][et_pb_column type=\u00bb1_2&#8243; _builder_version=\u00bb4.27.4&#8243; _module_preset=\u00bbdefault\u00bb global_colors_info=\u00bb{}\u00bb][et_pb_text _builder_version=\u00bb4.27.4&#8243; _module_preset=\u00bbdefault\u00bb text_font=\u00bb&#8211;et_global_body_font||||||||\u00bb text_text_color=\u00bb#161616&#8243; text_line_height=\u00bb1.2em\u00bb link_text_color=\u00bb#161616&#8243; header_2_font=\u00bb&#8211;et_global_heading_font||||||||\u00bb header_2_text_color=\u00bb#233428&#8243; header_2_font_size=\u00bb36px\u00bb header_2_line_height=\u00bb1.2em\u00bb header_3_font_size=\u00bb30px\u00bb max_width=\u00bb420px\u00bb custom_margin=\u00bb||15px||false|false\u00bb custom_padding=\u00bb||||false|false\u00bb global_colors_info=\u00bb{}\u00bb]<\/p>\n<h3>Camila Carrasco<\/h3>\n<p>Coordinadora de Proyectos<br \/><a href=\"mailto:ccarrasco@fundaciontierraaustral.cl\" target=\"_blank\" rel=\"noopener\">ccarrasco@fundaciontierraaustral.cl<\/a><\/p>\n<p>[\/et_pb_text][et_pb_text disabled_on=\u00bboff|off|off\u00bb _builder_version=\u00bb4.27.4&#8243; _module_preset=\u00bbdefault\u00bb text_text_color=\u00bb#000000&#8243; text_line_height=\u00bb1.3em\u00bb global_colors_info=\u00bb{}\u00bb]<\/p>\n<p>Camila es Ingeniera Ambiental de la Universidad de Valpara\u00edso, posee un Diplomado en Restauraci\u00f3n Ambiental Terrestre de la Universidad de Chile. Cuenta con experiencia en el \u00e1rea industrial y en el de conservaci\u00f3n de la naturaleza. En Fundaci\u00f3n Tierra Austral, como coordinadora de proyectos, apoya a las especialistas de conservaci\u00f3n de tierras en el seguimiento de proyectos y sistematizaci\u00f3n de la informaci\u00f3n.<\/p>\n<p>[\/et_pb_text][\/et_pb_column][\/et_pb_row][\/et_pb_section][et_pb_section fb_built=\u00bb1&#8243; admin_label=\u00bbPopup &#8211; #karim-lemp\u00bb module_id=\u00bbkarim-lemp\u00bb module_class=\u00bbpopup\u00bb _builder_version=\u00bb4.27.4&#8243; _module_preset=\u00bbdefault\u00bb max_width=\u00bb1000px\u00bb custom_margin=\u00bb|0px||0px|false|false\u00bb custom_padding=\u00bb0px|0px|0px|0px|false|false\u00bb animation_style=\u00bbslide\u00bb animation_direction=\u00bbright\u00bb da_is_popup=\u00bbon\u00bb da_popup_slug=\u00bbkarim-lemp\u00bb da_disable_devices=\u00bboff|off|off\u00bb global_colors_info=\u00bb{}\u00bb da_exit_intent=\u00bboff\u00bb da_has_close=\u00bbon\u00bb da_alt_close=\u00bboff\u00bb da_dark_close=\u00bboff\u00bb da_not_modal=\u00bbon\u00bb da_is_singular=\u00bboff\u00bb da_with_loader=\u00bboff\u00bb da_has_shadow=\u00bbon\u00bb][et_pb_row column_structure=\u00bb1_2,1_2&#8243; _builder_version=\u00bb4.27.4&#8243; _module_preset=\u00bbdefault\u00bb width=\u00bb90%\u00bb custom_margin=\u00bb||||false|false\u00bb custom_padding=\u00bb||||false|false\u00bb global_colors_info=\u00bb{}\u00bb][et_pb_column type=\u00bb1_2&#8243; _builder_version=\u00bb4.27.4&#8243; _module_preset=\u00bbdefault\u00bb global_colors_info=\u00bb{}\u00bb][et_pb_image src=\u00bbhttps:\/\/www.fundaciontierraaustral.cl\/nueva\/wp-content\/uploads\/2025\/02\/Karim-Lemp-Asistente-Administrativa-Contable-Administrative-Accounting-Assistant-.jpg\u00bb _builder_version=\u00bb4.27.4&#8243; _module_preset=\u00bbdefault\u00bb border_radii=\u00bbon|10px|10px|10px|10px\u00bb global_colors_info=\u00bb{}\u00bb][\/et_pb_image][\/et_pb_column][et_pb_column type=\u00bb1_2&#8243; _builder_version=\u00bb4.27.4&#8243; _module_preset=\u00bbdefault\u00bb global_colors_info=\u00bb{}\u00bb][et_pb_text _builder_version=\u00bb4.27.4&#8243; _module_preset=\u00bbdefault\u00bb text_font=\u00bb&#8211;et_global_body_font||||||||\u00bb text_text_color=\u00bb#161616&#8243; text_line_height=\u00bb1.2em\u00bb link_text_color=\u00bb#161616&#8243; header_2_font=\u00bb&#8211;et_global_heading_font||||||||\u00bb header_2_text_color=\u00bb#233428&#8243; header_2_font_size=\u00bb36px\u00bb header_2_line_height=\u00bb1.2em\u00bb header_3_font_size=\u00bb30px\u00bb max_width=\u00bb420px\u00bb custom_margin=\u00bb||15px||false|false\u00bb custom_padding=\u00bb||||false|false\u00bb global_colors_info=\u00bb{}\u00bb]<\/p>\n<h3>Karim Lemp<\/h3>\n<p>Encargada de Administraci\u00f3n y Finanzas<br \/><a href=\"mailto:asistente.adm@fundaciontierraaustral.cl\">administracion@fundaciontierraaustral.cl<\/a><\/p>\n<p>[\/et_pb_text][et_pb_text disabled_on=\u00bboff|off|off\u00bb _builder_version=\u00bb4.27.4&#8243; _module_preset=\u00bbdefault\u00bb text_text_color=\u00bb#000000&#8243; text_line_height=\u00bb1.3em\u00bb global_colors_info=\u00bb{}\u00bb]<\/p>\n<p>Karim es Contadora Auditora del Instituto Profesional Guillermo Subercaseaux y cuenta con un Diplomado en Gesti\u00f3n de Empresas de la Pontificia Universidad Cat\u00f3lica de Chile. Tiene m\u00e1s de 10 a\u00f1os de experiencia de trabajo en equipo en diferentes sectores. En Fundaci\u00f3n Tierra Austral, Karim se hace cargo de la gesti\u00f3n, manejo y coordinaci\u00f3n de las \u00e1reas de administraci\u00f3n, finanzas y gesti\u00f3n de personas.<\/p>\n<p>[\/et_pb_text][\/et_pb_column][\/et_pb_row][\/et_pb_section][et_pb_section fb_built=\u00bb1&#8243; admin_label=\u00bbPopup &#8211; #flavia-cordella\u00bb module_id=\u00bbflavia-cordella\u00bb module_class=\u00bbpopup\u00bb _builder_version=\u00bb4.27.4&#8243; _module_preset=\u00bbdefault\u00bb max_width=\u00bb1000px\u00bb custom_margin=\u00bb|0px||0px|false|false\u00bb custom_padding=\u00bb0px|0px|0px|0px|false|false\u00bb animation_style=\u00bbslide\u00bb animation_direction=\u00bbright\u00bb da_is_popup=\u00bbon\u00bb da_popup_slug=\u00bbflavia-cordella\u00bb da_disable_devices=\u00bboff|off|off\u00bb global_colors_info=\u00bb{}\u00bb da_exit_intent=\u00bboff\u00bb da_has_close=\u00bbon\u00bb da_alt_close=\u00bboff\u00bb da_dark_close=\u00bboff\u00bb da_not_modal=\u00bbon\u00bb da_is_singular=\u00bboff\u00bb da_with_loader=\u00bboff\u00bb da_has_shadow=\u00bbon\u00bb][et_pb_row column_structure=\u00bb1_2,1_2&#8243; _builder_version=\u00bb4.27.4&#8243; _module_preset=\u00bbdefault\u00bb width=\u00bb90%\u00bb custom_margin=\u00bb||||false|false\u00bb custom_padding=\u00bb||||false|false\u00bb global_colors_info=\u00bb{}\u00bb][et_pb_column type=\u00bb1_2&#8243; _builder_version=\u00bb4.27.4&#8243; _module_preset=\u00bbdefault\u00bb global_colors_info=\u00bb{}\u00bb][et_pb_image src=\u00bbhttps:\/\/www.fundaciontierraaustral.cl\/nueva\/wp-content\/uploads\/2025\/03\/fcordella.jpg\u00bb title_text=\u00bbfcordella\u00bb _builder_version=\u00bb4.27.4&#8243; _module_preset=\u00bbdefault\u00bb border_radii=\u00bbon|10px|10px|10px|10px\u00bb global_colors_info=\u00bb{}\u00bb][\/et_pb_image][\/et_pb_column][et_pb_column type=\u00bb1_2&#8243; _builder_version=\u00bb4.27.4&#8243; _module_preset=\u00bbdefault\u00bb global_colors_info=\u00bb{}\u00bb][et_pb_text _builder_version=\u00bb4.27.4&#8243; _module_preset=\u00bbdefault\u00bb text_font=\u00bb&#8211;et_global_body_font||||||||\u00bb text_text_color=\u00bb#161616&#8243; text_line_height=\u00bb1.2em\u00bb link_text_color=\u00bb#161616&#8243; header_2_font=\u00bb&#8211;et_global_heading_font||||||||\u00bb header_2_text_color=\u00bb#233428&#8243; header_2_font_size=\u00bb36px\u00bb header_2_line_height=\u00bb1.2em\u00bb header_3_font_size=\u00bb30px\u00bb max_width=\u00bb420px\u00bb custom_margin=\u00bb||15px||false|false\u00bb custom_padding=\u00bb||||false|false\u00bb global_colors_info=\u00bb{}\u00bb]<\/p>\n<h3>Flavia Cordella<\/h3>\n<p>Especialista en Comunicaciones<br \/><a href=\"mailto:fcordella@fundaciontierraaustral.cl\">fcordella@fundaciontierraaustral.cl<\/a><\/p>\n<p>[\/et_pb_text][et_pb_text disabled_on=\u00bboff|off|off\u00bb _builder_version=\u00bb4.27.4&#8243; _module_preset=\u00bbdefault\u00bb text_text_color=\u00bb#000000&#8243; text_line_height=\u00bb1.3em\u00bb global_colors_info=\u00bb{}\u00bb]<\/p>\n<p>Flavia es periodista de la Universidad Cat\u00f3lica y cuenta con m\u00e1s de 10 a\u00f1os de experiencia en medios de comunicaci\u00f3n (CNN, Canal 13 y TVN), comunicaciones estrat\u00e9gicas, gesti\u00f3n de prensa y posicionamiento de marcas. Ha trabajado en sectores p\u00fablico y privado, liderando equipos y desarrollando estrategias que fortalezcan la reputaci\u00f3n y visibilidad de organizaciones. Actualmente se desempe\u00f1a como Communications Specialist en Fundaci\u00f3n Tierra Austral, donde gestiona la comunicaci\u00f3n externa e interna de la organizaci\u00f3n, incluyendo prensa, redes sociales, sitios web y campa\u00f1as de informaci\u00f3n. Tambi\u00e9n ha trabajado en la Subsecretar\u00eda del Trabajo como Jefa de Comunicaciones y hoy cursa un M\u00e1ster de Direcci\u00f3n de Comunicaci\u00f3n Corporativa y Sostenibilidad en la Universidad de Barcelona.<\/p>\n<p>[\/et_pb_text][\/et_pb_column][\/et_pb_row][\/et_pb_section][et_pb_section fb_built=\u00bb1&#8243; admin_label=\u00bbPopup &#8211; #guillermo-donoso\u00bb module_id=\u00bbguillermo-donoso\u00bb module_class=\u00bbpopup\u00bb _builder_version=\u00bb4.27.4&#8243; _module_preset=\u00bbdefault\u00bb max_width=\u00bb1000px\u00bb custom_margin=\u00bb|0px||0px|false|false\u00bb custom_padding=\u00bb0px|0px|0px|0px|false|false\u00bb animation_style=\u00bbslide\u00bb animation_direction=\u00bbright\u00bb da_is_popup=\u00bbon\u00bb da_popup_slug=\u00bbguillermo-donoso\u00bb da_disable_devices=\u00bboff|off|off\u00bb global_colors_info=\u00bb{}\u00bb da_exit_intent=\u00bboff\u00bb da_has_close=\u00bbon\u00bb da_alt_close=\u00bboff\u00bb da_dark_close=\u00bboff\u00bb da_not_modal=\u00bbon\u00bb da_is_singular=\u00bboff\u00bb da_with_loader=\u00bboff\u00bb da_has_shadow=\u00bbon\u00bb][et_pb_row column_structure=\u00bb1_2,1_2&#8243; _builder_version=\u00bb4.27.4&#8243; _module_preset=\u00bbdefault\u00bb width=\u00bb90%\u00bb custom_margin=\u00bb||||false|false\u00bb custom_padding=\u00bb||||false|false\u00bb global_colors_info=\u00bb{}\u00bb][et_pb_column type=\u00bb1_2&#8243; _builder_version=\u00bb4.27.4&#8243; _module_preset=\u00bbdefault\u00bb global_colors_info=\u00bb{}\u00bb][et_pb_image src=\u00bbhttps:\/\/www.fundaciontierraaustral.cl\/nueva\/wp-content\/uploads\/2025\/03\/guillermo-donoso.jpg\u00bb title_text=\u00bbguillermo-donoso\u00bb _builder_version=\u00bb4.27.4&#8243; _module_preset=\u00bbdefault\u00bb border_radii=\u00bbon|10px|10px|10px|10px\u00bb global_colors_info=\u00bb{}\u00bb][\/et_pb_image][\/et_pb_column][et_pb_column type=\u00bb1_2&#8243; _builder_version=\u00bb4.27.4&#8243; _module_preset=\u00bbdefault\u00bb global_colors_info=\u00bb{}\u00bb][et_pb_text _builder_version=\u00bb4.27.4&#8243; _module_preset=\u00bbdefault\u00bb text_font=\u00bb&#8211;et_global_body_font||||||||\u00bb text_text_color=\u00bb#161616&#8243; link_text_color=\u00bb#161616&#8243; header_2_font=\u00bb&#8211;et_global_heading_font||||||||\u00bb header_2_text_color=\u00bb#233428&#8243; header_2_font_size=\u00bb36px\u00bb header_2_line_height=\u00bb1.2em\u00bb header_3_font_size=\u00bb30px\u00bb max_width=\u00bb420px\u00bb custom_margin=\u00bb||15px||false|false\u00bb custom_padding=\u00bb||||false|false\u00bb global_colors_info=\u00bb{}\u00bb]<\/p>\n<h3>Guillermo Donoso<\/h3>\n<p>Tesorero<\/p>\n<p>[\/et_pb_text][et_pb_text disabled_on=\u00bboff|off|off\u00bb _builder_version=\u00bb4.27.4&#8243; _module_preset=\u00bbdefault\u00bb text_text_color=\u00bb#000000&#8243; text_line_height=\u00bb1.3em\u00bb global_colors_info=\u00bb{}\u00bb]<\/p>\n<p>Guillermo es profesor de Econom\u00eda Agropecuaria en la Pontificia Universidad Cat\u00f3lica de Chile. Es un economista ambiental y de recursos naturales que se especializa en econom\u00eda del agua, mecanismos de asignaci\u00f3n de agua y valoraci\u00f3n econ\u00f3mica. Actualmente es miembro de la junta directiva de la Asociaci\u00f3n Internacional de Recursos H\u00eddricos, miembro del comit\u00e9 de gesti\u00f3n del Grupo de Especialistas en Econom\u00eda y Estad\u00edstica del Agua (IWA) y miembro del consejo editorial del Water Economics and Policy Journal. <br \/>Guillermo tambi\u00e9n fue director del Instituto Nacional de Investigaciones Agropecuarias de Chile y Decano de la Facultad de Agricultura y Silvicultura de la Pontificia Universidad Cat\u00f3lica de Chile de 1998 a 2007, y fue director del Departamento de Econom\u00eda Agropecuaria de 1995 a 1998. Guillermo es Ingeniero Agr\u00f3nomo de la Pontificia Universidad Cat\u00f3lica de Chile y Doctor en Econom\u00eda Agr\u00edcola y de Recursos de la Universidad de Maryland.<\/p>\n<p>[\/et_pb_text][\/et_pb_column][\/et_pb_row][\/et_pb_section][et_pb_section fb_built=\u00bb1&#8243; admin_label=\u00bbPopup &#8211; #edmundo-eluchans\u00bb module_id=\u00bbedmundo-eluchans\u00bb module_class=\u00bbpopup\u00bb _builder_version=\u00bb4.27.5&#8243; _module_preset=\u00bbdefault\u00bb max_width=\u00bb1000px\u00bb custom_margin=\u00bb|0px||0px|false|false\u00bb custom_padding=\u00bb0px|0px|0px|0px|false|false\u00bb animation_style=\u00bbslide\u00bb animation_direction=\u00bbright\u00bb da_is_popup=\u00bbon\u00bb da_popup_slug=\u00bbedmundo-eluchans\u00bb da_disable_devices=\u00bboff|off|off\u00bb global_colors_info=\u00bb{}\u00bb da_exit_intent=\u00bboff\u00bb da_has_close=\u00bbon\u00bb da_alt_close=\u00bboff\u00bb da_dark_close=\u00bboff\u00bb da_not_modal=\u00bbon\u00bb da_is_singular=\u00bboff\u00bb da_with_loader=\u00bboff\u00bb da_has_shadow=\u00bbon\u00bb][et_pb_row column_structure=\u00bb1_2,1_2&#8243; _builder_version=\u00bb4.27.4&#8243; _module_preset=\u00bbdefault\u00bb width=\u00bb90%\u00bb custom_margin=\u00bb||||false|false\u00bb custom_padding=\u00bb||||false|false\u00bb global_colors_info=\u00bb{}\u00bb][et_pb_column type=\u00bb1_2&#8243; _builder_version=\u00bb4.27.4&#8243; _module_preset=\u00bbdefault\u00bb global_colors_info=\u00bb{}\u00bb][et_pb_image src=\u00bbhttps:\/\/www.fundaciontierraaustral.cl\/nueva\/wp-content\/uploads\/2026\/02\/EE-800&#215;1000-1.jpg\u00bb title_text=\u00bbEE-800&#215;1000&#8243; _builder_version=\u00bb4.27.5&#8243; _module_preset=\u00bbdefault\u00bb border_radii=\u00bbon|10px|10px|10px|10px\u00bb global_colors_info=\u00bb{}\u00bb][\/et_pb_image][\/et_pb_column][et_pb_column type=\u00bb1_2&#8243; _builder_version=\u00bb4.27.4&#8243; _module_preset=\u00bbdefault\u00bb global_colors_info=\u00bb{}\u00bb][et_pb_text _builder_version=\u00bb4.27.5&#8243; _module_preset=\u00bbdefault\u00bb text_font=\u00bb&#8211;et_global_body_font||||||||\u00bb text_text_color=\u00bb#161616&#8243; link_text_color=\u00bb#161616&#8243; header_2_font=\u00bb&#8211;et_global_heading_font||||||||\u00bb header_2_text_color=\u00bb#233428&#8243; header_2_font_size=\u00bb36px\u00bb header_2_line_height=\u00bb1.2em\u00bb header_3_font_size=\u00bb30px\u00bb max_width=\u00bb420px\u00bb custom_margin=\u00bb||15px||false|false\u00bb custom_padding=\u00bb||||false|false\u00bb global_colors_info=\u00bb{}\u00bb]<\/p>\n<h3>Edmundo Eluchans<\/h3>\n<p>Director<\/p>\n<p>[\/et_pb_text][et_pb_text disabled_on=\u00bboff|off|off\u00bb _builder_version=\u00bb4.27.5&#8243; _module_preset=\u00bbdefault\u00bb text_text_color=\u00bb#000000&#8243; text_line_height=\u00bb1.3em\u00bb hover_enabled=\u00bb0&#8243; global_colors_info=\u00bb{}\u00bb sticky_enabled=\u00bb0&#8243;]<\/p>\n<p>Edmundo es abogado de la Pontificia Universidad Cat\u00f3lica de Chile. Cuenta con larga experiencia profesional en \u00e1reas de derecho civil, derecho comercial y en todos los \u00e1mbitos vinculados a la atenci\u00f3n de empresas. Es \u00e1rbitro privado y juez del Centro de Arbitraje y Mediaci\u00f3n de la C\u00e1mara de Comercio de Santiago.<br \/>A lo largo de su carrera, es y ha sido director de bancos y empresas industriales y comerciales, de diversas fundaciones dedicadas a la promoci\u00f3n de la educaci\u00f3n, el arte y la cultura, al an\u00e1lisis y estudio de pol\u00edticas p\u00fablicas.<br \/>Edmundo tambi\u00e9n ha cumplido tareas p\u00fablicas como Diputado en el Congreso Nacional, por dos per\u00edodos (2005-2009 y 2009-2013), siendo presidente de la C\u00e1mara de Diputados de Chile (2012-2013) y adem\u00e1s fue consejero Constitucional y presidente de la Comisi\u00f3n de Sistema Pol\u00edtico de dicho Consejo durante el proceso del a\u00f1o 2023. Como Diputado fue uno de los patrocinantes de la Ley del Derecho Real de Conservaci\u00f3n y un activo promotor de ella en el Congreso Nacional.<\/p>\n<p>[\/et_pb_text][\/et_pb_column][\/et_pb_row][\/et_pb_section][et_pb_section fb_built=\u00bb1&#8243; admin_label=\u00bbPopup &#8211; #michael-grasty\u00bb module_id=\u00bbmichael-grasty\u00bb module_class=\u00bbpopup\u00bb _builder_version=\u00bb4.27.4&#8243; _module_preset=\u00bbdefault\u00bb max_width=\u00bb1000px\u00bb custom_margin=\u00bb|0px||0px|false|false\u00bb custom_padding=\u00bb0px|0px|0px|0px|false|false\u00bb animation_style=\u00bbslide\u00bb animation_direction=\u00bbright\u00bb da_is_popup=\u00bbon\u00bb da_popup_slug=\u00bbmichael-grasty\u00bb da_disable_devices=\u00bboff|off|off\u00bb global_colors_info=\u00bb{}\u00bb da_exit_intent=\u00bboff\u00bb da_has_close=\u00bbon\u00bb da_alt_close=\u00bboff\u00bb da_dark_close=\u00bboff\u00bb da_not_modal=\u00bbon\u00bb da_is_singular=\u00bboff\u00bb da_with_loader=\u00bboff\u00bb da_has_shadow=\u00bbon\u00bb][et_pb_row column_structure=\u00bb1_2,1_2&#8243; _builder_version=\u00bb4.27.4&#8243; _module_preset=\u00bbdefault\u00bb width=\u00bb90%\u00bb custom_margin=\u00bb||||false|false\u00bb custom_padding=\u00bb||||false|false\u00bb global_colors_info=\u00bb{}\u00bb][et_pb_column type=\u00bb1_2&#8243; _builder_version=\u00bb4.27.4&#8243; _module_preset=\u00bbdefault\u00bb global_colors_info=\u00bb{}\u00bb][et_pb_image src=\u00bbhttps:\/\/www.fundaciontierraaustral.cl\/nueva\/wp-content\/uploads\/2025\/02\/michael-grasty-fundacion-tierra-austral.jpg\u00bb _builder_version=\u00bb4.27.4&#8243; _module_preset=\u00bbdefault\u00bb border_radii=\u00bbon|10px|10px|10px|10px\u00bb global_colors_info=\u00bb{}\u00bb][\/et_pb_image][\/et_pb_column][et_pb_column type=\u00bb1_2&#8243; _builder_version=\u00bb4.27.4&#8243; _module_preset=\u00bbdefault\u00bb global_colors_info=\u00bb{}\u00bb][et_pb_text _builder_version=\u00bb4.27.4&#8243; _module_preset=\u00bbdefault\u00bb text_font=\u00bb&#8211;et_global_body_font||||||||\u00bb text_text_color=\u00bb#161616&#8243; link_text_color=\u00bb#161616&#8243; header_2_font=\u00bb&#8211;et_global_heading_font||||||||\u00bb header_2_text_color=\u00bb#233428&#8243; header_2_font_size=\u00bb36px\u00bb header_2_line_height=\u00bb1.2em\u00bb header_3_font_size=\u00bb30px\u00bb max_width=\u00bb420px\u00bb custom_margin=\u00bb||15px||false|false\u00bb custom_padding=\u00bb||||false|false\u00bb global_colors_info=\u00bb{}\u00bb]<\/p>\n<h3>Michael Grasty<\/h3>\n<p>Presidente<\/p>\n<p>[\/et_pb_text][et_pb_text disabled_on=\u00bboff|off|off\u00bb _builder_version=\u00bb4.27.4&#8243; _module_preset=\u00bbdefault\u00bb text_text_color=\u00bb#000000&#8243; text_line_height=\u00bb1.3em\u00bb global_colors_info=\u00bb{}\u00bb]<\/p>\n<p>Michael es socio fundador del estudio de abogados Grasty Quintana Majlis &amp; C\u00eda. Ltda. Asesora a clientes nacionales e internacionales en una variedad de campos, incluyendo software, telecomunicaciones, energ\u00eda, retail, salmonicultura, miner\u00eda, entre otros. Fue director y presidente (2005-2007) de la C\u00e1mara Chileno Americana de Comercio (AMCHAM). Tambi\u00e9n ejerci\u00f3 como responsable del Comit\u00e9 que organiz\u00f3 el concurso internacional de derecho internacional \u00abPhilip C. Jessup Moot Court Competition\u00bb. Las numerosas asociaciones profesionales y roles de liderazgo de Michael reflejan sus fuertes intereses en las mejores pr\u00e1cticas legales, la conservaci\u00f3n del medio ambiente a nivel nacional y mundial, la educaci\u00f3n y los deportes. <br \/>Es miembro de los Colegios de Abogados de Chile; de la International Bar Association (IBA); de la Rocky Mountain Mineral Law Foundation; del International Academy of Estate and Trust Law; y del C\u00edrculo Legal de Icare. Adem\u00e1s, es Consejero de la Fundaci\u00f3n Pro Bono; Consultor del Consejo Chile California; Consejero del Programa Beachheads de New Zealand Trade and Enterprise; Consejero de la Red de Alta Direcci\u00f3n de la Universidad del Desarrollo; Director de Fundaci\u00f3n Pa\u00eds Digital; Director de BanTattersall; Sparta Deportes, Discovery Air Inc., Tattersall Leasing, Corso Inversiones, Fundaci\u00f3n Meri y Presidente de David del Curto.<\/p>\n<p>[\/et_pb_text][\/et_pb_column][\/et_pb_row][\/et_pb_section][et_pb_section fb_built=\u00bb1&#8243; admin_label=\u00bbPopup &#8211; #marcela-renteria\u00bb module_id=\u00bbmarcela-renteria\u00bb module_class=\u00bbpopup\u00bb _builder_version=\u00bb4.27.4&#8243; _module_preset=\u00bbdefault\u00bb max_width=\u00bb1000px\u00bb custom_margin=\u00bb|0px||0px|false|false\u00bb custom_padding=\u00bb0px|0px|0px|0px|false|false\u00bb animation_style=\u00bbslide\u00bb animation_direction=\u00bbright\u00bb da_is_popup=\u00bbon\u00bb da_popup_slug=\u00bbmarcela-renteria\u00bb da_disable_devices=\u00bboff|off|off\u00bb global_colors_info=\u00bb{}\u00bb da_exit_intent=\u00bboff\u00bb da_has_close=\u00bbon\u00bb da_alt_close=\u00bboff\u00bb da_dark_close=\u00bboff\u00bb da_not_modal=\u00bbon\u00bb da_is_singular=\u00bboff\u00bb da_with_loader=\u00bboff\u00bb da_has_shadow=\u00bbon\u00bb][et_pb_row column_structure=\u00bb1_2,1_2&#8243; _builder_version=\u00bb4.27.4&#8243; _module_preset=\u00bbdefault\u00bb width=\u00bb90%\u00bb custom_margin=\u00bb||||false|false\u00bb custom_padding=\u00bb||||false|false\u00bb global_colors_info=\u00bb{}\u00bb][et_pb_column type=\u00bb1_2&#8243; _builder_version=\u00bb4.27.4&#8243; _module_preset=\u00bbdefault\u00bb global_colors_info=\u00bb{}\u00bb][et_pb_image src=\u00bbhttps:\/\/www.fundaciontierraaustral.cl\/nueva\/wp-content\/uploads\/2025\/03\/marcela-renteria.jpg\u00bb title_text=\u00bbmarcela-renteria\u00bb _builder_version=\u00bb4.27.4&#8243; _module_preset=\u00bbdefault\u00bb border_radii=\u00bbon|10px|10px|10px|10px\u00bb global_colors_info=\u00bb{}\u00bb][\/et_pb_image][\/et_pb_column][et_pb_column type=\u00bb1_2&#8243; _builder_version=\u00bb4.27.4&#8243; _module_preset=\u00bbdefault\u00bb global_colors_info=\u00bb{}\u00bb][et_pb_text _builder_version=\u00bb4.27.4&#8243; _module_preset=\u00bbdefault\u00bb text_font=\u00bb&#8211;et_global_body_font||||||||\u00bb text_text_color=\u00bb#161616&#8243; link_text_color=\u00bb#161616&#8243; header_2_font=\u00bb&#8211;et_global_heading_font||||||||\u00bb header_2_text_color=\u00bb#233428&#8243; header_2_font_size=\u00bb36px\u00bb header_2_line_height=\u00bb1.2em\u00bb header_3_font_size=\u00bb30px\u00bb max_width=\u00bb420px\u00bb custom_margin=\u00bb||15px||false|false\u00bb custom_padding=\u00bb||||false|false\u00bb global_colors_info=\u00bb{}\u00bb]<\/p>\n<h3>Marcela Renter\u00eda<\/h3>\n<p>Secretaria<\/p>\n<p>[\/et_pb_text][et_pb_text disabled_on=\u00bboff|off|off\u00bb _builder_version=\u00bb4.27.4&#8243; _module_preset=\u00bbdefault\u00bb text_text_color=\u00bb#000000&#8243; text_line_height=\u00bb1.3em\u00bb global_colors_info=\u00bb{}\u00bb]<\/p>\n<p>Marcela es la Directora Ejecutiva de la Oficina Regional de Chile del Centro David Rockefeller de Estudios Latinoamericanos de la Universidad de Harvard. Ha trabajado en la Universidad de Harvard durante m\u00e1s de 15 a\u00f1os, centr\u00e1ndose en los esfuerzos globales de educaci\u00f3n e innovaci\u00f3n en Am\u00e9rica Latina. Tambi\u00e9n es cofundadora y l\u00edder de la iniciativa Recupera Chile de la Universidad de Harvard, un proyecto multidisciplinario centrado en la recuperaci\u00f3n posterior a desastres en comunidades afectadas por el terremoto y tsunami de febrero de 2010. <br \/>Marcela es miembro del Directorio de Am\u00e9rica Solidaria y forma parte del Consejo Asesor de la Corporaci\u00f3n Amigos de los Parques de la Patagonia en Chile. Marcela tiene una Maestr\u00eda en Relaciones Interculturales de la Universidad de Lesley en Boston, y una Licenciatura en Comunicaci\u00f3n de Masas de la Pontificia Universidad Javierana de Bogot\u00e1, Colombia.<\/p>\n<p>[\/et_pb_text][\/et_pb_column][\/et_pb_row][\/et_pb_section][et_pb_section fb_built=\u00bb1&#8243; admin_label=\u00bbPopup &#8211; #rand-wentworth\u00bb module_id=\u00bbrand-wentworth\u00bb module_class=\u00bbpopup\u00bb _builder_version=\u00bb4.27.4&#8243; _module_preset=\u00bbdefault\u00bb max_width=\u00bb1000px\u00bb custom_margin=\u00bb|0px||0px|false|false\u00bb custom_padding=\u00bb0px|0px|0px|0px|false|false\u00bb animation_style=\u00bbslide\u00bb animation_direction=\u00bbright\u00bb da_is_popup=\u00bbon\u00bb da_popup_slug=\u00bbrand-wentworth\u00bb da_disable_devices=\u00bboff|off|off\u00bb global_colors_info=\u00bb{}\u00bb da_exit_intent=\u00bboff\u00bb da_has_close=\u00bbon\u00bb da_alt_close=\u00bboff\u00bb da_dark_close=\u00bboff\u00bb da_not_modal=\u00bbon\u00bb da_is_singular=\u00bboff\u00bb da_with_loader=\u00bboff\u00bb da_has_shadow=\u00bbon\u00bb][et_pb_row column_structure=\u00bb1_2,1_2&#8243; _builder_version=\u00bb4.27.4&#8243; _module_preset=\u00bbdefault\u00bb width=\u00bb90%\u00bb custom_margin=\u00bb||||false|false\u00bb custom_padding=\u00bb||||false|false\u00bb global_colors_info=\u00bb{}\u00bb][et_pb_column type=\u00bb1_2&#8243; _builder_version=\u00bb4.27.4&#8243; _module_preset=\u00bbdefault\u00bb global_colors_info=\u00bb{}\u00bb][et_pb_image src=\u00bbhttps:\/\/www.fundaciontierraaustral.cl\/nueva\/wp-content\/uploads\/2025\/02\/rand-wentworth-fundacion-tierra-austral.jpg\u00bb _builder_version=\u00bb4.27.4&#8243; _module_preset=\u00bbdefault\u00bb border_radii=\u00bbon|10px|10px|10px|10px\u00bb global_colors_info=\u00bb{}\u00bb][\/et_pb_image][\/et_pb_column][et_pb_column type=\u00bb1_2&#8243; _builder_version=\u00bb4.27.4&#8243; _module_preset=\u00bbdefault\u00bb global_colors_info=\u00bb{}\u00bb][et_pb_text _builder_version=\u00bb4.27.4&#8243; _module_preset=\u00bbdefault\u00bb text_font=\u00bb&#8211;et_global_body_font||||||||\u00bb text_text_color=\u00bb#161616&#8243; link_text_color=\u00bb#161616&#8243; header_2_font=\u00bb&#8211;et_global_heading_font||||||||\u00bb header_2_text_color=\u00bb#233428&#8243; header_2_font_size=\u00bb36px\u00bb header_2_line_height=\u00bb1.2em\u00bb header_3_font_size=\u00bb30px\u00bb max_width=\u00bb420px\u00bb custom_margin=\u00bb||15px||false|false\u00bb custom_padding=\u00bb||||false|false\u00bb global_colors_info=\u00bb{}\u00bb]<\/p>\n<h3>Rand Wentworth<\/h3>\n<p>Director<\/p>\n<p>[\/et_pb_text][et_pb_text disabled_on=\u00bboff|off|off\u00bb _builder_version=\u00bb4.27.4&#8243; _module_preset=\u00bbdefault\u00bb text_text_color=\u00bb#000000&#8243; text_line_height=\u00bb1.3em\u00bb global_colors_info=\u00bb{}\u00bb]<\/p>\n<p>Rand es Louis Bacon Senior Fellow en Liderazgo Ambiental en la Escuela de Gobierno John F. Kennedy de la Universidad de Harvard, y profesor adjunto de Pol\u00edticas P\u00fablicas y miembro de la facultad de Senior Executive Fellows en Harvard Kennedy School. Tambi\u00e9n se desempe\u00f1a como presidente em\u00e9rito de Land Trust Alliance, una organizaci\u00f3n nacional de conservaci\u00f3n con sede en Washington, DC que se desempe\u00f1a como l\u00edder de 1100 fideicomisos de tierras con 8,000 empleados, 16,000 miembros de la junta y 4.6 millones de miembros. Se desempe\u00f1\u00f3 como presidente de 2002 a 2016 y es ampliamente reconocido por expandir el ritmo y la calidad de la conservaci\u00f3n de la tierra en Estados Unidos. Rand ha testificado ante el Congreso tres veces y encabez\u00f3 una coalici\u00f3n que obtuvo apoyo bipartidista en el Congreso para un proyecto de ley que ampli\u00f3 dr\u00e1sticamente los incentivos fiscales para las donaciones de servidumbres de conservaci\u00f3n.<\/p>\n<p>Durante su liderazgo, los fideicomisos de tierras duplicaron el ritmo anual de conservaci\u00f3n en Estados Unidos y ahora han protegido m\u00e1s de 56 millones de acres. Durante su tiempo como presidente, Land Trust Alliance cre\u00f3 un sistema nacional de acreditaci\u00f3n; construy\u00f3 una universidad virtual para la capacitaci\u00f3n en conservaci\u00f3n de tierras de 5000 personas cada a\u00f1o; y Terrafirma, un servicio de seguros innovador que financia los costos legales de defender las tierras conservadas de un desaf\u00edo legal. Antes de unirse a Land Trust Alliance, Rand se desempe\u00f1\u00f3 como vicepresidente y director fundador de la oficina de Atlanta de Trust for Public Land. Rand se gradu\u00f3 de la Universidad de Yale y tiene un MBA en finanzas de la Universidad de Cornell.<\/p>\n<p>[\/et_pb_text][\/et_pb_column][\/et_pb_row][\/et_pb_section]<\/p>\n","protected":false},"excerpt":{"rendered":"<p>[et_pb_section fb_built=\u00bb1&#8243; custom_padding_last_edited=\u00bbon|phone\u00bb admin_label=\u00bbSection\u00bb _builder_version=\u00bb4.27.4&#8243; _module_preset=\u00bbdefault\u00bb background_image=\u00bbhttps:\/\/www.fundaciontierraaustral.cl\/nueva\/wp-content\/uploads\/2025\/04\/protegiendo-el-patrimonio3.jpg\u00bb parallax=\u00bbon\u00bb custom_margin=\u00bb||||false|false\u00bb custom_margin_tablet=\u00bb||||false|false\u00bb custom_margin_phone=\u00bb60px||||false|false\u00bb custom_margin_last_edited=\u00bbon|phone\u00bb custom_padding=\u00bb150px||150px||false|false\u00bb custom_padding_tablet=\u00bb150px||150px||false|false\u00bb custom_padding_phone=\u00bb50px||50px||false|false\u00bb background_last_edited=\u00bbon|phone\u00bb background_image_phone=\u00bbhttps:\/\/www.fundaciontierraaustral.cl\/nueva\/wp-content\/uploads\/2025\/04\/protegiendo-el-patrimonio3.jpg\u00bb background_enable_image_phone=\u00bbon\u00bb parallax_phone=\u00bboff\u00bb background_position_phone=\u00bbtop_right\u00bb da_disable_devices=\u00bboff|off|off\u00bb global_colors_info=\u00bb{}\u00bb da_is_popup=\u00bboff\u00bb da_exit_intent=\u00bboff\u00bb da_has_close=\u00bbon\u00bb da_alt_close=\u00bboff\u00bb da_dark_close=\u00bboff\u00bb da_not_modal=\u00bbon\u00bb da_is_singular=\u00bboff\u00bb da_with_loader=\u00bboff\u00bb da_has_shadow=\u00bbon\u00bb][et_pb_row _builder_version=\u00bb4.27.4&#8243; _module_preset=\u00bbdefault\u00bb custom_margin=\u00bb||||false|false\u00bb sticky_limit_bottom=\u00bbsection\u00bb global_colors_info=\u00bb{}\u00bb][et_pb_column type=\u00bb4_4&#8243; _builder_version=\u00bb4.27.4&#8243; _module_preset=\u00bbdefault\u00bb global_colors_info=\u00bb{}\u00bb][et_pb_text _builder_version=\u00bb4.27.4&#8243; _module_preset=\u00bbdefault\u00bb header_text_align=\u00bbcenter\u00bb header_text_color=\u00bb#FFFFFF\u00bb header_font_size=\u00bb46px\u00bb background_enable_image=\u00bboff\u00bb max_width=\u00bb440px\u00bb module_alignment=\u00bbcenter\u00bb header_font_size_tablet=\u00bb46px\u00bb header_font_size_phone=\u00bb32px\u00bb header_font_size_last_edited=\u00bbon|phone\u00bb global_colors_info=\u00bb{}\u00bb] Protegiendo el patrimonio [&hellip;]<\/p>\n","protected":false},"author":1,"featured_media":0,"parent":0,"menu_order":0,"comment_status":"closed","ping_status":"closed","template":"","meta":{"_et_pb_use_builder":"on","_et_pb_old_content":"<!-- wp:divi\/placeholder \/-->","_et_gb_content_width":"","inline_featured_image":false,"footnotes":""},"class_list":["post-250010","page","type-page","status-publish","hentry"],"_links":{"self":[{"href":"https:\/\/www.fundaciontierraaustral.cl\/eng\/wp-json\/wp\/v2\/pages\/250010","targetHints":{"allow":["GET"]}}],"collection":[{"href":"https:\/\/www.fundaciontierraaustral.cl\/eng\/wp-json\/wp\/v2\/pages"}],"about":[{"href":"https:\/\/www.fundaciontierraaustral.cl\/eng\/wp-json\/wp\/v2\/types\/page"}],"author":[{"embeddable":true,"href":"https:\/\/www.fundaciontierraaustral.cl\/eng\/wp-json\/wp\/v2\/users\/1"}],"replies":[{"embeddable":true,"href":"https:\/\/www.fundaciontierraaustral.cl\/eng\/wp-json\/wp\/v2\/comments?post=250010"}],"version-history":[{"count":107,"href":"https:\/\/www.fundaciontierraaustral.cl\/eng\/wp-json\/wp\/v2\/pages\/250010\/revisions"}],"predecessor-version":[{"id":254127,"href":"https:\/\/www.fundaciontierraaustral.cl\/eng\/wp-json\/wp\/v2\/pages\/250010\/revisions\/254127"}],"wp:attachment":[{"href":"https:\/\/www.fundaciontierraaustral.cl\/eng\/wp-json\/wp\/v2\/media?parent=250010"}],"curies":[{"name":"wp","href":"https:\/\/api.w.org\/{rel}","templated":true}]}}